{"version":"1.0","provider_name":"NO+BL kancel\u00e1\u0159sk\u00fd n\u00e1bytek a kancel\u00e1\u0159sk\u00e9 \u017eidle Praha","provider_url":"https:\/\/nobl.cz\/kancelarsky-nabytek","title":"V\u00fd\u0161kov\u011b nastaviteln\u00e9 stoly - Nov\u00fd trend v ergonometrii modern\u00ed kancel\u00e1\u0159e \u010di pracovny - NO+BL kancel\u00e1\u0159sk\u00fd n\u00e1bytek a kancel\u00e1\u0159sk\u00e9 \u017eidle Praha","type":"rich","width":600,"height":338,"html":"<blockquote class=\"wp-embedded-content\" data-secret=\"xvseNErT2k\"><a href=\"https:\/\/nobl.cz\/kancelarsky-nabytek\/vyskove-nastavitelne-stoly-novy-trend-ergonometrii-kancelare\/\">V\u00fd\u0161kov\u011b nastaviteln\u00e9 stoly &#8211; Nov\u00fd trend v ergonometrii modern\u00ed kancel\u00e1\u0159e \u010di pracovny<\/a><\/blockquote><iframe sandbox=\"allow-scripts\" security=\"restricted\" src=\"https:\/\/nobl.cz\/kancelarsky-nabytek\/vyskove-nastavitelne-stoly-novy-trend-ergonometrii-kancelare\/embed\/#?secret=xvseNErT2k\" width=\"600\" height=\"338\" title=\"&#8222;V\u00fd\u0161kov\u011b nastaviteln\u00e9 stoly &#8211; Nov\u00fd trend v ergonometrii modern\u00ed kancel\u00e1\u0159e \u010di pracovny&#8220; &#8212; NO+BL kancel\u00e1\u0159sk\u00fd n\u00e1bytek a kancel\u00e1\u0159sk\u00e9 \u017eidle Praha\" data-secret=\"xvseNErT2k\" frameborder=\"0\" marginwidth=\"0\" marginheight=\"0\" scrolling=\"no\" class=\"wp-embedded-content\"><\/iframe><script type=\"text\/javascript\">\n\/* <![CDATA[ *\/\n\/*! This file is auto-generated *\/\n!function(d,l){\"use strict\";l.querySelector&&d.addEventListener&&\"undefined\"!=typeof URL&&(d.wp=d.wp||{},d.wp.receiveEmbedMessage||(d.wp.receiveEmbedMessage=function(e){var t=e.data;if((t||t.secret||t.message||t.value)&&!\/[^a-zA-Z0-9]\/.test(t.secret)){for(var s,r,n,a=l.querySelectorAll('iframe[data-secret=\"'+t.secret+'\"]'),o=l.querySelectorAll('blockquote[data-secret=\"'+t.secret+'\"]'),c=new RegExp(\"^https?:$\",\"i\"),i=0;i<o.length;i++)o[i].style.display=\"none\";for(i=0;i<a.length;i++)s=a[i],e.source===s.contentWindow&&(s.removeAttribute(\"style\"),\"height\"===t.message?(1e3<(r=parseInt(t.value,10))?r=1e3:~~r<200&&(r=200),s.height=r):\"link\"===t.message&&(r=new URL(s.getAttribute(\"src\")),n=new URL(t.value),c.test(n.protocol))&&n.host===r.host&&l.activeElement===s&&(d.top.location.href=t.value))}},d.addEventListener(\"message\",d.wp.receiveEmbedMessage,!1),l.addEventListener(\"DOMContentLoaded\",function(){for(var e,t,s=l.querySelectorAll(\"iframe.wp-embedded-content\"),r=0;r<s.length;r++)(t=(e=s[r]).getAttribute(\"data-secret\"))||(t=Math.random().toString(36).substring(2,12),e.src+=\"#?secret=\"+t,e.setAttribute(\"data-secret\",t)),e.contentWindow.postMessage({message:\"ready\",secret:t},\"*\")},!1)))}(window,document);\n\/* ]]> *\/\n<\/script>\n","thumbnail_url":"https:\/\/nobl.cz\/kancelarsky-nabytek\/wp-content\/uploads\/2018\/02\/Ergo-W-Dynamic-XL.png","thumbnail_width":"1024","thumbnail_height":"853","description":"Chcete, aby se Va\u0161i zam\u011bstnanci v dosavadn\u00edch firemn\u00edch prostor\u00e1ch c\u00edtili op\u011bt spokojen\u00ed a jejich produktivita odpov\u00eddala Va\u0161im p\u0159edstav\u00e1m? Zamyslete se nad v\u00fdm\u011bnou pevn\u00fdch pracovn\u00edch stol\u016f za v\u00fd\u0161kov\u00e9 nastaviteln\u00e9. P\u0159i dlouh\u00e9m a strnul\u00e9m sezen\u00ed je extr\u00e9mn\u011b zat\u011b\u017eov\u00e1na p\u00e1te\u0159 a loketn\u00ed klouby. Z t\u011bchto jednostrann\u00fdch zat\u00ed\u017een\u00ed vznikaj\u00ed r\u016fzn\u00e9 fyzick\u00e9 i psychick\u00e9 pot\u00ed\u017ee. P\u0159itom sta\u010d\u00ed b\u011bhem dne m\u011bnit [&hellip;]"}