{"id":4932,"date":"2016-05-05T13:10:26","date_gmt":"2016-05-05T12:10:26","guid":{"rendered":"http:\/\/nobl.cz\/kancelarsky-nabytek\/?page_id=4932"},"modified":"2021-08-03T11:16:58","modified_gmt":"2021-08-03T10:16:58","slug":"kancelarsky-nabytek-vasa","status":"publish","type":"page","link":"https:\/\/nobl.cz\/kancelarsky-nabytek\/sortiment\/ostatni\/kancelarsky-nabytek-vasa\/","title":{"rendered":"Kancel\u00e1\u0159sk\u00fd n\u00e1bytek VASA"},"content":{"rendered":"<h3 class=\"section-title clearfix title_bold \"><span>Kancel\u00e1\u0159sk\u00fd n\u00e1bytek VASA<\/span>  <\/h3><!-- end section_title -->\n\t<div  class=\"row container \">\n<h3><strong><em>N\u00e1bytek VASA spol. s r.o. je jedin\u00e1 firma, kter\u00e1 vlastn\u00ed technologii ergonomick\u00e9 polyuretanov\u00e9 hrany (PUR) stolov\u00fdch pl\u00e1t\u016f, kterou sami vyvinuli.<\/em><\/strong><\/h3>\n<p>Od roku 1993 se specializuje na v\u00fdrobu kancel\u00e1\u0159sk\u00e9ho n\u00e1bytku a za\u0159\u00edzen\u00ed ve\u0159ejn\u00fdch interi\u00e9ru. Zab\u00fdv\u00e1 se i v\u00fdrobou n\u00e1bytku bytov\u00e9ho jako jsou vestavn\u00e9 sk\u0159\u00edn\u011b a kuchy\u0148sk\u00e9 sestavy.<\/p>\n<p>Vyr\u00e1b\u00ed i s\u00e9riov\u00fd n\u00e1bytek pomoc\u00ed CNC stroj\u016f. N\u011bkter\u00e9 \u010d\u00e1sti proto m\u00e1 k dispozici do 48 hodin. V\u00fdroba dal\u0161\u00edch komponent z\u00e1le\u017e\u00ed v\u017edy na va\u0161em zad\u00e1n\u00ed. Standardn\u00ed sortiment vyrob\u00ed do 14 dn\u016f.<\/p>\n<p><span data-scayt_word=\"N\u00e1bytek\" data-scaytid=\"7\">Z\u00e1kladn\u00edm materi\u00e1lem pro v\u00fdrobu n\u00e1bytku jsou laminovan\u00e9 d\u0159evot\u0159\u00edskov\u00e9 desky.<\/span><\/p>\n<p>Spole\u010dnost\u00a0<span data-scayt_word=\"N\u00e1bytek\" data-scaytid=\"9\">N\u00e1bytek<\/span>\u00a0VASA\u00a0<span data-scayt_word=\"spol\" data-scaytid=\"15\">spol<\/span>. s\u00a0<span data-scayt_word=\"r.o\" data-scaytid=\"3\">r.o<\/span>. je certifikov\u00e1na dle norem ISO 9001:2015 (Syst\u00e9m \u0159\u00edzen\u00ed jakosti) a\u00a0EN ISO 14001:2015 (Syst\u00e9m environment\u00e1ln\u00edho managementu).<\/p>\n<p>Pou\u017e\u00edvan\u00e9 materi\u00e1ly jsou ekologicky recyklovateln\u00e9 a\u00a0p\u0159isp\u00edvaj\u00ed tak ke zdrav\u011bj\u0161\u00edmu \u017eivotn\u00edmu prost\u0159ed\u00ed.<\/p>\n<p><strong><span data-scayt_word=\"Na\" data-scaytid=\"95\">Na<\/span>\u00a0ve\u0161ker\u00e9 produkty <span data-scayt_word=\"N\u00e1bytek\" data-scaytid=\"9\">N\u00e1bytek<\/span>\u00a0VASA\u00a0<span data-scayt_word=\"spol\" data-scaytid=\"15\">spol<\/span>. s\u00a0<span data-scayt_word=\"r.o\" data-scaytid=\"3\">r.o<\/span>. poskytujeme z\u00e1ruku 60 m\u011bs\u00edc\u016f\u00a0<span data-scayt_word=\"od\" data-scaytid=\"105\">od<\/span>\u00a0doby dod\u00e1n\u00ed.<\/strong><\/p>\n<\/div>\n  \n\t<div  class=\"row container \">\n<div class=\"small-12    large-4  columns   \"  ><div class=\"column-inner\"  >\n<h3><a href=\"http:\/\/nobl.cz\/kancelarsky-nabytek\/sortiment\/ostatni\/kancelarsky-nabytek-vasa\/eco\/\">Stolov\u00e1 \u0159ada ECO<\/a><\/h3>\n   <div id=\"banner_108296031\" class=\"ux_banner dark    hover_zoom\"  style=\"height:300px; \" data-height=\"300px\" role=\"banner\">\n      <a href=\"\/\/nobl.cz\/kancelarsky-nabytek\/sortiment\/ostatni\/kancelarsky-nabytek-vasa\/eco\/\" >                            <div class=\"banner-bg \"  style=\"background-image:url('https:\/\/nobl.cz\/kancelarsky-nabytek\/wp-content\/uploads\/2020\/11\/1920x1080_1495467864.903_5113-vasa_eco_07.jpg'); \"><img decoding=\"async\" src=\"https:\/\/nobl.cz\/kancelarsky-nabytek\/wp-content\/uploads\/2020\/11\/1920x1080_1495467864.903_5113-vasa_eco_07.jpg\"  alt=\"\" style=\"visibility:hidden;\" \/><\/div>\n                             <div class=\"row\" >\n          <div class=\"inner center text-center \"  style=\"width:90%;\">\n            <div class=\"inner-wrap animated fadeIn\" style=\" \">\n                          <\/div>\n          <\/div>  \n        <\/div>\n       <\/a>              <\/div><!-- end .ux_banner -->\n\n<p>\u0158ada <strong>Eco<\/strong>, to je cenov\u011b dostupn\u00fd stolov\u00fd a konferen\u010dn\u00ed syst\u00e9m p\u0159edstavovan\u00fd klasickou deskovou podno\u017e\u00ed s lubem.<\/p>\n<\/div><\/div>\n<div class=\"small-12    large-4  columns   \"  ><div class=\"column-inner\"  >\n<h3><a href=\"http:\/\/nobl.cz\/kancelarsky-nabytek\/sortiment\/ostatni\/kancelarsky-nabytek-vasa\/classic\/\">Stolov\u00e1 \u0159ada CLASSIC<\/a><\/h3>\n   <div id=\"banner_286187412\" class=\"ux_banner dark    hover_zoom\"  style=\"height:300px; \" data-height=\"300px\" role=\"banner\">\n      <a href=\"http:\/\/nobl.cz\/kancelarsky-nabytek\/sortiment\/ostatni\/kancelarsky-nabytek-vasa\/classic\/\" >                            <div class=\"banner-bg \"  style=\"background-image:url('https:\/\/nobl.cz\/kancelarsky-nabytek\/wp-content\/uploads\/2016\/05\/CLASSIC_04.jpg'); \"><img decoding=\"async\" src=\"https:\/\/nobl.cz\/kancelarsky-nabytek\/wp-content\/uploads\/2016\/05\/CLASSIC_04.jpg\"  alt=\"\" style=\"visibility:hidden;\" \/><\/div>\n                             <div class=\"row\" >\n          <div class=\"inner center text-center \"  style=\"width:90%;\">\n            <div class=\"inner-wrap animated fadeIn\" style=\" \">\n                          <\/div>\n          <\/div>  \n        <\/div>\n       <\/a>              <\/div><!-- end .ux_banner -->\n\n<p>Stolov\u00e1 \u0159ada <strong>Classic<\/strong> se vyzna\u010duje klasick\u00fdm pevn\u00fdm kovov\u00fdm podno\u017e\u00edm u pracovn\u00edch stol\u016f, dopln\u011bn\u00fdm pracovn\u00edmi deskami s\u00a0klasickou ABS hranou nebo speci\u00e1ln\u00ed litou polyuretanovou (PUR) hranou.<\/p>\n<\/div><\/div>\n<div class=\"small-12    large-4  columns   \"  ><div class=\"column-inner\"  >\n<h3><a href=\"https:\/\/nobl.cz\/kancelarsky-nabytek\/sortiment\/ostatni\/kancelarsky-nabytek-vasa\/ergo\/\">Stolov\u00e1 \u0159ada ERGO<\/a><\/h3>\n   <div id=\"banner_2101730597\" class=\"ux_banner dark    hover_zoom\"  style=\"height:300px; \" data-height=\"300px\" role=\"banner\">\n                                  <div class=\"banner-bg \"  style=\"background-image:url('https:\/\/nobl.cz\/kancelarsky-nabytek\/wp-content\/uploads\/2016\/05\/CLASSIC_04.jpg'); \"><img decoding=\"async\" src=\"https:\/\/nobl.cz\/kancelarsky-nabytek\/wp-content\/uploads\/2016\/05\/CLASSIC_04.jpg\"  alt=\"\" style=\"visibility:hidden;\" \/><\/div>\n                             <div class=\"row\" >\n          <div class=\"inner center text-center \"  style=\"width:90%;\">\n            <div class=\"inner-wrap animated fadeIn\" style=\" \">\n                          <\/div>\n          <\/div>  \n        <\/div>\n                     <\/div><!-- end .ux_banner -->\n\n<p style=\"text-align: justify;\">Stolov\u00e1 \u0159ada <strong>Ergo<\/strong> se vyzna\u010duje klasick\u00fdm pevn\u00fdm kovov\u00fdm podno\u017e\u00edm u pracovn\u00edch stol\u016f, dopln\u011bn\u00fdm pracovn\u00edmi deskami s\u00a0klasickou ABS hranou nebo speci\u00e1ln\u00ed litou polyuretanovou (PUR) hranou.<\/p>\n<\/div><\/div>\n<\/div>\n  \n<p>&nbsp;<\/p>\n<p style=\"text-align: center;\"><a href=\"#lightbox\" class=\"button large primary alt-button\" >Dotaz na kancel\u00e1\u0159sk\u00fd n\u00e1bytek?<\/a>\n \n\n<div id=\"lightbox\" class=\"mfp-hide mfp-content-inner lightbox-white\" style=\"max-width:600px;padding:20px\">\n    <h1>Kancel\u00e1\u0159sk\u00fd n\u00e1bytek pro V\u00e1s?<\/h1>\n<div class=\"wpforms-container wpforms-container-full\" id=\"wpforms-5108\"><form id=\"wpforms-form-5108\" class=\"wpforms-validate wpforms-form\" data-formid=\"5108\" method=\"post\" enctype=\"multipart\/form-data\" action=\"\/kancelarsky-nabytek\/wp-json\/wp\/v2\/pages\/4932\" data-token=\"976344da6bb72ba15a101456511c5f5e\"><noscript class=\"wpforms-error-noscript\">Chcete-li vyplnit tento formul\u00e1\u0159, pros\u00edm povolte v prohl\u00ed\u017ee\u010di JavaScript.<\/noscript><div class=\"wpforms-field-container\"><div id=\"wpforms-5108-field_7-container\" class=\"wpforms-field wpforms-field-name\" data-field-id=\"7\"><label class=\"wpforms-field-label\" for=\"wpforms-5108-field_7\">Va\u0161e jm\u00e9no \/ Firma: <span class=\"wpforms-required-label\">*<\/span><\/label><input type=\"text\" id=\"wpforms-5108-field_7\" class=\"wpforms-field-large wpforms-field-required\" name=\"wpforms[fields][7]\" required><\/div><div id=\"wpforms-5108-field_1-container\" class=\"wpforms-field wpforms-field-email\" data-field-id=\"1\"><label class=\"wpforms-field-label\" for=\"wpforms-5108-field_1\">E-mail <span class=\"wpforms-required-label\">*<\/span><\/label><input type=\"email\" id=\"wpforms-5108-field_1\" class=\"wpforms-field-large wpforms-field-required\" name=\"wpforms[fields][1]\" required><\/div><div id=\"wpforms-5108-field_2-container\" class=\"wpforms-field wpforms-field-textarea\" data-field-id=\"2\"><label class=\"wpforms-field-label\" for=\"wpforms-5108-field_2\">Up\u0159esn\u011bte V\u00e1\u0161 dotaz, d\u011bkujeme: <span class=\"wpforms-required-label\">*<\/span><\/label><textarea id=\"wpforms-5108-field_2\" class=\"wpforms-field-medium wpforms-field-required\" name=\"wpforms[fields][2]\" required><\/textarea><\/div><div id=\"wpforms-5108-field_6-container\" class=\"wpforms-field wpforms-field-text\" data-field-id=\"6\"><label class=\"wpforms-field-label wpforms-label-hide\" for=\"wpforms-5108-field_6\">URL str\u00e1nka Va\u0161eho dotazu: <span class=\"wpforms-required-label\">*<\/span><\/label><input type=\"text\" id=\"wpforms-5108-field_6\" class=\"wpforms-field-large wpforms-field-required\" name=\"wpforms[fields][6]\" value=\"Kancel\u00e1\u0159sk\u00fd n\u00e1bytek VASA\" required><\/div><div id=\"wpforms-5108-field_10-container\" class=\"wpforms-field wpforms-field-html\" data-field-id=\"10\"><div id=\"wpforms-5108-field_10\">Pros\u00edme, \u010dt\u011bte na\u0161e: <a href=\"https:\/\/nobl.cz\/kancelarsky-nabytek\/zasady-ochrany-osobnich-udaju\/\" target=\"_blank\">Z\u00e1sady ochrany osobn\u00edch \u00fadaj\u016f (GDPR)<\/a><\/div><\/div><div id=\"wpforms-5108-field_9-container\" class=\"wpforms-field wpforms-field-checkbox\" data-field-id=\"9\"><label class=\"wpforms-field-label wpforms-label-hide\" for=\"wpforms-5108-field_9\">Pou\u017eit\u00edm tohoto formul\u00e1\u0159e souhlas\u00edte s na\u0161imi z\u00e1sadami ochrany osobn\u00edch \u00fadaj\u016f.<\/label><ul id=\"wpforms-5108-field_9\"><li class=\"choice-1 depth-1\"><input type=\"checkbox\" id=\"wpforms-5108-field_9_1\" name=\"wpforms[fields][9][]\" value=\"Potvr\u010fte sv\u016fj souhlas se zpracov\u00e1n\u00edm osobn\u00edch \u00fadaj\u016f dle GDPR.\"  ><label class=\"wpforms-field-label-inline\" for=\"wpforms-5108-field_9_1\">Potvr\u010fte sv\u016fj souhlas se zpracov\u00e1n\u00edm osobn\u00edch \u00fadaj\u016f dle GDPR.<\/label><\/li><\/ul><\/div><div id=\"wpforms-5108-field_11-container\" class=\"wpforms-field wpforms-field-hidden\" data-field-id=\"11\"><input type=\"hidden\" id=\"wpforms-5108-field_11\" name=\"wpforms[fields][11]\" value=\"https:\/\/nobl.cz\/kancelarsky-nabytek\/kancelarsky-nabytek\/wp-json\/wp\/v2\/pages\/4932\"><\/div><\/div><div class=\"wpforms-field wpforms-field-hp\"><label for=\"wpforms-5108-field-hp\" class=\"wpforms-field-label\">Comment<\/label><input type=\"text\" name=\"wpforms[hp]\" id=\"wpforms-5108-field-hp\" class=\"wpforms-field-medium\"><\/div><div class=\"wpforms-recaptcha-container wpforms-is-recaptcha\"><div class=\"g-recaptcha\" data-sitekey=\"6LeX-R8TAAAAADA-ClPsvCvLb0QZZlrujKJzZuld\"><\/div><input type=\"text\" name=\"g-recaptcha-hidden\" class=\"wpforms-recaptcha-hidden\" style=\"position:absolute!important;clip:rect(0,0,0,0)!important;height:1px!important;width:1px!important;border:0!important;overflow:hidden!important;padding:0!important;margin:0!important;\" required><\/div><div class=\"wpforms-submit-container\"><input type=\"hidden\" name=\"wpforms[id]\" value=\"5108\"><input type=\"hidden\" name=\"wpforms[author]\" value=\"3\"><button type=\"submit\" name=\"wpforms[submit]\" id=\"wpforms-submit-5108\" class=\"wpforms-submit\" aria-live=\"assertive\" value=\"wpforms-submit\">Odeslat dotaz<\/button><\/div><\/form><\/div>  <!-- .wpforms-container -->\n<\/div><!-- Lightbox-lightbox -->\n\n<script>\njQuery(document).ready(function($) {\n\n      \n      $('a[href=\"#lightbox\"]').click(function(e){\n         \/\/ Close openend lightboxes\n         var delay = 0;\n         \n         if($.magnificPopup.open){\n            $.magnificPopup.close();\n            delay = 300;\n         }\n\n         \/\/ Start lightbox\n         setTimeout(function(){\n            $.magnificPopup.open({\n                  midClick: true,\n                  removalDelay: 300,\n                  items: {\n                    src: '#lightbox', \n                    type: 'inline'\n                  }\n            });\n          }, delay);\n\n        e.preventDefault();\n      });\n});\n<\/script>\n\n\t<div  class=\"row container \">\n<div class=\"small-12    large-4  columns   \"  ><div class=\"column-inner\"  >\n<h3><a href=\"https:\/\/nobl.cz\/kancelarsky-nabytek\/sortiment\/ostatni\/kancelarsky-nabytek-vasa\/eagle\/\">Stolov\u00e1 \u0159ada EAGLE<\/a><\/h3>\n<\/div><\/div>\n<div class=\"small-12    large-4  columns   \"  ><div class=\"column-inner\"  >\n<h3><a href=\"https:\/\/nobl.cz\/kancelarsky-nabytek\/sortiment\/ostatni\/kancelarsky-nabytek-vasa\/basic\/\">Stolov\u00e1 \u0159ada BASIC<\/a><\/h3>\n<\/div><\/div>\n<div class=\"small-12    large-4  columns   \"  ><div class=\"column-inner\"  >\n<\/div><\/div>\n<\/div>\n  \n<h3 class=\"section-title clearfix title_bold \"><span>Nab\u00edz\u00edme kompletn\u00ed dod\u00e1vky kancel\u00e1\u0159\u00ed v\u010d. zasedac\u00edch m\u00edstnost\u00ed, recepc\u00ed \u010di kuchyn\u011bk<\/span>  <\/h3><!-- end section_title -->\n","protected":false},"excerpt":{"rendered":"<p>&nbsp;<\/p>\n","protected":false},"author":3,"featured_media":0,"parent":3942,"menu_order":0,"comment_status":"closed","ping_status":"closed","template":"page-blank.php","meta":{"footnotes":""},"yoast_head":"<!-- This site is optimized with the Yoast SEO plugin v17.9 - https:\/\/yoast.com\/wordpress\/plugins\/seo\/ -->\n<title>Kancel\u00e1\u0159sk\u00fd n\u00e1bytek VASA - NO+BL kancel\u00e1\u0159sk\u00fd n\u00e1bytek a kancel\u00e1\u0159sk\u00e9 \u017eidle Praha<\/title>\n<meta name=\"robots\" content=\"index, follow, max-snippet:-1, max-image-preview:large, max-video-preview:-1\" \/>\n<link rel=\"canonical\" href=\"https:\/\/nobl.cz\/kancelarsky-nabytek\/sortiment\/ostatni\/kancelarsky-nabytek-vasa\/\" \/>\n<meta property=\"og:locale\" content=\"cs_CZ\" \/>\n<meta property=\"og:type\" content=\"article\" \/>\n<meta property=\"og:title\" content=\"Kancel\u00e1\u0159sk\u00fd n\u00e1bytek VASA - NO+BL kancel\u00e1\u0159sk\u00fd n\u00e1bytek a kancel\u00e1\u0159sk\u00e9 \u017eidle Praha\" \/>\n<meta property=\"og:description\" content=\"&nbsp;\" \/>\n<meta property=\"og:url\" content=\"https:\/\/nobl.cz\/kancelarsky-nabytek\/sortiment\/ostatni\/kancelarsky-nabytek-vasa\/\" \/>\n<meta property=\"og:site_name\" content=\"NO+BL kancel\u00e1\u0159sk\u00fd n\u00e1bytek a kancel\u00e1\u0159sk\u00e9 \u017eidle Praha\" \/>\n<meta property=\"article:modified_time\" content=\"2021-08-03T10:16:58+00:00\" \/>\n<meta name=\"twitter:card\" content=\"summary\" \/>\n<meta name=\"twitter:label1\" content=\"Odhadovan\u00e1 doba \u010dten\u00ed\" \/>\n\t<meta name=\"twitter:data1\" content=\"2 minuty\" \/>\n<script type=\"application\/ld+json\" class=\"yoast-schema-graph\">{\"@context\":\"https:\/\/schema.org\",\"@graph\":[{\"@type\":\"WebSite\",\"@id\":\"https:\/\/nobl.cz\/kancelarsky-nabytek\/#website\",\"url\":\"https:\/\/nobl.cz\/kancelarsky-nabytek\/\",\"name\":\"NO+BL kancel\\u00e1\\u0159sk\\u00fd n\\u00e1bytek a kancel\\u00e1\\u0159sk\\u00e9 \\u017eidle Praha\",\"description\":\"V\\u00e1\\u0161 prodejce kancel\\u00e1\\u0159sk\\u00e9ho n\\u00e1bytku a kancel\\u00e1\\u0159sk\\u00fdch k\\u0159esel v Praze s tradic\\u00ed ji\\u017e v\\u00edce jak 33 let. Nab\\u00edz\\u00edme tak\\u00e9 opravy kancel\\u00e1\\u0159sk\\u00fdch \\u017eidl\\u00ed.\",\"potentialAction\":[{\"@type\":\"SearchAction\",\"target\":{\"@type\":\"EntryPoint\",\"urlTemplate\":\"https:\/\/nobl.cz\/kancelarsky-nabytek\/?s={search_term_string}\"},\"query-input\":\"required name=search_term_string\"}],\"inLanguage\":\"cs\"},{\"@type\":\"WebPage\",\"@id\":\"https:\/\/nobl.cz\/kancelarsky-nabytek\/sortiment\/ostatni\/kancelarsky-nabytek-vasa\/#webpage\",\"url\":\"https:\/\/nobl.cz\/kancelarsky-nabytek\/sortiment\/ostatni\/kancelarsky-nabytek-vasa\/\",\"name\":\"Kancel\\u00e1\\u0159sk\\u00fd n\\u00e1bytek VASA - NO+BL kancel\\u00e1\\u0159sk\\u00fd n\\u00e1bytek a kancel\\u00e1\\u0159sk\\u00e9 \\u017eidle Praha\",\"isPartOf\":{\"@id\":\"https:\/\/nobl.cz\/kancelarsky-nabytek\/#website\"},\"datePublished\":\"2016-05-05T12:10:26+00:00\",\"dateModified\":\"2021-08-03T10:16:58+00:00\",\"breadcrumb\":{\"@id\":\"https:\/\/nobl.cz\/kancelarsky-nabytek\/sortiment\/ostatni\/kancelarsky-nabytek-vasa\/#breadcrumb\"},\"inLanguage\":\"cs\",\"potentialAction\":[{\"@type\":\"ReadAction\",\"target\":[\"https:\/\/nobl.cz\/kancelarsky-nabytek\/sortiment\/ostatni\/kancelarsky-nabytek-vasa\/\"]}]},{\"@type\":\"BreadcrumbList\",\"@id\":\"https:\/\/nobl.cz\/kancelarsky-nabytek\/sortiment\/ostatni\/kancelarsky-nabytek-vasa\/#breadcrumb\",\"itemListElement\":[{\"@type\":\"ListItem\",\"position\":1,\"name\":\"Dom\\u016f\",\"item\":\"https:\/\/nobl.cz\/kancelarsky-nabytek\/\"},{\"@type\":\"ListItem\",\"position\":2,\"name\":\"Kancel\\u00e1\\u0159sk\\u00fd n\\u00e1bytek\",\"item\":\"https:\/\/nobl.cz\/kancelarsky-nabytek\/sortiment\/\"},{\"@type\":\"ListItem\",\"position\":3,\"name\":\"Ostatn\\u00ed\",\"item\":\"https:\/\/nobl.cz\/kancelarsky-nabytek\/sortiment\/ostatni\/\"},{\"@type\":\"ListItem\",\"position\":4,\"name\":\"Kancel\\u00e1\\u0159sk\\u00fd n\\u00e1bytek VASA\"}]}]}<\/script>\n<!-- \/ Yoast SEO plugin. -->","yoast_head_json":{"title":"Kancel\u00e1\u0159sk\u00fd n\u00e1bytek VASA - NO+BL kancel\u00e1\u0159sk\u00fd n\u00e1bytek a kancel\u00e1\u0159sk\u00e9 \u017eidle Praha","robots":{"index":"index","follow":"follow","max-snippet":"max-snippet:-1","max-image-preview":"max-image-preview:large","max-video-preview":"max-video-preview:-1"},"canonical":"https:\/\/nobl.cz\/kancelarsky-nabytek\/sortiment\/ostatni\/kancelarsky-nabytek-vasa\/","og_locale":"cs_CZ","og_type":"article","og_title":"Kancel\u00e1\u0159sk\u00fd n\u00e1bytek VASA - NO+BL kancel\u00e1\u0159sk\u00fd n\u00e1bytek a kancel\u00e1\u0159sk\u00e9 \u017eidle Praha","og_description":"&nbsp;","og_url":"https:\/\/nobl.cz\/kancelarsky-nabytek\/sortiment\/ostatni\/kancelarsky-nabytek-vasa\/","og_site_name":"NO+BL kancel\u00e1\u0159sk\u00fd n\u00e1bytek a kancel\u00e1\u0159sk\u00e9 \u017eidle Praha","article_modified_time":"2021-08-03T10:16:58+00:00","twitter_card":"summary","twitter_misc":{"Odhadovan\u00e1 doba \u010dten\u00ed":"2 minuty"},"schema":{"@context":"https:\/\/schema.org","@graph":[{"@type":"WebSite","@id":"https:\/\/nobl.cz\/kancelarsky-nabytek\/#website","url":"https:\/\/nobl.cz\/kancelarsky-nabytek\/","name":"NO+BL kancel\u00e1\u0159sk\u00fd n\u00e1bytek a kancel\u00e1\u0159sk\u00e9 \u017eidle Praha","description":"V\u00e1\u0161 prodejce kancel\u00e1\u0159sk\u00e9ho n\u00e1bytku a kancel\u00e1\u0159sk\u00fdch k\u0159esel v Praze s tradic\u00ed ji\u017e v\u00edce jak 33 let. Nab\u00edz\u00edme tak\u00e9 opravy kancel\u00e1\u0159sk\u00fdch \u017eidl\u00ed.","potentialAction":[{"@type":"SearchAction","target":{"@type":"EntryPoint","urlTemplate":"https:\/\/nobl.cz\/kancelarsky-nabytek\/?s={search_term_string}"},"query-input":"required name=search_term_string"}],"inLanguage":"cs"},{"@type":"WebPage","@id":"https:\/\/nobl.cz\/kancelarsky-nabytek\/sortiment\/ostatni\/kancelarsky-nabytek-vasa\/#webpage","url":"https:\/\/nobl.cz\/kancelarsky-nabytek\/sortiment\/ostatni\/kancelarsky-nabytek-vasa\/","name":"Kancel\u00e1\u0159sk\u00fd n\u00e1bytek VASA - NO+BL kancel\u00e1\u0159sk\u00fd n\u00e1bytek a kancel\u00e1\u0159sk\u00e9 \u017eidle Praha","isPartOf":{"@id":"https:\/\/nobl.cz\/kancelarsky-nabytek\/#website"},"datePublished":"2016-05-05T12:10:26+00:00","dateModified":"2021-08-03T10:16:58+00:00","breadcrumb":{"@id":"https:\/\/nobl.cz\/kancelarsky-nabytek\/sortiment\/ostatni\/kancelarsky-nabytek-vasa\/#breadcrumb"},"inLanguage":"cs","potentialAction":[{"@type":"ReadAction","target":["https:\/\/nobl.cz\/kancelarsky-nabytek\/sortiment\/ostatni\/kancelarsky-nabytek-vasa\/"]}]},{"@type":"BreadcrumbList","@id":"https:\/\/nobl.cz\/kancelarsky-nabytek\/sortiment\/ostatni\/kancelarsky-nabytek-vasa\/#breadcrumb","itemListElement":[{"@type":"ListItem","position":1,"name":"Dom\u016f","item":"https:\/\/nobl.cz\/kancelarsky-nabytek\/"},{"@type":"ListItem","position":2,"name":"Kancel\u00e1\u0159sk\u00fd n\u00e1bytek","item":"https:\/\/nobl.cz\/kancelarsky-nabytek\/sortiment\/"},{"@type":"ListItem","position":3,"name":"Ostatn\u00ed","item":"https:\/\/nobl.cz\/kancelarsky-nabytek\/sortiment\/ostatni\/"},{"@type":"ListItem","position":4,"name":"Kancel\u00e1\u0159sk\u00fd n\u00e1bytek VASA"}]}]}},"_links":{"self":[{"href":"https:\/\/nobl.cz\/kancelarsky-nabytek\/wp-json\/wp\/v2\/pages\/4932"}],"collection":[{"href":"https:\/\/nobl.cz\/kancelarsky-nabytek\/wp-json\/wp\/v2\/pages"}],"about":[{"href":"https:\/\/nobl.cz\/kancelarsky-nabytek\/wp-json\/wp\/v2\/types\/page"}],"author":[{"embeddable":true,"href":"https:\/\/nobl.cz\/kancelarsky-nabytek\/wp-json\/wp\/v2\/users\/3"}],"replies":[{"embeddable":true,"href":"https:\/\/nobl.cz\/kancelarsky-nabytek\/wp-json\/wp\/v2\/comments?post=4932"}],"version-history":[{"count":38,"href":"https:\/\/nobl.cz\/kancelarsky-nabytek\/wp-json\/wp\/v2\/pages\/4932\/revisions"}],"predecessor-version":[{"id":8718,"href":"https:\/\/nobl.cz\/kancelarsky-nabytek\/wp-json\/wp\/v2\/pages\/4932\/revisions\/8718"}],"up":[{"embeddable":true,"href":"https:\/\/nobl.cz\/kancelarsky-nabytek\/wp-json\/wp\/v2\/pages\/3942"}],"wp:attachment":[{"href":"https:\/\/nobl.cz\/kancelarsky-nabytek\/wp-json\/wp\/v2\/media?parent=4932"}],"curies":[{"name":"wp","href":"https:\/\/api.w.org\/{rel}","templated":true}]}}