{"id":5306,"date":"2016-05-10T11:16:48","date_gmt":"2016-05-10T10:16:48","guid":{"rendered":"http:\/\/nobl.cz\/kancelarsky-nabytek\/?page_id=5306"},"modified":"2017-01-31T18:55:06","modified_gmt":"2017-01-31T17:55:06","slug":"kancelarsky-nabytek-mdd","status":"publish","type":"page","link":"https:\/\/nobl.cz\/kancelarsky-nabytek\/sortiment\/ostatni\/kancelarsky-nabytek-mdd\/","title":{"rendered":"Kancel\u00e1\u0159sk\u00fd n\u00e1bytek MDD"},"content":{"rendered":"<h3 class=\"section-title clearfix title_bold \"><span>Kancel\u00e1\u0159sk\u00fd n\u00e1bytek MDD<\/span>  <\/h3><!-- end section_title -->\n\t<div  class=\"row container \">\n<div class=\"small-12    large-4  columns   \"  ><div class=\"column-inner\"  >\n<h3><a href=\"http:\/\/nobl.cz\/kancelarsky-nabytek\/sortiment\/ostatni\/kancelarsky-nabytek-mdd\/nabytkova-rada-drive\/\">N\u00e1bytkov\u00e1 \u0159ada Drive<\/a><\/h3>\n   <div id=\"banner_69043816\" class=\"ux_banner dark    hover_zoom\"  style=\"height:300px; \" data-height=\"300px\" role=\"banner\">\n      <a href=\"http:\/\/nobl.cz\/kancelarsky-nabytek\/sortiment\/ostatni\/kancelarsky-nabytek-mdd\/nabytkova-rada-drive\/\" >                            <div class=\"banner-bg \"  style=\"background-image:url('https:\/\/nobl.cz\/kancelarsky-nabytek\/wp-content\/uploads\/2016\/05\/drive-3.jpg'); \"><img decoding=\"async\" src=\"https:\/\/nobl.cz\/kancelarsky-nabytek\/wp-content\/uploads\/2016\/05\/drive-3.jpg\"  alt=\"\" style=\"visibility:hidden;\" \/><\/div>\n                             <div class=\"row\" >\n          <div class=\"inner center text-center \"  style=\"width:90%;\">\n            <div class=\"inner-wrap animated fadeIn\" style=\" \">\n                          <\/div>\n          <\/div>  \n        <\/div>\n       <\/a>              <\/div><!-- end .ux_banner -->\n\n<p><strong>DRIVE<\/strong> &#8211; Unik\u00e1tn\u00ed syst\u00e9m v\u00fd\u0161kov\u011b staviteln\u00fdch stol\u016f pomoc\u00ed elektromotoru. Vhodn\u00fd zejm\u00e9na pro stolov\u00e9 sestavy.<\/p>\n<\/div><\/div>\n<div class=\"small-12    large-4  columns   \"  ><div class=\"column-inner\"  >\n<h3><a href=\"http:\/\/nobl.cz\/kancelarsky-nabytek\/sortiment\/ostatni\/kancelarsky-nabytek-mdd\/nabytkova-rada-yan\/\">N\u00e1bytkov\u00e1 \u0159ada Yan<\/a><\/h3>\n   <div id=\"banner_101685433\" class=\"ux_banner dark    hover_zoom\"  style=\"height:300px; \" data-height=\"300px\" role=\"banner\">\n      <a href=\"http:\/\/nobl.cz\/kancelarsky-nabytek\/sortiment\/ostatni\/kancelarsky-nabytek-mdd\/nabytkova-rada-yan\/\" >                            <div class=\"banner-bg \"  style=\"background-image:url('https:\/\/nobl.cz\/kancelarsky-nabytek\/wp-content\/uploads\/2016\/05\/yan_c-3-1600x1067.jpg'); \"><img decoding=\"async\" src=\"https:\/\/nobl.cz\/kancelarsky-nabytek\/wp-content\/uploads\/2016\/05\/yan_c-3-1600x1067.jpg\"  alt=\"\" style=\"visibility:hidden;\" \/><\/div>\n                             <div class=\"row\" >\n          <div class=\"inner center text-center \"  style=\"width:90%;\">\n            <div class=\"inner-wrap animated fadeIn\" style=\" \">\n                          <\/div>\n          <\/div>  \n        <\/div>\n       <\/a>              <\/div><!-- end .ux_banner -->\n\n<p><span id=\"result_box\" lang=\"cs\"><span title=\"Projekt YAN opiera si\u0119 na prostej konstrukcji kt\u00f3r\u0105 kompletowa\u0107 mo\u017cna z szerok\u0105 gam\u0105 paneli dziel\u0105cych.\">Syst\u00e9m <strong>YAN<\/strong> je zalo\u017een na jednoduch\u00e9 konstrukci, kter\u00e1 m\u016f\u017ee b\u00fdt dopln\u011bna s \u0161irokou \u0159adou parav\u00e1n\u016f a p\u0159ed\u011blu.<\/span><span title=\"W zale\u017cno\u015bci od u\u017cywanego sprz\u0119tu do codziennej pracy biurowej w celu uporz\u0105dkowania sieci kabli zastosowa\u0107 mo\u017cna szyny montowane pod blatem biurka oraz organizery kt\u00f3re z \u0142atwo\u015bci\u0105 mo\u017cna zamontowa\u0107 na ka\u017cdym rodzaju nogi YAN. \"><br \/>\n<\/span><\/span><\/p>\n<\/div><\/div>\n<div class=\"small-12    large-4  columns   \"  ><div class=\"column-inner\"  >\n<h3><a href=\"http:\/\/nobl.cz\/kancelarsky-nabytek\/sortiment\/ostatni\/kancelarsky-nabytek-mdd\/nabytkova-rada-ogi\/\">N\u00e1bytkov\u00e1 \u0159ada Ogi<\/a><\/h3>\n   <div id=\"banner_2090786659\" class=\"ux_banner dark    hover_zoom\"  style=\"height:300px; \" data-height=\"300px\" role=\"banner\">\n      <a href=\"http:\/\/nobl.cz\/kancelarsky-nabytek\/sortiment\/ostatni\/kancelarsky-nabytek-mdd\/nabytkova-rada-ogi\/\" >                            <div class=\"banner-bg \"  style=\"background-image:url('https:\/\/nobl.cz\/kancelarsky-nabytek\/wp-content\/uploads\/2016\/05\/ogi_q-3.jpg'); \"><img decoding=\"async\" src=\"https:\/\/nobl.cz\/kancelarsky-nabytek\/wp-content\/uploads\/2016\/05\/ogi_q-3.jpg\"  alt=\"\" style=\"visibility:hidden;\" \/><\/div>\n                             <div class=\"row\" >\n          <div class=\"inner center text-center \"  style=\"width:90%;\">\n            <div class=\"inner-wrap animated fadeIn\" style=\" \">\n                          <\/div>\n          <\/div>  \n        <\/div>\n       <\/a>              <\/div><!-- end .ux_banner -->\n\n<p><span id=\"result_box\" lang=\"cs\"><strong><span class=\"hps\">OGI<\/span> <\/strong><span class=\"hps\">&#8211;<\/span> <span class=\"hps\">jednoduch\u00e1<\/span>, <span class=\"hps alt-edited\">klasick\u00e1<\/span> <span class=\"hps\">kolekce<\/span> <span class=\"hps\">stol\u016f<\/span> <span class=\"hps\">pro<\/span> <span class=\"hps\">minimalisty<\/span>, kte\u0159\u00ed <span class=\"hps\">si cen\u00ed<\/span> <span class=\"hps\">pohodl\u00ed<\/span>.Syst\u00e9m je k dispozici <span class=\"hps\">v<\/span> <span class=\"hps alt-edited\">mana\u017eersk\u00e9m<\/span> <span class=\"hps\">proveden\u00ed<\/span> <span class=\"hps\">s<\/span> <span class=\"hps\">integrovan\u00fdm<\/span> <span class=\"hps\">podstavcem tvo\u0159en\u00fd p\u0159\u00eddavnou sk\u0159\u00ed<\/span><\/span><span id=\"result_box\" lang=\"cs\"><span class=\"hps\">n\u00ed, nebo samostatnou<\/span><span class=\"hps\">\u00a0<\/span> <span class=\"hps alt-edited\">stoln\u00ed<\/span> <span class=\"hps\">konstrukc\u00ed r\u00e1mov\u00e9ho tvaru.<\/span><\/span><\/p>\n<\/div><\/div>\n<\/div>\n  \n<center><a href=\"#lightbox\" class=\"button large primary alt-button\" >Dotaz na kancel\u00e1\u0159sk\u00fd n\u00e1bytek?<\/a><\/center><\/p>\n \n\n<div id=\"lightbox\" class=\"mfp-hide mfp-content-inner lightbox-white\" style=\"max-width:600px;padding:20px\">\n    <h1>Kancel\u00e1\u0159sk\u00fd n\u00e1bytek pro V\u00e1s?<\/h1>\n<div class=\"wpforms-container wpforms-container-full\" id=\"wpforms-5108\"><form id=\"wpforms-form-5108\" class=\"wpforms-validate wpforms-form\" data-formid=\"5108\" method=\"post\" enctype=\"multipart\/form-data\" action=\"\/kancelarsky-nabytek\/wp-json\/wp\/v2\/pages\/5306\" data-token=\"976344da6bb72ba15a101456511c5f5e\"><noscript class=\"wpforms-error-noscript\">Chcete-li vyplnit tento formul\u00e1\u0159, pros\u00edm povolte v prohl\u00ed\u017ee\u010di JavaScript.<\/noscript><div class=\"wpforms-field-container\"><div id=\"wpforms-5108-field_7-container\" class=\"wpforms-field wpforms-field-name\" data-field-id=\"7\"><label class=\"wpforms-field-label\" for=\"wpforms-5108-field_7\">Va\u0161e jm\u00e9no \/ Firma: <span class=\"wpforms-required-label\">*<\/span><\/label><input type=\"text\" id=\"wpforms-5108-field_7\" class=\"wpforms-field-large wpforms-field-required\" name=\"wpforms[fields][7]\" required><\/div><div id=\"wpforms-5108-field_1-container\" class=\"wpforms-field wpforms-field-email\" data-field-id=\"1\"><label class=\"wpforms-field-label\" for=\"wpforms-5108-field_1\">E-mail <span class=\"wpforms-required-label\">*<\/span><\/label><input type=\"email\" id=\"wpforms-5108-field_1\" class=\"wpforms-field-large wpforms-field-required\" name=\"wpforms[fields][1]\" required><\/div><div id=\"wpforms-5108-field_2-container\" class=\"wpforms-field wpforms-field-textarea\" data-field-id=\"2\"><label class=\"wpforms-field-label\" for=\"wpforms-5108-field_2\">Up\u0159esn\u011bte V\u00e1\u0161 dotaz, d\u011bkujeme: <span class=\"wpforms-required-label\">*<\/span><\/label><textarea id=\"wpforms-5108-field_2\" class=\"wpforms-field-medium wpforms-field-required\" name=\"wpforms[fields][2]\" required><\/textarea><\/div><div id=\"wpforms-5108-field_6-container\" class=\"wpforms-field wpforms-field-text\" data-field-id=\"6\"><label class=\"wpforms-field-label wpforms-label-hide\" for=\"wpforms-5108-field_6\">URL str\u00e1nka Va\u0161eho dotazu: <span class=\"wpforms-required-label\">*<\/span><\/label><input type=\"text\" id=\"wpforms-5108-field_6\" class=\"wpforms-field-large wpforms-field-required\" name=\"wpforms[fields][6]\" value=\"Kancel\u00e1\u0159sk\u00fd n\u00e1bytek MDD\" required><\/div><div id=\"wpforms-5108-field_10-container\" class=\"wpforms-field wpforms-field-html\" data-field-id=\"10\"><div id=\"wpforms-5108-field_10\">Pros\u00edme, \u010dt\u011bte na\u0161e: <a href=\"https:\/\/nobl.cz\/kancelarsky-nabytek\/zasady-ochrany-osobnich-udaju\/\" target=\"_blank\">Z\u00e1sady ochrany osobn\u00edch \u00fadaj\u016f (GDPR)<\/a><\/div><\/div><div id=\"wpforms-5108-field_9-container\" class=\"wpforms-field wpforms-field-checkbox\" data-field-id=\"9\"><label class=\"wpforms-field-label wpforms-label-hide\" for=\"wpforms-5108-field_9\">Pou\u017eit\u00edm tohoto formul\u00e1\u0159e souhlas\u00edte s na\u0161imi z\u00e1sadami ochrany osobn\u00edch \u00fadaj\u016f.<\/label><ul id=\"wpforms-5108-field_9\"><li class=\"choice-1 depth-1\"><input type=\"checkbox\" id=\"wpforms-5108-field_9_1\" name=\"wpforms[fields][9][]\" value=\"Potvr\u010fte sv\u016fj souhlas se zpracov\u00e1n\u00edm osobn\u00edch \u00fadaj\u016f dle GDPR.\"  ><label class=\"wpforms-field-label-inline\" for=\"wpforms-5108-field_9_1\">Potvr\u010fte sv\u016fj souhlas se zpracov\u00e1n\u00edm osobn\u00edch \u00fadaj\u016f dle GDPR.<\/label><\/li><\/ul><\/div><div id=\"wpforms-5108-field_11-container\" class=\"wpforms-field wpforms-field-hidden\" data-field-id=\"11\"><input type=\"hidden\" id=\"wpforms-5108-field_11\" name=\"wpforms[fields][11]\" value=\"https:\/\/nobl.cz\/kancelarsky-nabytek\/kancelarsky-nabytek\/wp-json\/wp\/v2\/pages\/5306\"><\/div><\/div><div class=\"wpforms-field wpforms-field-hp\"><label for=\"wpforms-5108-field-hp\" class=\"wpforms-field-label\">Email<\/label><input type=\"text\" name=\"wpforms[hp]\" id=\"wpforms-5108-field-hp\" class=\"wpforms-field-medium\"><\/div><div class=\"wpforms-recaptcha-container wpforms-is-recaptcha\"><div class=\"g-recaptcha\" data-sitekey=\"6LeX-R8TAAAAADA-ClPsvCvLb0QZZlrujKJzZuld\"><\/div><input type=\"text\" name=\"g-recaptcha-hidden\" class=\"wpforms-recaptcha-hidden\" style=\"position:absolute!important;clip:rect(0,0,0,0)!important;height:1px!important;width:1px!important;border:0!important;overflow:hidden!important;padding:0!important;margin:0!important;\" required><\/div><div class=\"wpforms-submit-container\"><input type=\"hidden\" name=\"wpforms[id]\" value=\"5108\"><input type=\"hidden\" name=\"wpforms[author]\" value=\"3\"><button type=\"submit\" name=\"wpforms[submit]\" id=\"wpforms-submit-5108\" class=\"wpforms-submit\" aria-live=\"assertive\" value=\"wpforms-submit\">Odeslat dotaz<\/button><\/div><\/form><\/div>  <!-- .wpforms-container -->\n<\/div><!-- Lightbox-lightbox -->\n\n<script>\njQuery(document).ready(function($) {\n\n      \n      $('a[href=\"#lightbox\"]').click(function(e){\n         \/\/ Close openend lightboxes\n         var delay = 0;\n         \n         if($.magnificPopup.open){\n            $.magnificPopup.close();\n            delay = 300;\n         }\n\n         \/\/ Start lightbox\n         setTimeout(function(){\n            $.magnificPopup.open({\n                  midClick: true,\n                  removalDelay: 300,\n                  items: {\n                    src: '#lightbox', \n                    type: 'inline'\n                  }\n            });\n          }, delay);\n\n        e.preventDefault();\n      });\n});\n<\/script>\n\n\t<div  class=\"row container \">\n<div class=\"small-12    large-4  columns   \"  ><div class=\"column-inner\"  >\n<h3><a href=\"http:\/\/nobl.cz\/kancelarsky-nabytek\/sortiment\/ostatni\/kancelarsky-nabytek-mdd\/mdd-skrine\/\">Sk\u0159\u00edn\u011b MDD<\/a><\/h3>\n   <div id=\"banner_1284882465\" class=\"ux_banner dark    hover_zoom\"  style=\"height:300px; \" data-height=\"300px\" role=\"banner\">\n      <a href=\"http:\/\/nobl.cz\/kancelarsky-nabytek\/sortiment\/ostatni\/kancelarsky-nabytek-mdd\/mdd-skrine\/\" >                            <div class=\"banner-bg \"  style=\"background-image:url('https:\/\/nobl.cz\/kancelarsky-nabytek\/wp-content\/uploads\/2016\/05\/szafy_kontenery_standard-13.jpg'); \"><img decoding=\"async\" src=\"https:\/\/nobl.cz\/kancelarsky-nabytek\/wp-content\/uploads\/2016\/05\/szafy_kontenery_standard-13.jpg\"  alt=\"\" style=\"visibility:hidden;\" \/><\/div>\n                             <div class=\"row\" >\n          <div class=\"inner center text-center \"  style=\"width:90%;\">\n            <div class=\"inner-wrap animated fadeIn\" style=\" \">\n                          <\/div>\n          <\/div>  \n        <\/div>\n       <\/a>              <\/div><!-- end .ux_banner -->\n\n<p><span id=\"result_box\" lang=\"cs\"><span class=\"hps\">Nab\u00edz\u00edme<\/span> <span class=\"hps\">\u0161irok\u00fd sortiment<\/span> <span class=\"hps alt-edited\">sk\u0159\u00edn\u00ed<\/span> <span class=\"hps\">a<\/span> <span class=\"hps\">polic<\/span> <span class=\"hps\">v r\u016fzn\u00fdch v\u00fd\u0161k\u00e1ch<\/span> <span class=\"hps\">a<\/span> <span class=\"hps\">\u0161\u00ed\u0159k\u00e1ch<\/span>, <span class=\"hps\">s<\/span> <span class=\"hps\">dve\u0159mi<\/span> <span class=\"hps\">z<\/span> <span class=\"hps\">melaminov\u00e9<\/span> <span class=\"hps\">desky<\/span> <span class=\"hps\">a skla<\/span>, <span class=\"hps\">posuvn\u00e9 dve\u0159e<\/span> <span class=\"hps\">a<\/span> <span class=\"hps\">rolety, kter\u00e9<\/span> <span class=\"hps\">v\u00e1m<\/span> <span class=\"hps\">usnadn\u00ed<\/span> <span class=\"hps\">pr\u00e1ci<\/span> <span class=\"hps\">a umo\u017e\u0148uj\u00ed<\/span> <span class=\"hps\">r\u016fzn\u00e9 n\u00e1pady v sestavov\u00e1n\u00ed.<\/span><\/span><\/p>\n<\/div><\/div>\n<div class=\"small-12    large-4  columns   \"  ><div class=\"column-inner\"  >\n<h3><a href=\"http:\/\/nobl.cz\/kancelarsky-nabytek\/sortiment\/ostatni\/kancelarsky-nabytek-mdd\/mdd-doplnky-stolu\/\">Dopl\u0148ky stol\u016f MDD<\/a><\/h3>\n   <div id=\"banner_531706399\" class=\"ux_banner dark    hover_zoom\"  style=\"height:300px; \" data-height=\"300px\" role=\"banner\">\n      <a href=\"http:\/\/nobl.cz\/kancelarsky-nabytek\/sortiment\/ostatni\/kancelarsky-nabytek-mdd\/mdd-doplnky-stolu\/\" >                            <div class=\"banner-bg \"  style=\"background-image:url('https:\/\/nobl.cz\/kancelarsky-nabytek\/wp-content\/uploads\/2016\/05\/panele-2.jpg'); \"><img decoding=\"async\" src=\"https:\/\/nobl.cz\/kancelarsky-nabytek\/wp-content\/uploads\/2016\/05\/panele-2.jpg\"  alt=\"\" style=\"visibility:hidden;\" \/><\/div>\n                             <div class=\"row\" >\n          <div class=\"inner center text-center \"  style=\"width:90%;\">\n            <div class=\"inner-wrap animated fadeIn\" style=\" \">\n                          <\/div>\n          <\/div>  \n        <\/div>\n       <\/a>              <\/div><!-- end .ux_banner -->\n\n<p><span id=\"result_box\" lang=\"cs\">\u0160irok\u00e1 \u0161k\u00e1la <span class=\"hps alt-edited\">d\u011bl\u00edc\u00edch<\/span> <span class=\"hps\">panel\u016f, kter\u00e9 budou<\/span> napom\u00e1hat u\u017eivatel\u016fm <span class=\"hps\">l\u00e9pe se soust\u0159edit<\/span> <span class=\"hps\">na<\/span> <span class=\"hps\">sv\u00e9 projekty<\/span> <span class=\"hps\">a<\/span> <span class=\"hps\">\u00fakoly<\/span> <span class=\"hps\">na pracovi\u0161ti<\/span>. <span class=\"hps\">Panely<\/span> <span class=\"hps alt-edited\">slou\u017e\u00ed k i<\/span><span class=\"hps\">zolaci<\/span> <span class=\"hps\">od<\/span> <span class=\"hps\">vn\u011bj\u0161\u00edho hluku<\/span> <span class=\"hps\">a<\/span> <span class=\"hps\">slou\u017e\u00ed<\/span> <span class=\"hps\">jako dekorativn\u00ed prvek.<\/span> <span class=\"hps\">Panely nab\u00edz\u00ed<\/span> <span class=\"hps\">vysokou<\/span> <span class=\"hps\">\u0161k\u00e1lu<\/span> <span class=\"hps\">barev<\/span>, <span class=\"hps\">tvar\u016f a velikost\u00ed<\/span><\/span><\/p>\n<\/div><\/div>\n<div class=\"small-12    large-4  columns   \"  ><div class=\"column-inner\"  >\n<\/div><\/div>\n<\/div>\n  \n<center><a href=\"#lightbox\" class=\"button large primary alt-button\" >Dotaz na kancel\u00e1\u0159sk\u00fd n\u00e1bytek?<\/a><\/center><\/p>\n \n\n<div id=\"lightbox\" class=\"mfp-hide mfp-content-inner lightbox-white\" style=\"max-width:600px;padding:20px\">\n    <h1>Kancel\u00e1\u0159sk\u00fd n\u00e1bytek pro V\u00e1s?<\/h1>\n<div class=\"wpforms-container wpforms-container-full\" id=\"wpforms-5108\"><form id=\"wpforms-form-5108\" class=\"wpforms-validate wpforms-form\" data-formid=\"5108\" method=\"post\" enctype=\"multipart\/form-data\" action=\"\/kancelarsky-nabytek\/wp-json\/wp\/v2\/pages\/5306\" data-token=\"976344da6bb72ba15a101456511c5f5e\"><noscript class=\"wpforms-error-noscript\">Chcete-li vyplnit tento formul\u00e1\u0159, pros\u00edm povolte v prohl\u00ed\u017ee\u010di JavaScript.<\/noscript><div class=\"wpforms-field-container\"><div id=\"wpforms-5108-field_7-container\" class=\"wpforms-field wpforms-field-name\" data-field-id=\"7\"><label class=\"wpforms-field-label\" for=\"wpforms-5108-field_7\">Va\u0161e jm\u00e9no \/ Firma: <span class=\"wpforms-required-label\">*<\/span><\/label><input type=\"text\" id=\"wpforms-5108-field_7\" class=\"wpforms-field-large wpforms-field-required\" name=\"wpforms[fields][7]\" required><\/div><div id=\"wpforms-5108-field_1-container\" class=\"wpforms-field wpforms-field-email\" data-field-id=\"1\"><label class=\"wpforms-field-label\" for=\"wpforms-5108-field_1\">E-mail <span class=\"wpforms-required-label\">*<\/span><\/label><input type=\"email\" id=\"wpforms-5108-field_1\" class=\"wpforms-field-large wpforms-field-required\" name=\"wpforms[fields][1]\" required><\/div><div id=\"wpforms-5108-field_2-container\" class=\"wpforms-field wpforms-field-textarea\" data-field-id=\"2\"><label class=\"wpforms-field-label\" for=\"wpforms-5108-field_2\">Up\u0159esn\u011bte V\u00e1\u0161 dotaz, d\u011bkujeme: <span class=\"wpforms-required-label\">*<\/span><\/label><textarea id=\"wpforms-5108-field_2\" class=\"wpforms-field-medium wpforms-field-required\" name=\"wpforms[fields][2]\" required><\/textarea><\/div><div id=\"wpforms-5108-field_6-container\" class=\"wpforms-field wpforms-field-text\" data-field-id=\"6\"><label class=\"wpforms-field-label wpforms-label-hide\" for=\"wpforms-5108-field_6\">URL str\u00e1nka Va\u0161eho dotazu: <span class=\"wpforms-required-label\">*<\/span><\/label><input type=\"text\" id=\"wpforms-5108-field_6\" class=\"wpforms-field-large wpforms-field-required\" name=\"wpforms[fields][6]\" value=\"Kancel\u00e1\u0159sk\u00fd n\u00e1bytek MDD\" required><\/div><div id=\"wpforms-5108-field_10-container\" class=\"wpforms-field wpforms-field-html\" data-field-id=\"10\"><div id=\"wpforms-5108-field_10\">Pros\u00edme, \u010dt\u011bte na\u0161e: <a href=\"https:\/\/nobl.cz\/kancelarsky-nabytek\/zasady-ochrany-osobnich-udaju\/\" target=\"_blank\">Z\u00e1sady ochrany osobn\u00edch \u00fadaj\u016f (GDPR)<\/a><\/div><\/div><div id=\"wpforms-5108-field_9-container\" class=\"wpforms-field wpforms-field-checkbox\" data-field-id=\"9\"><label class=\"wpforms-field-label wpforms-label-hide\" for=\"wpforms-5108-field_9\">Pou\u017eit\u00edm tohoto formul\u00e1\u0159e souhlas\u00edte s na\u0161imi z\u00e1sadami ochrany osobn\u00edch \u00fadaj\u016f.<\/label><ul id=\"wpforms-5108-field_9\"><li class=\"choice-1 depth-1\"><input type=\"checkbox\" id=\"wpforms-5108-field_9_1\" name=\"wpforms[fields][9][]\" value=\"Potvr\u010fte sv\u016fj souhlas se zpracov\u00e1n\u00edm osobn\u00edch \u00fadaj\u016f dle GDPR.\"  ><label class=\"wpforms-field-label-inline\" for=\"wpforms-5108-field_9_1\">Potvr\u010fte sv\u016fj souhlas se zpracov\u00e1n\u00edm osobn\u00edch \u00fadaj\u016f dle GDPR.<\/label><\/li><\/ul><\/div><div id=\"wpforms-5108-field_11-container\" class=\"wpforms-field wpforms-field-hidden\" data-field-id=\"11\"><input type=\"hidden\" id=\"wpforms-5108-field_11\" name=\"wpforms[fields][11]\" value=\"https:\/\/nobl.cz\/kancelarsky-nabytek\/kancelarsky-nabytek\/wp-json\/wp\/v2\/pages\/5306\"><\/div><\/div><div class=\"wpforms-field wpforms-field-hp\"><label for=\"wpforms-5108-field-hp\" class=\"wpforms-field-label\">Website<\/label><input type=\"text\" name=\"wpforms[hp]\" id=\"wpforms-5108-field-hp\" class=\"wpforms-field-medium\"><\/div><div class=\"wpforms-recaptcha-container wpforms-is-recaptcha\"><div class=\"g-recaptcha\" data-sitekey=\"6LeX-R8TAAAAADA-ClPsvCvLb0QZZlrujKJzZuld\"><\/div><input type=\"text\" name=\"g-recaptcha-hidden\" class=\"wpforms-recaptcha-hidden\" style=\"position:absolute!important;clip:rect(0,0,0,0)!important;height:1px!important;width:1px!important;border:0!important;overflow:hidden!important;padding:0!important;margin:0!important;\" required><\/div><div class=\"wpforms-submit-container\"><input type=\"hidden\" name=\"wpforms[id]\" value=\"5108\"><input type=\"hidden\" name=\"wpforms[author]\" value=\"3\"><button type=\"submit\" name=\"wpforms[submit]\" id=\"wpforms-submit-5108\" class=\"wpforms-submit\" aria-live=\"assertive\" value=\"wpforms-submit\">Odeslat dotaz<\/button><\/div><\/form><\/div>  <!-- .wpforms-container -->\n<\/div><!-- Lightbox-lightbox -->\n\n<script>\njQuery(document).ready(function($) {\n\n      \n      $('a[href=\"#lightbox\"]').click(function(e){\n         \/\/ Close openend lightboxes\n         var delay = 0;\n         \n         if($.magnificPopup.open){\n            $.magnificPopup.close();\n            delay = 300;\n         }\n\n         \/\/ Start lightbox\n         setTimeout(function(){\n            $.magnificPopup.open({\n                  midClick: true,\n                  removalDelay: 300,\n                  items: {\n                    src: '#lightbox', \n                    type: 'inline'\n                  }\n            });\n          }, delay);\n\n        e.preventDefault();\n      });\n});\n<\/script>\n\n<h3 class=\"section-title clearfix title_bold \"><span>Nab\u00edz\u00edme kompletn\u00ed dod\u00e1vky kancel\u00e1\u0159\u00ed v\u010d. zasedac\u00edch m\u00edstnost\u00ed, recepc\u00ed \u010di kuchy\u0148ek<\/span>  <\/h3><!-- end section_title -->\n","protected":false},"excerpt":{"rendered":"","protected":false},"author":3,"featured_media":0,"parent":3942,"menu_order":0,"comment_status":"closed","ping_status":"closed","template":"page-blank.php","meta":{"footnotes":""},"yoast_head":"<!-- This site is optimized with the Yoast SEO plugin v17.9 - https:\/\/yoast.com\/wordpress\/plugins\/seo\/ -->\n<title>Kancel\u00e1\u0159sk\u00fd n\u00e1bytek MDD - NO+BL kancel\u00e1\u0159sk\u00fd n\u00e1bytek a kancel\u00e1\u0159sk\u00e9 \u017eidle Praha<\/title>\n<meta name=\"robots\" content=\"index, follow, max-snippet:-1, max-image-preview:large, max-video-preview:-1\" \/>\n<link rel=\"canonical\" href=\"https:\/\/nobl.cz\/kancelarsky-nabytek\/sortiment\/ostatni\/kancelarsky-nabytek-mdd\/\" \/>\n<meta property=\"og:locale\" content=\"cs_CZ\" \/>\n<meta property=\"og:type\" content=\"article\" \/>\n<meta property=\"og:title\" content=\"Kancel\u00e1\u0159sk\u00fd n\u00e1bytek MDD - NO+BL kancel\u00e1\u0159sk\u00fd n\u00e1bytek a kancel\u00e1\u0159sk\u00e9 \u017eidle Praha\" \/>\n<meta property=\"og:url\" content=\"https:\/\/nobl.cz\/kancelarsky-nabytek\/sortiment\/ostatni\/kancelarsky-nabytek-mdd\/\" \/>\n<meta property=\"og:site_name\" content=\"NO+BL kancel\u00e1\u0159sk\u00fd n\u00e1bytek a kancel\u00e1\u0159sk\u00e9 \u017eidle Praha\" \/>\n<meta property=\"article:modified_time\" content=\"2017-01-31T17:55:06+00:00\" \/>\n<meta name=\"twitter:card\" content=\"summary\" \/>\n<meta name=\"twitter:label1\" content=\"Odhadovan\u00e1 doba \u010dten\u00ed\" \/>\n\t<meta name=\"twitter:data1\" content=\"2 minuty\" \/>\n<script type=\"application\/ld+json\" class=\"yoast-schema-graph\">{\"@context\":\"https:\/\/schema.org\",\"@graph\":[{\"@type\":\"WebSite\",\"@id\":\"https:\/\/nobl.cz\/kancelarsky-nabytek\/#website\",\"url\":\"https:\/\/nobl.cz\/kancelarsky-nabytek\/\",\"name\":\"NO+BL kancel\\u00e1\\u0159sk\\u00fd n\\u00e1bytek a kancel\\u00e1\\u0159sk\\u00e9 \\u017eidle Praha\",\"description\":\"V\\u00e1\\u0161 prodejce kancel\\u00e1\\u0159sk\\u00e9ho n\\u00e1bytku a kancel\\u00e1\\u0159sk\\u00fdch k\\u0159esel v Praze s tradic\\u00ed ji\\u017e v\\u00edce jak 33 let. Nab\\u00edz\\u00edme tak\\u00e9 opravy kancel\\u00e1\\u0159sk\\u00fdch \\u017eidl\\u00ed.\",\"potentialAction\":[{\"@type\":\"SearchAction\",\"target\":{\"@type\":\"EntryPoint\",\"urlTemplate\":\"https:\/\/nobl.cz\/kancelarsky-nabytek\/?s={search_term_string}\"},\"query-input\":\"required name=search_term_string\"}],\"inLanguage\":\"cs\"},{\"@type\":\"WebPage\",\"@id\":\"https:\/\/nobl.cz\/kancelarsky-nabytek\/sortiment\/ostatni\/kancelarsky-nabytek-mdd\/#webpage\",\"url\":\"https:\/\/nobl.cz\/kancelarsky-nabytek\/sortiment\/ostatni\/kancelarsky-nabytek-mdd\/\",\"name\":\"Kancel\\u00e1\\u0159sk\\u00fd n\\u00e1bytek MDD - NO+BL kancel\\u00e1\\u0159sk\\u00fd n\\u00e1bytek a kancel\\u00e1\\u0159sk\\u00e9 \\u017eidle Praha\",\"isPartOf\":{\"@id\":\"https:\/\/nobl.cz\/kancelarsky-nabytek\/#website\"},\"datePublished\":\"2016-05-10T10:16:48+00:00\",\"dateModified\":\"2017-01-31T17:55:06+00:00\",\"breadcrumb\":{\"@id\":\"https:\/\/nobl.cz\/kancelarsky-nabytek\/sortiment\/ostatni\/kancelarsky-nabytek-mdd\/#breadcrumb\"},\"inLanguage\":\"cs\",\"potentialAction\":[{\"@type\":\"ReadAction\",\"target\":[\"https:\/\/nobl.cz\/kancelarsky-nabytek\/sortiment\/ostatni\/kancelarsky-nabytek-mdd\/\"]}]},{\"@type\":\"BreadcrumbList\",\"@id\":\"https:\/\/nobl.cz\/kancelarsky-nabytek\/sortiment\/ostatni\/kancelarsky-nabytek-mdd\/#breadcrumb\",\"itemListElement\":[{\"@type\":\"ListItem\",\"position\":1,\"name\":\"Dom\\u016f\",\"item\":\"https:\/\/nobl.cz\/kancelarsky-nabytek\/\"},{\"@type\":\"ListItem\",\"position\":2,\"name\":\"Kancel\\u00e1\\u0159sk\\u00fd n\\u00e1bytek\",\"item\":\"https:\/\/nobl.cz\/kancelarsky-nabytek\/sortiment\/\"},{\"@type\":\"ListItem\",\"position\":3,\"name\":\"Ostatn\\u00ed\",\"item\":\"https:\/\/nobl.cz\/kancelarsky-nabytek\/sortiment\/ostatni\/\"},{\"@type\":\"ListItem\",\"position\":4,\"name\":\"Kancel\\u00e1\\u0159sk\\u00fd n\\u00e1bytek MDD\"}]}]}<\/script>\n<!-- \/ Yoast SEO plugin. -->","yoast_head_json":{"title":"Kancel\u00e1\u0159sk\u00fd n\u00e1bytek MDD - NO+BL kancel\u00e1\u0159sk\u00fd n\u00e1bytek a kancel\u00e1\u0159sk\u00e9 \u017eidle Praha","robots":{"index":"index","follow":"follow","max-snippet":"max-snippet:-1","max-image-preview":"max-image-preview:large","max-video-preview":"max-video-preview:-1"},"canonical":"https:\/\/nobl.cz\/kancelarsky-nabytek\/sortiment\/ostatni\/kancelarsky-nabytek-mdd\/","og_locale":"cs_CZ","og_type":"article","og_title":"Kancel\u00e1\u0159sk\u00fd n\u00e1bytek MDD - NO+BL kancel\u00e1\u0159sk\u00fd n\u00e1bytek a kancel\u00e1\u0159sk\u00e9 \u017eidle Praha","og_url":"https:\/\/nobl.cz\/kancelarsky-nabytek\/sortiment\/ostatni\/kancelarsky-nabytek-mdd\/","og_site_name":"NO+BL kancel\u00e1\u0159sk\u00fd n\u00e1bytek a kancel\u00e1\u0159sk\u00e9 \u017eidle Praha","article_modified_time":"2017-01-31T17:55:06+00:00","twitter_card":"summary","twitter_misc":{"Odhadovan\u00e1 doba \u010dten\u00ed":"2 minuty"},"schema":{"@context":"https:\/\/schema.org","@graph":[{"@type":"WebSite","@id":"https:\/\/nobl.cz\/kancelarsky-nabytek\/#website","url":"https:\/\/nobl.cz\/kancelarsky-nabytek\/","name":"NO+BL kancel\u00e1\u0159sk\u00fd n\u00e1bytek a kancel\u00e1\u0159sk\u00e9 \u017eidle Praha","description":"V\u00e1\u0161 prodejce kancel\u00e1\u0159sk\u00e9ho n\u00e1bytku a kancel\u00e1\u0159sk\u00fdch k\u0159esel v Praze s tradic\u00ed ji\u017e v\u00edce jak 33 let. Nab\u00edz\u00edme tak\u00e9 opravy kancel\u00e1\u0159sk\u00fdch \u017eidl\u00ed.","potentialAction":[{"@type":"SearchAction","target":{"@type":"EntryPoint","urlTemplate":"https:\/\/nobl.cz\/kancelarsky-nabytek\/?s={search_term_string}"},"query-input":"required name=search_term_string"}],"inLanguage":"cs"},{"@type":"WebPage","@id":"https:\/\/nobl.cz\/kancelarsky-nabytek\/sortiment\/ostatni\/kancelarsky-nabytek-mdd\/#webpage","url":"https:\/\/nobl.cz\/kancelarsky-nabytek\/sortiment\/ostatni\/kancelarsky-nabytek-mdd\/","name":"Kancel\u00e1\u0159sk\u00fd n\u00e1bytek MDD - NO+BL kancel\u00e1\u0159sk\u00fd n\u00e1bytek a kancel\u00e1\u0159sk\u00e9 \u017eidle Praha","isPartOf":{"@id":"https:\/\/nobl.cz\/kancelarsky-nabytek\/#website"},"datePublished":"2016-05-10T10:16:48+00:00","dateModified":"2017-01-31T17:55:06+00:00","breadcrumb":{"@id":"https:\/\/nobl.cz\/kancelarsky-nabytek\/sortiment\/ostatni\/kancelarsky-nabytek-mdd\/#breadcrumb"},"inLanguage":"cs","potentialAction":[{"@type":"ReadAction","target":["https:\/\/nobl.cz\/kancelarsky-nabytek\/sortiment\/ostatni\/kancelarsky-nabytek-mdd\/"]}]},{"@type":"BreadcrumbList","@id":"https:\/\/nobl.cz\/kancelarsky-nabytek\/sortiment\/ostatni\/kancelarsky-nabytek-mdd\/#breadcrumb","itemListElement":[{"@type":"ListItem","position":1,"name":"Dom\u016f","item":"https:\/\/nobl.cz\/kancelarsky-nabytek\/"},{"@type":"ListItem","position":2,"name":"Kancel\u00e1\u0159sk\u00fd n\u00e1bytek","item":"https:\/\/nobl.cz\/kancelarsky-nabytek\/sortiment\/"},{"@type":"ListItem","position":3,"name":"Ostatn\u00ed","item":"https:\/\/nobl.cz\/kancelarsky-nabytek\/sortiment\/ostatni\/"},{"@type":"ListItem","position":4,"name":"Kancel\u00e1\u0159sk\u00fd n\u00e1bytek MDD"}]}]}},"_links":{"self":[{"href":"https:\/\/nobl.cz\/kancelarsky-nabytek\/wp-json\/wp\/v2\/pages\/5306"}],"collection":[{"href":"https:\/\/nobl.cz\/kancelarsky-nabytek\/wp-json\/wp\/v2\/pages"}],"about":[{"href":"https:\/\/nobl.cz\/kancelarsky-nabytek\/wp-json\/wp\/v2\/types\/page"}],"author":[{"embeddable":true,"href":"https:\/\/nobl.cz\/kancelarsky-nabytek\/wp-json\/wp\/v2\/users\/3"}],"replies":[{"embeddable":true,"href":"https:\/\/nobl.cz\/kancelarsky-nabytek\/wp-json\/wp\/v2\/comments?post=5306"}],"version-history":[{"count":21,"href":"https:\/\/nobl.cz\/kancelarsky-nabytek\/wp-json\/wp\/v2\/pages\/5306\/revisions"}],"predecessor-version":[{"id":7212,"href":"https:\/\/nobl.cz\/kancelarsky-nabytek\/wp-json\/wp\/v2\/pages\/5306\/revisions\/7212"}],"up":[{"embeddable":true,"href":"https:\/\/nobl.cz\/kancelarsky-nabytek\/wp-json\/wp\/v2\/pages\/3942"}],"wp:attachment":[{"href":"https:\/\/nobl.cz\/kancelarsky-nabytek\/wp-json\/wp\/v2\/media?parent=5306"}],"curies":[{"name":"wp","href":"https:\/\/api.w.org\/{rel}","templated":true}]}}