{"id":7333,"date":"2017-02-16T20:47:17","date_gmt":"2017-02-16T19:47:17","guid":{"rendered":"http:\/\/nobl.cz\/kancelarsky-nabytek\/?page_id=7333"},"modified":"2018-12-05T13:53:21","modified_gmt":"2018-12-05T12:53:21","slug":"3d-vizualizace","status":"publish","type":"page","link":"https:\/\/nobl.cz\/kancelarsky-nabytek\/3d-vizualizace\/","title":{"rendered":"3D Vizualizace"},"content":{"rendered":"<p><center><a href=\"#lightbox\" class=\"button large primary alt-button\" >M\u00e1te z\u00e1jem o 3D vizualizaci kancel\u00e1\u0159e?<\/a><\/center> \n\n<div id=\"lightbox\" class=\"mfp-hide mfp-content-inner lightbox-white\" style=\"max-width:600px;padding:20px\">\n    <h1>P\u0159iprav\u00edme 3D vizualizaci zdarma:<\/h1>\n<div class=\"wpforms-container wpforms-container-full\" id=\"wpforms-4684\"><form id=\"wpforms-form-4684\" class=\"wpforms-validate wpforms-form\" data-formid=\"4684\" method=\"post\" enctype=\"multipart\/form-data\" action=\"\/kancelarsky-nabytek\/wp-json\/wp\/v2\/pages\/7333\" data-token=\"cb0fd64d4066e7994ce7090034edac84\"><noscript class=\"wpforms-error-noscript\">Chcete-li vyplnit tento formul\u00e1\u0159, pros\u00edm povolte v prohl\u00ed\u017ee\u010di JavaScript.<\/noscript><div class=\"wpforms-field-container\"><div id=\"wpforms-4684-field_2-container\" class=\"wpforms-field wpforms-field-textarea\" data-field-id=\"2\"><label class=\"wpforms-field-label\" for=\"wpforms-4684-field_2\">V\u00e1\u0161 dotaz? <span class=\"wpforms-required-label\">*<\/span><\/label><textarea id=\"wpforms-4684-field_2\" class=\"wpforms-field-medium wpforms-field-required\" name=\"wpforms[fields][2]\" required><\/textarea><\/div><div id=\"wpforms-4684-field_1-container\" class=\"wpforms-field wpforms-field-email\" data-field-id=\"1\"><label class=\"wpforms-field-label\" for=\"wpforms-4684-field_1\">E-mail <span class=\"wpforms-required-label\">*<\/span><\/label><input type=\"email\" id=\"wpforms-4684-field_1\" class=\"wpforms-field-large wpforms-field-required\" name=\"wpforms[fields][1]\" required><\/div><div id=\"wpforms-4684-field_6-container\" class=\"wpforms-field wpforms-field-html\" data-field-id=\"6\"><div id=\"wpforms-4684-field_6\">Pros\u00edme, \u010dt\u011bte na\u0161e: <a href=\"https:\/\/nobl.cz\/kancelarsky-nabytek\/zasady-ochrany-osobnich-udaju\/\" target=\"_blank\">Z\u00e1sady ochrany osobn\u00edch \u00fadaj\u016f (GDPR)<\/a><\/div><\/div><div id=\"wpforms-4684-field_5-container\" class=\"wpforms-field wpforms-field-checkbox\" data-field-id=\"5\"><label class=\"wpforms-field-label wpforms-label-hide\" for=\"wpforms-4684-field_5\">Pou\u017eit\u00edm tohoto formul\u00e1\u0159e souhlas\u00edte s na\u0161imi z\u00e1sadami ochrany osobn\u00edch \u00fadaj\u016f.<\/label><ul id=\"wpforms-4684-field_5\"><li class=\"choice-1 depth-1\"><input type=\"checkbox\" id=\"wpforms-4684-field_5_1\" name=\"wpforms[fields][5][]\" value=\"Potvr\u010fte sv\u016fj souhlas se zpracov\u00e1n\u00edm osobn\u00edch \u00fadaj\u016f dle GDPR.\"  ><label class=\"wpforms-field-label-inline\" for=\"wpforms-4684-field_5_1\">Potvr\u010fte sv\u016fj souhlas se zpracov\u00e1n\u00edm osobn\u00edch \u00fadaj\u016f dle GDPR.<\/label><\/li><\/ul><\/div><\/div><div class=\"wpforms-field wpforms-field-hp\"><label for=\"wpforms-4684-field-hp\" class=\"wpforms-field-label\">Phone<\/label><input type=\"text\" name=\"wpforms[hp]\" id=\"wpforms-4684-field-hp\" class=\"wpforms-field-medium\"><\/div><div class=\"wpforms-recaptcha-container wpforms-is-recaptcha\"><div class=\"g-recaptcha\" data-sitekey=\"6LeX-R8TAAAAADA-ClPsvCvLb0QZZlrujKJzZuld\"><\/div><input type=\"text\" name=\"g-recaptcha-hidden\" class=\"wpforms-recaptcha-hidden\" style=\"position:absolute!important;clip:rect(0,0,0,0)!important;height:1px!important;width:1px!important;border:0!important;overflow:hidden!important;padding:0!important;margin:0!important;\" required><\/div><div class=\"wpforms-submit-container\"><input type=\"hidden\" name=\"wpforms[id]\" value=\"4684\"><input type=\"hidden\" name=\"wpforms[author]\" value=\"2\"><button type=\"submit\" name=\"wpforms[submit]\" id=\"wpforms-submit-4684\" class=\"wpforms-submit\" aria-live=\"assertive\" value=\"wpforms-submit\">Odeslat dotaz<\/button><\/div><\/form><\/div>  <!-- .wpforms-container -->\n<\/div><!-- Lightbox-lightbox -->\n\n<script>\njQuery(document).ready(function($) {\n\n      \n      $('a[href=\"#lightbox\"]').click(function(e){\n         \/\/ Close openend lightboxes\n         var delay = 0;\n         \n         if($.magnificPopup.open){\n            $.magnificPopup.close();\n            delay = 300;\n         }\n\n         \/\/ Start lightbox\n         setTimeout(function(){\n            $.magnificPopup.open({\n                  midClick: true,\n                  removalDelay: 300,\n                  items: {\n                    src: '#lightbox', \n                    type: 'inline'\n                  }\n            });\n          }, delay);\n\n        e.preventDefault();\n      });\n});\n<\/script>\n\n\n\t\t<style type=\"text\/css\">\n\t\t\t#gallery-1 {\n\t\t\t\tmargin: auto;\n\t\t\t}\n\t\t\t#gallery-1 .gallery-item {\n\t\t\t\tfloat: left;\n\t\t\t\tmargin-top: 10px;\n\t\t\t\ttext-align: center;\n\t\t\t\twidth: 33%;\n\t\t\t}\n\t\t\t#gallery-1 img {\n\t\t\t\tborder: 2px solid #cfcfcf;\n\t\t\t}\n\t\t\t#gallery-1 .gallery-caption {\n\t\t\t\tmargin-left: 0;\n\t\t\t}\n\t\t\t\/* see gallery_shortcode() in wp-includes\/media.php *\/\n\t\t<\/style>\n\t\t<div id='gallery-1' class='gallery galleryid-7333 gallery-columns-3 gallery-size-full'><dl class='gallery-item'>\n\t\t\t<dt class='gallery-icon landscape'>\n\t\t\t\t<a href='https:\/\/nobl.cz\/kancelarsky-nabytek\/wp-content\/uploads\/2018\/12\/kancelare-Dworkin.jpg'><img loading=\"lazy\" decoding=\"async\" width=\"1800\" height=\"1048\" src=\"https:\/\/nobl.cz\/kancelarsky-nabytek\/wp-content\/uploads\/2018\/12\/kancelare-Dworkin.jpg\" class=\"attachment-full size-full\" alt=\"\" srcset=\"https:\/\/nobl.cz\/kancelarsky-nabytek\/wp-content\/uploads\/2018\/12\/kancelare-Dworkin.jpg 1800w, https:\/\/nobl.cz\/kancelarsky-nabytek\/wp-content\/uploads\/2018\/12\/kancelare-Dworkin-510x297.jpg 510w\" sizes=\"(max-width: 1800px) 100vw, 1800px\" \/><\/a>\n\t\t\t<\/dt><\/dl><dl class='gallery-item'>\n\t\t\t<dt class='gallery-icon landscape'>\n\t\t\t\t<a href='https:\/\/nobl.cz\/kancelarsky-nabytek\/wp-content\/uploads\/2018\/12\/recepcemediclinic.jpg'><img loading=\"lazy\" decoding=\"async\" width=\"1336\" height=\"774\" src=\"https:\/\/nobl.cz\/kancelarsky-nabytek\/wp-content\/uploads\/2018\/12\/recepcemediclinic.jpg\" class=\"attachment-full size-full\" alt=\"\" srcset=\"https:\/\/nobl.cz\/kancelarsky-nabytek\/wp-content\/uploads\/2018\/12\/recepcemediclinic.jpg 1336w, https:\/\/nobl.cz\/kancelarsky-nabytek\/wp-content\/uploads\/2018\/12\/recepcemediclinic-510x295.jpg 510w\" sizes=\"(max-width: 1336px) 100vw, 1336px\" \/><\/a>\n\t\t\t<\/dt><\/dl><dl class='gallery-item'>\n\t\t\t<dt class='gallery-icon landscape'>\n\t\t\t\t<a href='https:\/\/nobl.cz\/kancelarsky-nabytek\/wp-content\/uploads\/2017\/02\/A8.jpg'><img loading=\"lazy\" decoding=\"async\" width=\"1336\" height=\"774\" src=\"https:\/\/nobl.cz\/kancelarsky-nabytek\/wp-content\/uploads\/2017\/02\/A8.jpg\" class=\"attachment-full size-full\" alt=\"\" srcset=\"https:\/\/nobl.cz\/kancelarsky-nabytek\/wp-content\/uploads\/2017\/02\/A8.jpg 1336w, https:\/\/nobl.cz\/kancelarsky-nabytek\/wp-content\/uploads\/2017\/02\/A8-800x463.jpg 800w, https:\/\/nobl.cz\/kancelarsky-nabytek\/wp-content\/uploads\/2017\/02\/A8-768x445.jpg 768w\" sizes=\"(max-width: 1336px) 100vw, 1336px\" \/><\/a>\n\t\t\t<\/dt><\/dl><br style=\"clear: both\" \/><dl class='gallery-item'>\n\t\t\t<dt class='gallery-icon landscape'>\n\t\t\t\t<a href='https:\/\/nobl.cz\/kancelarsky-nabytek\/wp-content\/uploads\/2017\/02\/A7.jpg'><img loading=\"lazy\" decoding=\"async\" width=\"1336\" height=\"774\" src=\"https:\/\/nobl.cz\/kancelarsky-nabytek\/wp-content\/uploads\/2017\/02\/A7.jpg\" class=\"attachment-full size-full\" alt=\"\" srcset=\"https:\/\/nobl.cz\/kancelarsky-nabytek\/wp-content\/uploads\/2017\/02\/A7.jpg 1336w, https:\/\/nobl.cz\/kancelarsky-nabytek\/wp-content\/uploads\/2017\/02\/A7-800x463.jpg 800w, https:\/\/nobl.cz\/kancelarsky-nabytek\/wp-content\/uploads\/2017\/02\/A7-768x445.jpg 768w\" sizes=\"(max-width: 1336px) 100vw, 1336px\" \/><\/a>\n\t\t\t<\/dt><\/dl><dl class='gallery-item'>\n\t\t\t<dt class='gallery-icon landscape'>\n\t\t\t\t<a href='https:\/\/nobl.cz\/kancelarsky-nabytek\/wp-content\/uploads\/2017\/02\/A3.png'><img loading=\"lazy\" decoding=\"async\" width=\"1384\" height=\"774\" src=\"https:\/\/nobl.cz\/kancelarsky-nabytek\/wp-content\/uploads\/2017\/02\/A3.png\" class=\"attachment-full size-full\" alt=\"\" srcset=\"https:\/\/nobl.cz\/kancelarsky-nabytek\/wp-content\/uploads\/2017\/02\/A3.png 1384w, https:\/\/nobl.cz\/kancelarsky-nabytek\/wp-content\/uploads\/2017\/02\/A3-800x447.png 800w, https:\/\/nobl.cz\/kancelarsky-nabytek\/wp-content\/uploads\/2017\/02\/A3-768x430.png 768w\" sizes=\"(max-width: 1384px) 100vw, 1384px\" \/><\/a>\n\t\t\t<\/dt><\/dl><dl class='gallery-item'>\n\t\t\t<dt class='gallery-icon landscape'>\n\t\t\t\t<a href='https:\/\/nobl.cz\/kancelarsky-nabytek\/wp-content\/uploads\/2018\/12\/recepce-Citfin1.jpg'><img loading=\"lazy\" decoding=\"async\" width=\"1336\" height=\"776\" src=\"https:\/\/nobl.cz\/kancelarsky-nabytek\/wp-content\/uploads\/2018\/12\/recepce-Citfin1.jpg\" class=\"attachment-full size-full\" alt=\"\" srcset=\"https:\/\/nobl.cz\/kancelarsky-nabytek\/wp-content\/uploads\/2018\/12\/recepce-Citfin1.jpg 1336w, https:\/\/nobl.cz\/kancelarsky-nabytek\/wp-content\/uploads\/2018\/12\/recepce-Citfin1-510x296.jpg 510w\" sizes=\"(max-width: 1336px) 100vw, 1336px\" \/><\/a>\n\t\t\t<\/dt><\/dl><br style=\"clear: both\" \/><dl class='gallery-item'>\n\t\t\t<dt class='gallery-icon landscape'>\n\t\t\t\t<a href='https:\/\/nobl.cz\/kancelarsky-nabytek\/wp-content\/uploads\/2017\/02\/A4.jpg'><img loading=\"lazy\" decoding=\"async\" width=\"1384\" height=\"774\" src=\"https:\/\/nobl.cz\/kancelarsky-nabytek\/wp-content\/uploads\/2017\/02\/A4.jpg\" class=\"attachment-full size-full\" alt=\"\" srcset=\"https:\/\/nobl.cz\/kancelarsky-nabytek\/wp-content\/uploads\/2017\/02\/A4.jpg 1384w, https:\/\/nobl.cz\/kancelarsky-nabytek\/wp-content\/uploads\/2017\/02\/A4-800x447.jpg 800w, https:\/\/nobl.cz\/kancelarsky-nabytek\/wp-content\/uploads\/2017\/02\/A4-768x430.jpg 768w\" sizes=\"(max-width: 1384px) 100vw, 1384px\" \/><\/a>\n\t\t\t<\/dt><\/dl><dl class='gallery-item'>\n\t\t\t<dt class='gallery-icon landscape'>\n\t\t\t\t<a href='https:\/\/nobl.cz\/kancelarsky-nabytek\/wp-content\/uploads\/2018\/12\/Kuchynka-Ixtent.jpg'><img loading=\"lazy\" decoding=\"async\" width=\"1500\" height=\"888\" src=\"https:\/\/nobl.cz\/kancelarsky-nabytek\/wp-content\/uploads\/2018\/12\/Kuchynka-Ixtent.jpg\" class=\"attachment-full size-full\" alt=\"\" srcset=\"https:\/\/nobl.cz\/kancelarsky-nabytek\/wp-content\/uploads\/2018\/12\/Kuchynka-Ixtent.jpg 1500w, https:\/\/nobl.cz\/kancelarsky-nabytek\/wp-content\/uploads\/2018\/12\/Kuchynka-Ixtent-510x302.jpg 510w\" sizes=\"(max-width: 1500px) 100vw, 1500px\" \/><\/a>\n\t\t\t<\/dt><\/dl><dl class='gallery-item'>\n\t\t\t<dt class='gallery-icon landscape'>\n\t\t\t\t<a href='https:\/\/nobl.cz\/kancelarsky-nabytek\/wp-content\/uploads\/2018\/12\/kuchynky-UK.jpg'><img loading=\"lazy\" decoding=\"async\" width=\"1500\" height=\"860\" src=\"https:\/\/nobl.cz\/kancelarsky-nabytek\/wp-content\/uploads\/2018\/12\/kuchynky-UK.jpg\" class=\"attachment-full size-full\" alt=\"\" srcset=\"https:\/\/nobl.cz\/kancelarsky-nabytek\/wp-content\/uploads\/2018\/12\/kuchynky-UK.jpg 1500w, https:\/\/nobl.cz\/kancelarsky-nabytek\/wp-content\/uploads\/2018\/12\/kuchynky-UK-510x292.jpg 510w\" sizes=\"(max-width: 1500px) 100vw, 1500px\" \/><\/a>\n\t\t\t<\/dt><\/dl><br style=\"clear: both\" \/><dl class='gallery-item'>\n\t\t\t<dt class='gallery-icon landscape'>\n\t\t\t\t<a href='https:\/\/nobl.cz\/kancelarsky-nabytek\/wp-content\/uploads\/2018\/12\/kuchynka1.jpg'><img loading=\"lazy\" decoding=\"async\" width=\"1500\" height=\"872\" src=\"https:\/\/nobl.cz\/kancelarsky-nabytek\/wp-content\/uploads\/2018\/12\/kuchynka1.jpg\" class=\"attachment-full size-full\" alt=\"\" srcset=\"https:\/\/nobl.cz\/kancelarsky-nabytek\/wp-content\/uploads\/2018\/12\/kuchynka1.jpg 1500w, https:\/\/nobl.cz\/kancelarsky-nabytek\/wp-content\/uploads\/2018\/12\/kuchynka1-510x296.jpg 510w\" sizes=\"(max-width: 1500px) 100vw, 1500px\" \/><\/a>\n\t\t\t<\/dt><\/dl><dl class='gallery-item'>\n\t\t\t<dt class='gallery-icon landscape'>\n\t\t\t\t<a href='https:\/\/nobl.cz\/kancelarsky-nabytek\/wp-content\/uploads\/2018\/12\/recepce-stiebel.jpg'><img loading=\"lazy\" decoding=\"async\" width=\"1392\" height=\"800\" src=\"https:\/\/nobl.cz\/kancelarsky-nabytek\/wp-content\/uploads\/2018\/12\/recepce-stiebel.jpg\" class=\"attachment-full size-full\" alt=\"\" srcset=\"https:\/\/nobl.cz\/kancelarsky-nabytek\/wp-content\/uploads\/2018\/12\/recepce-stiebel.jpg 1392w, https:\/\/nobl.cz\/kancelarsky-nabytek\/wp-content\/uploads\/2018\/12\/recepce-stiebel-510x293.jpg 510w\" sizes=\"(max-width: 1392px) 100vw, 1392px\" \/><\/a>\n\t\t\t<\/dt><\/dl><dl class='gallery-item'>\n\t\t\t<dt class='gallery-icon landscape'>\n\t\t\t\t<a href='https:\/\/nobl.cz\/kancelarsky-nabytek\/wp-content\/uploads\/2017\/02\/A9.jpg'><img loading=\"lazy\" decoding=\"async\" width=\"1384\" height=\"774\" src=\"https:\/\/nobl.cz\/kancelarsky-nabytek\/wp-content\/uploads\/2017\/02\/A9.jpg\" class=\"attachment-full size-full\" alt=\"\" srcset=\"https:\/\/nobl.cz\/kancelarsky-nabytek\/wp-content\/uploads\/2017\/02\/A9.jpg 1384w, https:\/\/nobl.cz\/kancelarsky-nabytek\/wp-content\/uploads\/2017\/02\/A9-800x447.jpg 800w, https:\/\/nobl.cz\/kancelarsky-nabytek\/wp-content\/uploads\/2017\/02\/A9-768x430.jpg 768w\" sizes=\"(max-width: 1384px) 100vw, 1384px\" \/><\/a>\n\t\t\t<\/dt><\/dl><br style=\"clear: both\" \/><dl class='gallery-item'>\n\t\t\t<dt class='gallery-icon landscape'>\n\t\t\t\t<a href='https:\/\/nobl.cz\/kancelarsky-nabytek\/wp-content\/uploads\/2018\/12\/jednacka-Dworkin.jpg'><img loading=\"lazy\" decoding=\"async\" width=\"1800\" height=\"1032\" src=\"https:\/\/nobl.cz\/kancelarsky-nabytek\/wp-content\/uploads\/2018\/12\/jednacka-Dworkin.jpg\" class=\"attachment-full size-full\" alt=\"\" srcset=\"https:\/\/nobl.cz\/kancelarsky-nabytek\/wp-content\/uploads\/2018\/12\/jednacka-Dworkin.jpg 1800w, https:\/\/nobl.cz\/kancelarsky-nabytek\/wp-content\/uploads\/2018\/12\/jednacka-Dworkin-510x292.jpg 510w\" sizes=\"(max-width: 1800px) 100vw, 1800px\" \/><\/a>\n\t\t\t<\/dt><\/dl><dl class='gallery-item'>\n\t\t\t<dt class='gallery-icon landscape'>\n\t\t\t\t<a href='https:\/\/nobl.cz\/kancelarsky-nabytek\/wp-content\/uploads\/2017\/02\/A2.jpg'><img loading=\"lazy\" decoding=\"async\" width=\"1384\" height=\"774\" src=\"https:\/\/nobl.cz\/kancelarsky-nabytek\/wp-content\/uploads\/2017\/02\/A2.jpg\" class=\"attachment-full size-full\" alt=\"\" srcset=\"https:\/\/nobl.cz\/kancelarsky-nabytek\/wp-content\/uploads\/2017\/02\/A2.jpg 1384w, https:\/\/nobl.cz\/kancelarsky-nabytek\/wp-content\/uploads\/2017\/02\/A2-800x447.jpg 800w, https:\/\/nobl.cz\/kancelarsky-nabytek\/wp-content\/uploads\/2017\/02\/A2-768x430.jpg 768w\" sizes=\"(max-width: 1384px) 100vw, 1384px\" \/><\/a>\n\t\t\t<\/dt><\/dl><dl class='gallery-item'>\n\t\t\t<dt class='gallery-icon landscape'>\n\t\t\t\t<a href='https:\/\/nobl.cz\/kancelarsky-nabytek\/wp-content\/uploads\/2017\/02\/A1.jpg'><img loading=\"lazy\" decoding=\"async\" width=\"1364\" height=\"774\" src=\"https:\/\/nobl.cz\/kancelarsky-nabytek\/wp-content\/uploads\/2017\/02\/A1.jpg\" class=\"attachment-full size-full\" alt=\"\" srcset=\"https:\/\/nobl.cz\/kancelarsky-nabytek\/wp-content\/uploads\/2017\/02\/A1.jpg 1364w, https:\/\/nobl.cz\/kancelarsky-nabytek\/wp-content\/uploads\/2017\/02\/A1-800x454.jpg 800w, https:\/\/nobl.cz\/kancelarsky-nabytek\/wp-content\/uploads\/2017\/02\/A1-768x436.jpg 768w\" sizes=\"(max-width: 1364px) 100vw, 1364px\" \/><\/a>\n\t\t\t<\/dt><\/dl><br style=\"clear: both\" \/><dl class='gallery-item'>\n\t\t\t<dt class='gallery-icon landscape'>\n\t\t\t\t<a href='https:\/\/nobl.cz\/kancelarsky-nabytek\/wp-content\/uploads\/2018\/12\/stavitelne-stoly.jpg.jpg'><img loading=\"lazy\" decoding=\"async\" width=\"1500\" height=\"860\" src=\"https:\/\/nobl.cz\/kancelarsky-nabytek\/wp-content\/uploads\/2018\/12\/stavitelne-stoly.jpg.jpg\" class=\"attachment-full size-full\" alt=\"\" srcset=\"https:\/\/nobl.cz\/kancelarsky-nabytek\/wp-content\/uploads\/2018\/12\/stavitelne-stoly.jpg.jpg 1500w, https:\/\/nobl.cz\/kancelarsky-nabytek\/wp-content\/uploads\/2018\/12\/stavitelne-stoly.jpg-510x292.jpg 510w\" sizes=\"(max-width: 1500px) 100vw, 1500px\" \/><\/a>\n\t\t\t<\/dt><\/dl><dl class='gallery-item'>\n\t\t\t<dt class='gallery-icon landscape'>\n\t\t\t\t<a href='https:\/\/nobl.cz\/kancelarsky-nabytek\/wp-content\/uploads\/2018\/12\/recepce-sterboholy.jpg'><img loading=\"lazy\" decoding=\"async\" width=\"1364\" height=\"774\" src=\"https:\/\/nobl.cz\/kancelarsky-nabytek\/wp-content\/uploads\/2018\/12\/recepce-sterboholy.jpg\" class=\"attachment-full size-full\" alt=\"\" srcset=\"https:\/\/nobl.cz\/kancelarsky-nabytek\/wp-content\/uploads\/2018\/12\/recepce-sterboholy.jpg 1364w, https:\/\/nobl.cz\/kancelarsky-nabytek\/wp-content\/uploads\/2018\/12\/recepce-sterboholy-510x289.jpg 510w\" sizes=\"(max-width: 1364px) 100vw, 1364px\" \/><\/a>\n\t\t\t<\/dt><\/dl><dl class='gallery-item'>\n\t\t\t<dt class='gallery-icon landscape'>\n\t\t\t\t<a href='https:\/\/nobl.cz\/kancelarsky-nabytek\/wp-content\/uploads\/2017\/02\/A6.jpg'><img loading=\"lazy\" decoding=\"async\" width=\"1384\" height=\"774\" src=\"https:\/\/nobl.cz\/kancelarsky-nabytek\/wp-content\/uploads\/2017\/02\/A6.jpg\" class=\"attachment-full size-full\" alt=\"\" srcset=\"https:\/\/nobl.cz\/kancelarsky-nabytek\/wp-content\/uploads\/2017\/02\/A6.jpg 1384w, https:\/\/nobl.cz\/kancelarsky-nabytek\/wp-content\/uploads\/2017\/02\/A6-800x447.jpg 800w, https:\/\/nobl.cz\/kancelarsky-nabytek\/wp-content\/uploads\/2017\/02\/A6-768x430.jpg 768w\" sizes=\"(max-width: 1384px) 100vw, 1384px\" \/><\/a>\n\t\t\t<\/dt><\/dl><br style=\"clear: both\" \/><dl class='gallery-item'>\n\t\t\t<dt class='gallery-icon landscape'>\n\t\t\t\t<a href='https:\/\/nobl.cz\/kancelarsky-nabytek\/wp-content\/uploads\/2017\/02\/A5.jpg'><img loading=\"lazy\" decoding=\"async\" width=\"1384\" height=\"774\" src=\"https:\/\/nobl.cz\/kancelarsky-nabytek\/wp-content\/uploads\/2017\/02\/A5.jpg\" class=\"attachment-full size-full\" alt=\"\" srcset=\"https:\/\/nobl.cz\/kancelarsky-nabytek\/wp-content\/uploads\/2017\/02\/A5.jpg 1384w, https:\/\/nobl.cz\/kancelarsky-nabytek\/wp-content\/uploads\/2017\/02\/A5-800x447.jpg 800w, https:\/\/nobl.cz\/kancelarsky-nabytek\/wp-content\/uploads\/2017\/02\/A5-768x430.jpg 768w\" sizes=\"(max-width: 1384px) 100vw, 1384px\" \/><\/a>\n\t\t\t<\/dt><\/dl><dl class='gallery-item'>\n\t\t\t<dt class='gallery-icon landscape'>\n\t\t\t\t<a href='https:\/\/nobl.cz\/kancelarsky-nabytek\/wp-content\/uploads\/2018\/12\/zasedacka-stiebel.jpg'><img loading=\"lazy\" decoding=\"async\" width=\"1392\" height=\"800\" src=\"https:\/\/nobl.cz\/kancelarsky-nabytek\/wp-content\/uploads\/2018\/12\/zasedacka-stiebel.jpg\" class=\"attachment-full size-full\" alt=\"\" srcset=\"https:\/\/nobl.cz\/kancelarsky-nabytek\/wp-content\/uploads\/2018\/12\/zasedacka-stiebel.jpg 1392w, https:\/\/nobl.cz\/kancelarsky-nabytek\/wp-content\/uploads\/2018\/12\/zasedacka-stiebel-510x293.jpg 510w\" sizes=\"(max-width: 1392px) 100vw, 1392px\" \/><\/a>\n\t\t\t<\/dt><\/dl><dl class='gallery-item'>\n\t\t\t<dt class='gallery-icon landscape'>\n\t\t\t\t<a href='https:\/\/nobl.cz\/kancelarsky-nabytek\/wp-content\/uploads\/2018\/12\/zasedacka-Tycov.jpg'><img loading=\"lazy\" decoding=\"async\" width=\"1364\" height=\"774\" src=\"https:\/\/nobl.cz\/kancelarsky-nabytek\/wp-content\/uploads\/2018\/12\/zasedacka-Tycov.jpg\" class=\"attachment-full size-full\" alt=\"\" srcset=\"https:\/\/nobl.cz\/kancelarsky-nabytek\/wp-content\/uploads\/2018\/12\/zasedacka-Tycov.jpg 1364w, https:\/\/nobl.cz\/kancelarsky-nabytek\/wp-content\/uploads\/2018\/12\/zasedacka-Tycov-510x289.jpg 510w\" sizes=\"(max-width: 1364px) 100vw, 1364px\" \/><\/a>\n\t\t\t<\/dt><\/dl><br style=\"clear: both\" \/><dl class='gallery-item'>\n\t\t\t<dt class='gallery-icon landscape'>\n\t\t\t\t<a href='https:\/\/nobl.cz\/kancelarsky-nabytek\/wp-content\/uploads\/2018\/12\/Recepce-bohemia.jpg'><img loading=\"lazy\" decoding=\"async\" width=\"2000\" height=\"1160\" src=\"https:\/\/nobl.cz\/kancelarsky-nabytek\/wp-content\/uploads\/2018\/12\/Recepce-bohemia.jpg\" class=\"attachment-full size-full\" alt=\"\" srcset=\"https:\/\/nobl.cz\/kancelarsky-nabytek\/wp-content\/uploads\/2018\/12\/Recepce-bohemia.jpg 2000w, https:\/\/nobl.cz\/kancelarsky-nabytek\/wp-content\/uploads\/2018\/12\/Recepce-bohemia-510x296.jpg 510w\" sizes=\"(max-width: 2000px) 100vw, 2000px\" \/><\/a>\n\t\t\t<\/dt><\/dl><dl class='gallery-item'>\n\t\t\t<dt class='gallery-icon landscape'>\n\t\t\t\t<a href='https:\/\/nobl.cz\/kancelarsky-nabytek\/wp-content\/uploads\/2018\/12\/kuchynka-stiebel.jpg'><img loading=\"lazy\" decoding=\"async\" width=\"1392\" height=\"800\" src=\"https:\/\/nobl.cz\/kancelarsky-nabytek\/wp-content\/uploads\/2018\/12\/kuchynka-stiebel.jpg\" class=\"attachment-full size-full\" alt=\"\" srcset=\"https:\/\/nobl.cz\/kancelarsky-nabytek\/wp-content\/uploads\/2018\/12\/kuchynka-stiebel.jpg 1392w, https:\/\/nobl.cz\/kancelarsky-nabytek\/wp-content\/uploads\/2018\/12\/kuchynka-stiebel-510x293.jpg 510w\" sizes=\"(max-width: 1392px) 100vw, 1392px\" \/><\/a>\n\t\t\t<\/dt><\/dl><dl class='gallery-item'>\n\t\t\t<dt class='gallery-icon landscape'>\n\t\t\t\t<a href='https:\/\/nobl.cz\/kancelarsky-nabytek\/wp-content\/uploads\/2018\/12\/kancelar-tycov.jpg'><img loading=\"lazy\" decoding=\"async\" width=\"1364\" height=\"774\" src=\"https:\/\/nobl.cz\/kancelarsky-nabytek\/wp-content\/uploads\/2018\/12\/kancelar-tycov.jpg\" class=\"attachment-full size-full\" alt=\"\" srcset=\"https:\/\/nobl.cz\/kancelarsky-nabytek\/wp-content\/uploads\/2018\/12\/kancelar-tycov.jpg 1364w, https:\/\/nobl.cz\/kancelarsky-nabytek\/wp-content\/uploads\/2018\/12\/kancelar-tycov-510x289.jpg 510w\" sizes=\"(max-width: 1364px) 100vw, 1364px\" \/><\/a>\n\t\t\t<\/dt><\/dl><br style=\"clear: both\" \/><dl class='gallery-item'>\n\t\t\t<dt class='gallery-icon landscape'>\n\t\t\t\t<a href='https:\/\/nobl.cz\/kancelarsky-nabytek\/wp-content\/uploads\/2018\/12\/recepce-citfin.jpg'><img loading=\"lazy\" decoding=\"async\" width=\"1336\" height=\"776\" src=\"https:\/\/nobl.cz\/kancelarsky-nabytek\/wp-content\/uploads\/2018\/12\/recepce-citfin.jpg\" class=\"attachment-full size-full\" alt=\"\" srcset=\"https:\/\/nobl.cz\/kancelarsky-nabytek\/wp-content\/uploads\/2018\/12\/recepce-citfin.jpg 1336w, https:\/\/nobl.cz\/kancelarsky-nabytek\/wp-content\/uploads\/2018\/12\/recepce-citfin-510x296.jpg 510w\" sizes=\"(max-width: 1336px) 100vw, 1336px\" \/><\/a>\n\t\t\t<\/dt><\/dl><dl class='gallery-item'>\n\t\t\t<dt class='gallery-icon landscape'>\n\t\t\t\t<a href='https:\/\/nobl.cz\/kancelarsky-nabytek\/wp-content\/uploads\/2018\/12\/kancelare-Ixtent.jpg'><img loading=\"lazy\" decoding=\"async\" width=\"1500\" height=\"872\" src=\"https:\/\/nobl.cz\/kancelarsky-nabytek\/wp-content\/uploads\/2018\/12\/kancelare-Ixtent.jpg\" class=\"attachment-full size-full\" alt=\"\" srcset=\"https:\/\/nobl.cz\/kancelarsky-nabytek\/wp-content\/uploads\/2018\/12\/kancelare-Ixtent.jpg 1500w, https:\/\/nobl.cz\/kancelarsky-nabytek\/wp-content\/uploads\/2018\/12\/kancelare-Ixtent-510x296.jpg 510w\" sizes=\"(max-width: 1500px) 100vw, 1500px\" \/><\/a>\n\t\t\t<\/dt><\/dl>\n\t\t\t<br style='clear: both' \/>\n\t\t<\/div>\n\n","protected":false},"excerpt":{"rendered":"","protected":false},"author":2,"featured_media":0,"parent":0,"menu_order":0,"comment_status":"closed","ping_status":"closed","template":"page-blank.php","meta":{"footnotes":""},"yoast_head":"<!-- This site is optimized with the Yoast SEO plugin v17.9 - https:\/\/yoast.com\/wordpress\/plugins\/seo\/ -->\n<title>3D Vizualizace - NO+BL kancel\u00e1\u0159sk\u00fd n\u00e1bytek a kancel\u00e1\u0159sk\u00e9 \u017eidle Praha<\/title>\n<meta name=\"robots\" content=\"index, follow, max-snippet:-1, max-image-preview:large, max-video-preview:-1\" \/>\n<link rel=\"canonical\" href=\"https:\/\/nobl.cz\/kancelarsky-nabytek\/3d-vizualizace\/\" \/>\n<meta property=\"og:locale\" content=\"cs_CZ\" \/>\n<meta property=\"og:type\" content=\"article\" \/>\n<meta property=\"og:title\" content=\"3D Vizualizace - NO+BL kancel\u00e1\u0159sk\u00fd n\u00e1bytek a kancel\u00e1\u0159sk\u00e9 \u017eidle Praha\" \/>\n<meta property=\"og:url\" content=\"https:\/\/nobl.cz\/kancelarsky-nabytek\/3d-vizualizace\/\" \/>\n<meta property=\"og:site_name\" content=\"NO+BL kancel\u00e1\u0159sk\u00fd n\u00e1bytek a kancel\u00e1\u0159sk\u00e9 \u017eidle Praha\" \/>\n<meta property=\"article:modified_time\" content=\"2018-12-05T12:53:21+00:00\" \/>\n<meta property=\"og:image\" content=\"https:\/\/nobl.cz\/kancelarsky-nabytek\/wp-content\/uploads\/2018\/12\/zasedacka-stiebel.jpg\" \/>\n<meta name=\"twitter:card\" content=\"summary\" \/>\n<script type=\"application\/ld+json\" class=\"yoast-schema-graph\">{\"@context\":\"https:\/\/schema.org\",\"@graph\":[{\"@type\":\"WebSite\",\"@id\":\"https:\/\/nobl.cz\/kancelarsky-nabytek\/#website\",\"url\":\"https:\/\/nobl.cz\/kancelarsky-nabytek\/\",\"name\":\"NO+BL kancel\\u00e1\\u0159sk\\u00fd n\\u00e1bytek a kancel\\u00e1\\u0159sk\\u00e9 \\u017eidle Praha\",\"description\":\"V\\u00e1\\u0161 prodejce kancel\\u00e1\\u0159sk\\u00e9ho n\\u00e1bytku a kancel\\u00e1\\u0159sk\\u00fdch k\\u0159esel v Praze s tradic\\u00ed ji\\u017e v\\u00edce jak 33 let. Nab\\u00edz\\u00edme tak\\u00e9 opravy kancel\\u00e1\\u0159sk\\u00fdch \\u017eidl\\u00ed.\",\"potentialAction\":[{\"@type\":\"SearchAction\",\"target\":{\"@type\":\"EntryPoint\",\"urlTemplate\":\"https:\/\/nobl.cz\/kancelarsky-nabytek\/?s={search_term_string}\"},\"query-input\":\"required name=search_term_string\"}],\"inLanguage\":\"cs\"},{\"@type\":\"WebPage\",\"@id\":\"https:\/\/nobl.cz\/kancelarsky-nabytek\/3d-vizualizace\/#webpage\",\"url\":\"https:\/\/nobl.cz\/kancelarsky-nabytek\/3d-vizualizace\/\",\"name\":\"3D Vizualizace - NO+BL kancel\\u00e1\\u0159sk\\u00fd n\\u00e1bytek a kancel\\u00e1\\u0159sk\\u00e9 \\u017eidle Praha\",\"isPartOf\":{\"@id\":\"https:\/\/nobl.cz\/kancelarsky-nabytek\/#website\"},\"datePublished\":\"2017-02-16T19:47:17+00:00\",\"dateModified\":\"2018-12-05T12:53:21+00:00\",\"breadcrumb\":{\"@id\":\"https:\/\/nobl.cz\/kancelarsky-nabytek\/3d-vizualizace\/#breadcrumb\"},\"inLanguage\":\"cs\",\"potentialAction\":[{\"@type\":\"ReadAction\",\"target\":[\"https:\/\/nobl.cz\/kancelarsky-nabytek\/3d-vizualizace\/\"]}]},{\"@type\":\"BreadcrumbList\",\"@id\":\"https:\/\/nobl.cz\/kancelarsky-nabytek\/3d-vizualizace\/#breadcrumb\",\"itemListElement\":[{\"@type\":\"ListItem\",\"position\":1,\"name\":\"Dom\\u016f\",\"item\":\"https:\/\/nobl.cz\/kancelarsky-nabytek\/\"},{\"@type\":\"ListItem\",\"position\":2,\"name\":\"3D Vizualizace\"}]}]}<\/script>\n<!-- \/ Yoast SEO plugin. -->","yoast_head_json":{"title":"3D Vizualizace - NO+BL kancel\u00e1\u0159sk\u00fd n\u00e1bytek a kancel\u00e1\u0159sk\u00e9 \u017eidle Praha","robots":{"index":"index","follow":"follow","max-snippet":"max-snippet:-1","max-image-preview":"max-image-preview:large","max-video-preview":"max-video-preview:-1"},"canonical":"https:\/\/nobl.cz\/kancelarsky-nabytek\/3d-vizualizace\/","og_locale":"cs_CZ","og_type":"article","og_title":"3D Vizualizace - NO+BL kancel\u00e1\u0159sk\u00fd n\u00e1bytek a kancel\u00e1\u0159sk\u00e9 \u017eidle Praha","og_url":"https:\/\/nobl.cz\/kancelarsky-nabytek\/3d-vizualizace\/","og_site_name":"NO+BL kancel\u00e1\u0159sk\u00fd n\u00e1bytek a kancel\u00e1\u0159sk\u00e9 \u017eidle Praha","article_modified_time":"2018-12-05T12:53:21+00:00","og_image":[{"url":"https:\/\/nobl.cz\/kancelarsky-nabytek\/wp-content\/uploads\/2018\/12\/zasedacka-stiebel.jpg"}],"twitter_card":"summary","schema":{"@context":"https:\/\/schema.org","@graph":[{"@type":"WebSite","@id":"https:\/\/nobl.cz\/kancelarsky-nabytek\/#website","url":"https:\/\/nobl.cz\/kancelarsky-nabytek\/","name":"NO+BL kancel\u00e1\u0159sk\u00fd n\u00e1bytek a kancel\u00e1\u0159sk\u00e9 \u017eidle Praha","description":"V\u00e1\u0161 prodejce kancel\u00e1\u0159sk\u00e9ho n\u00e1bytku a kancel\u00e1\u0159sk\u00fdch k\u0159esel v Praze s tradic\u00ed ji\u017e v\u00edce jak 33 let. Nab\u00edz\u00edme tak\u00e9 opravy kancel\u00e1\u0159sk\u00fdch \u017eidl\u00ed.","potentialAction":[{"@type":"SearchAction","target":{"@type":"EntryPoint","urlTemplate":"https:\/\/nobl.cz\/kancelarsky-nabytek\/?s={search_term_string}"},"query-input":"required name=search_term_string"}],"inLanguage":"cs"},{"@type":"WebPage","@id":"https:\/\/nobl.cz\/kancelarsky-nabytek\/3d-vizualizace\/#webpage","url":"https:\/\/nobl.cz\/kancelarsky-nabytek\/3d-vizualizace\/","name":"3D Vizualizace - NO+BL kancel\u00e1\u0159sk\u00fd n\u00e1bytek a kancel\u00e1\u0159sk\u00e9 \u017eidle Praha","isPartOf":{"@id":"https:\/\/nobl.cz\/kancelarsky-nabytek\/#website"},"datePublished":"2017-02-16T19:47:17+00:00","dateModified":"2018-12-05T12:53:21+00:00","breadcrumb":{"@id":"https:\/\/nobl.cz\/kancelarsky-nabytek\/3d-vizualizace\/#breadcrumb"},"inLanguage":"cs","potentialAction":[{"@type":"ReadAction","target":["https:\/\/nobl.cz\/kancelarsky-nabytek\/3d-vizualizace\/"]}]},{"@type":"BreadcrumbList","@id":"https:\/\/nobl.cz\/kancelarsky-nabytek\/3d-vizualizace\/#breadcrumb","itemListElement":[{"@type":"ListItem","position":1,"name":"Dom\u016f","item":"https:\/\/nobl.cz\/kancelarsky-nabytek\/"},{"@type":"ListItem","position":2,"name":"3D Vizualizace"}]}]}},"_links":{"self":[{"href":"https:\/\/nobl.cz\/kancelarsky-nabytek\/wp-json\/wp\/v2\/pages\/7333"}],"collection":[{"href":"https:\/\/nobl.cz\/kancelarsky-nabytek\/wp-json\/wp\/v2\/pages"}],"about":[{"href":"https:\/\/nobl.cz\/kancelarsky-nabytek\/wp-json\/wp\/v2\/types\/page"}],"author":[{"embeddable":true,"href":"https:\/\/nobl.cz\/kancelarsky-nabytek\/wp-json\/wp\/v2\/users\/2"}],"replies":[{"embeddable":true,"href":"https:\/\/nobl.cz\/kancelarsky-nabytek\/wp-json\/wp\/v2\/comments?post=7333"}],"version-history":[{"count":6,"href":"https:\/\/nobl.cz\/kancelarsky-nabytek\/wp-json\/wp\/v2\/pages\/7333\/revisions"}],"predecessor-version":[{"id":8030,"href":"https:\/\/nobl.cz\/kancelarsky-nabytek\/wp-json\/wp\/v2\/pages\/7333\/revisions\/8030"}],"wp:attachment":[{"href":"https:\/\/nobl.cz\/kancelarsky-nabytek\/wp-json\/wp\/v2\/media?parent=7333"}],"curies":[{"name":"wp","href":"https:\/\/api.w.org\/{rel}","templated":true}]}}