{"id":8916,"date":"2022-10-04T10:14:01","date_gmt":"2022-10-04T09:14:01","guid":{"rendered":"https:\/\/nobl.cz\/kancelarsky-nabytek\/?page_id=8916"},"modified":"2025-06-04T09:15:24","modified_gmt":"2025-06-04T08:15:24","slug":"jednaci-mistnosti","status":"publish","type":"page","link":"https:\/\/nobl.cz\/kancelarsky-nabytek\/atypicky-nabytek-na-miru\/jednaci-mistnosti\/","title":{"rendered":"Jednac\u00ed m\u00edstnosti na zak\u00e1zku"},"content":{"rendered":"<h3 class=\"section-title clearfix title_bold \"><span>Jednac\u00ed m\u00edstnosti na zak\u00e1zku<\/span>  <\/h3><!-- end section_title -->\n\t<div  class=\"row container \">\n<div class=\"small-12    large-12  columns   \"  ><div class=\"column-inner\"  >\n<h3>Uk\u00e1zky n\u00e1vrh\u016f i realizac\u00ed na m\u00edru vyroben\u00fdch jednac\u00edch m\u00edstnost\u00ed<\/h3>\n<p>Na\u0161i projektanti V\u00e1m r\u00e1di p\u0159iprav\u00ed n\u00e1vrhy atypick\u00e9ho \u0159e\u0161en\u00ed podle Va\u0161eho zad\u00e1n\u00ed. Sta\u010d\u00ed kliknout na tento odkaz. Obratem se s\u00a0V\u00e1mi spoj\u00edme a okam\u017eit\u011b projedn\u00e1me Va\u0161e po\u017eadavky.<\/p>\n<\/div><\/div>\n<\/div>\n  \n\t<div  class=\"row container \">\n<div class=\"small-12 text-center     large-12  columns   \"  ><div class=\"column-inner\"  0>\n<a href=\"#lightbox\" class=\"button large primary alt-button\" >Dotaz na jednac\u00ed m\u00edstnost?<\/a>\n \n\n<div id=\"lightbox\" class=\"mfp-hide mfp-content-inner lightbox-white\" style=\"max-width:600px;padding:20px\">\n    <div class=\"wpforms-container wpforms-container-full\" id=\"wpforms-5938\"><form id=\"wpforms-form-5938\" class=\"wpforms-validate wpforms-form\" data-formid=\"5938\" method=\"post\" enctype=\"multipart\/form-data\" action=\"\/kancelarsky-nabytek\/wp-json\/wp\/v2\/pages\/8916\" data-token=\"b11906bde0cb915a65fe893843db8a68\"><noscript class=\"wpforms-error-noscript\">Chcete-li vyplnit tento formul\u00e1\u0159, pros\u00edm povolte v prohl\u00ed\u017ee\u010di JavaScript.<\/noscript><div class=\"wpforms-field-container\"><div id=\"wpforms-5938-field_2-container\" class=\"wpforms-field wpforms-field-radio\" data-field-id=\"2\"><label class=\"wpforms-field-label\" for=\"wpforms-5938-field_2\">O jak\u00fd typ n\u00e1bytku na zak\u00e1zku m\u00e1te z\u00e1jem? <span class=\"wpforms-required-label\">*<\/span><\/label><ul id=\"wpforms-5938-field_2\" class=\"wpforms-field-required\"><li class=\"choice-1 depth-1\"><input type=\"radio\" id=\"wpforms-5938-field_2_1\" name=\"wpforms[fields][2]\" value=\"Recepce na zak\u00e1zku\" required ><label class=\"wpforms-field-label-inline\" for=\"wpforms-5938-field_2_1\">Recepce na zak\u00e1zku<\/label><\/li><li class=\"choice-2 depth-1\"><input type=\"radio\" id=\"wpforms-5938-field_2_2\" name=\"wpforms[fields][2]\" value=\"Jednac\u00ed m\u00edstnosti\" required ><label class=\"wpforms-field-label-inline\" for=\"wpforms-5938-field_2_2\">Jednac\u00ed m\u00edstnosti<\/label><\/li><li class=\"choice-3 depth-1\"><input type=\"radio\" id=\"wpforms-5938-field_2_3\" name=\"wpforms[fields][2]\" value=\"Kuchy\u0148ky a j\u00eddelny\" required ><label class=\"wpforms-field-label-inline\" for=\"wpforms-5938-field_2_3\">Kuchy\u0148ky a j\u00eddelny<\/label><\/li><li class=\"choice-4 depth-1\"><input type=\"radio\" id=\"wpforms-5938-field_2_4\" name=\"wpforms[fields][2]\" value=\"V\u00fd\u0161kov\u011b staviteln\u00e9 stoly\" required ><label class=\"wpforms-field-label-inline\" for=\"wpforms-5938-field_2_4\">V\u00fd\u0161kov\u011b staviteln\u00e9 stoly<\/label><\/li><li class=\"choice-5 depth-1\"><input type=\"radio\" id=\"wpforms-5938-field_2_5\" name=\"wpforms[fields][2]\" value=\"Prodejny a vzorkovny\" required ><label class=\"wpforms-field-label-inline\" for=\"wpforms-5938-field_2_5\">Prodejny a vzorkovny<\/label><\/li><li class=\"choice-6 depth-1\"><input type=\"radio\" id=\"wpforms-5938-field_2_6\" name=\"wpforms[fields][2]\" value=\"L\u00e9ka\u0159sk\u00fd n\u00e1bytek\" required ><label class=\"wpforms-field-label-inline\" for=\"wpforms-5938-field_2_6\">L\u00e9ka\u0159sk\u00fd n\u00e1bytek<\/label><\/li><li class=\"choice-7 depth-1\"><input type=\"radio\" id=\"wpforms-5938-field_2_7\" name=\"wpforms[fields][2]\" value=\"Jin\u00e9\" required ><label class=\"wpforms-field-label-inline\" for=\"wpforms-5938-field_2_7\">Jin\u00e9<\/label><\/li><\/ul><\/div><div id=\"wpforms-5938-field_4-container\" class=\"wpforms-field wpforms-field-textarea\" data-field-id=\"4\"><label class=\"wpforms-field-label\" for=\"wpforms-5938-field_4\">Up\u0159esn\u011bte pros\u00edm Va\u0161i popt\u00e1vku: <span class=\"wpforms-required-label\">*<\/span><\/label><textarea id=\"wpforms-5938-field_4\" class=\"wpforms-field-medium wpforms-field-required\" name=\"wpforms[fields][4]\" required><\/textarea><\/div><div id=\"wpforms-5938-field_0-container\" class=\"wpforms-field wpforms-field-name\" data-field-id=\"0\"><label class=\"wpforms-field-label\" for=\"wpforms-5938-field_0\">Firma \/ Va\u0161e jm\u00e9no: <span class=\"wpforms-required-label\">*<\/span><\/label><input type=\"text\" id=\"wpforms-5938-field_0\" class=\"wpforms-field-medium wpforms-field-required\" name=\"wpforms[fields][0]\" required><\/div><div id=\"wpforms-5938-field_1-container\" class=\"wpforms-field wpforms-field-email\" data-field-id=\"1\"><label class=\"wpforms-field-label\" for=\"wpforms-5938-field_1\">E-mail <span class=\"wpforms-required-label\">*<\/span><\/label><input type=\"email\" id=\"wpforms-5938-field_1\" class=\"wpforms-field-medium wpforms-field-required\" name=\"wpforms[fields][1]\" required><\/div><div id=\"wpforms-5938-field_3-container\" class=\"wpforms-field wpforms-field-text\" data-field-id=\"3\"><label class=\"wpforms-field-label\" for=\"wpforms-5938-field_3\">Telefonn\u00ed kontakt: <span class=\"wpforms-required-label\">*<\/span><\/label><input type=\"text\" id=\"wpforms-5938-field_3\" class=\"wpforms-field-medium wpforms-field-required\" name=\"wpforms[fields][3]\" required><\/div><div id=\"wpforms-5938-field_6-container\" class=\"wpforms-field wpforms-field-html\" data-field-id=\"6\"><div id=\"wpforms-5938-field_6\">Pros\u00edme, \u010dt\u011bte na\u0161e: <a href=\"https:\/\/nobl.cz\/kancelarsky-nabytek\/zasady-ochrany-osobnich-udaju\/\" target=\"_blank\">Z\u00e1sady ochrany osobn\u00edch \u00fadaj\u016f (GDPR)<\/a><\/div><\/div><div id=\"wpforms-5938-field_5-container\" class=\"wpforms-field wpforms-field-checkbox\" data-field-id=\"5\"><label class=\"wpforms-field-label wpforms-label-hide\" for=\"wpforms-5938-field_5\">Pou\u017eit\u00edm tohoto formul\u00e1\u0159e souhlas\u00edte s na\u0161imi z\u00e1sadami ochrany osobn\u00edch \u00fadaj\u016f.<\/label><ul id=\"wpforms-5938-field_5\"><li class=\"choice-1 depth-1\"><input type=\"checkbox\" id=\"wpforms-5938-field_5_1\" name=\"wpforms[fields][5][]\" value=\"Potvr\u010fte sv\u016fj souhlas se zpracov\u00e1n\u00edm osobn\u00edch \u00fadaj\u016f dle GDPR.\"  ><label class=\"wpforms-field-label-inline\" for=\"wpforms-5938-field_5_1\">Potvr\u010fte sv\u016fj souhlas se zpracov\u00e1n\u00edm osobn\u00edch \u00fadaj\u016f dle GDPR.<\/label><\/li><\/ul><\/div><div id=\"wpforms-5938-field_7-container\" class=\"wpforms-field wpforms-field-hidden\" data-field-id=\"7\"><input type=\"hidden\" id=\"wpforms-5938-field_7\" name=\"wpforms[fields][7]\" value=\"https:\/\/nobl.cz\/kancelarsky-nabytek\/kancelarsky-nabytek\/wp-json\/wp\/v2\/pages\/8916\"><\/div><\/div><div class=\"wpforms-field wpforms-field-hp\"><label for=\"wpforms-5938-field-hp\" class=\"wpforms-field-label\">Name<\/label><input type=\"text\" name=\"wpforms[hp]\" id=\"wpforms-5938-field-hp\" class=\"wpforms-field-medium\"><\/div><div class=\"wpforms-recaptcha-container wpforms-is-recaptcha\"><div class=\"g-recaptcha\" data-sitekey=\"6LeX-R8TAAAAADA-ClPsvCvLb0QZZlrujKJzZuld\"><\/div><input type=\"text\" name=\"g-recaptcha-hidden\" class=\"wpforms-recaptcha-hidden\" style=\"position:absolute!important;clip:rect(0,0,0,0)!important;height:1px!important;width:1px!important;border:0!important;overflow:hidden!important;padding:0!important;margin:0!important;\" required><\/div><div class=\"wpforms-submit-container\"><input type=\"hidden\" name=\"wpforms[id]\" value=\"5938\"><input type=\"hidden\" name=\"wpforms[author]\" value=\"3\"><button type=\"submit\" name=\"wpforms[submit]\" id=\"wpforms-submit-5938\" class=\"wpforms-submit\" aria-live=\"assertive\" value=\"wpforms-submit\">Odeslat nez\u00e1vaznou popt\u00e1vku<\/button><\/div><\/form><\/div>  <!-- .wpforms-container -->\n<\/div><!-- Lightbox-lightbox -->\n\n<script>\njQuery(document).ready(function($) {\n\n      \n      $('a[href=\"#lightbox\"]').click(function(e){\n         \/\/ Close openend lightboxes\n         var delay = 0;\n         \n         if($.magnificPopup.open){\n            $.magnificPopup.close();\n            delay = 300;\n         }\n\n         \/\/ Start lightbox\n         setTimeout(function(){\n            $.magnificPopup.open({\n                  midClick: true,\n                  removalDelay: 300,\n                  items: {\n                    src: '#lightbox', \n                    type: 'inline'\n                  }\n            });\n          }, delay);\n\n        e.preventDefault();\n      });\n});\n<\/script>\n\n<\/div><\/div>\n<\/div>\n  \n\n     \n     <section  class=\"ux-section\" style=\"padding:60px 0;margin-bottom:0px!important;\">  \n      \n      \n     <div class=\"ux-section-content\">\n\n\t\t<style type=\"text\/css\">\n\t\t\t#gallery-1 {\n\t\t\t\tmargin: auto;\n\t\t\t}\n\t\t\t#gallery-1 .gallery-item {\n\t\t\t\tfloat: left;\n\t\t\t\tmargin-top: 10px;\n\t\t\t\ttext-align: center;\n\t\t\t\twidth: 25%;\n\t\t\t}\n\t\t\t#gallery-1 img {\n\t\t\t\tborder: 2px solid #cfcfcf;\n\t\t\t}\n\t\t\t#gallery-1 .gallery-caption {\n\t\t\t\tmargin-left: 0;\n\t\t\t}\n\t\t\t\/* see gallery_shortcode() in wp-includes\/media.php *\/\n\t\t<\/style>\n\t\t<div id='gallery-1' class='gallery galleryid-8916 gallery-columns-4 gallery-size-medium'><dl class='gallery-item'>\n\t\t\t<dt class='gallery-icon landscape'>\n\t\t\t\t<a href='https:\/\/nobl.cz\/kancelarsky-nabytek\/wp-content\/uploads\/2022\/10\/Dedalo-1-1.jpg'><img loading=\"lazy\" decoding=\"async\" width=\"800\" height=\"600\" src=\"https:\/\/nobl.cz\/kancelarsky-nabytek\/wp-content\/uploads\/2022\/10\/Dedalo-1-1-800x600.jpg\" class=\"attachment-medium size-medium\" alt=\"\" aria-describedby=\"gallery-1-8932\" srcset=\"https:\/\/nobl.cz\/kancelarsky-nabytek\/wp-content\/uploads\/2022\/10\/Dedalo-1-1-800x600.jpg 800w, https:\/\/nobl.cz\/kancelarsky-nabytek\/wp-content\/uploads\/2022\/10\/Dedalo-1-1-1600x1200.jpg 1600w, https:\/\/nobl.cz\/kancelarsky-nabytek\/wp-content\/uploads\/2022\/10\/Dedalo-1-1-768x576.jpg 768w, https:\/\/nobl.cz\/kancelarsky-nabytek\/wp-content\/uploads\/2022\/10\/Dedalo-1-1-1536x1152.jpg 1536w, https:\/\/nobl.cz\/kancelarsky-nabytek\/wp-content\/uploads\/2022\/10\/Dedalo-1-1-510x383.jpg 510w, https:\/\/nobl.cz\/kancelarsky-nabytek\/wp-content\/uploads\/2022\/10\/Dedalo-1-1.jpg 1632w\" sizes=\"(max-width: 800px) 100vw, 800px\" \/><\/a>\n\t\t\t<\/dt>\n\t\t\t\t<dd class='wp-caption-text gallery-caption' id='gallery-1-8932'>\n\t\t\t\tSt\u016fl se sklen\u011bnou deskou a chromovou podno\u017e\u00ed\n\t\t\t\t<\/dd><\/dl><dl class='gallery-item'>\n\t\t\t<dt class='gallery-icon landscape'>\n\t\t\t\t<a href='https:\/\/nobl.cz\/kancelarsky-nabytek\/wp-content\/uploads\/2022\/10\/Dedalo-2.jpg'><img loading=\"lazy\" decoding=\"async\" width=\"800\" height=\"735\" src=\"https:\/\/nobl.cz\/kancelarsky-nabytek\/wp-content\/uploads\/2022\/10\/Dedalo-2-800x735.jpg\" class=\"attachment-medium size-medium\" alt=\"\" aria-describedby=\"gallery-1-9018\" srcset=\"https:\/\/nobl.cz\/kancelarsky-nabytek\/wp-content\/uploads\/2022\/10\/Dedalo-2-800x735.jpg 800w, https:\/\/nobl.cz\/kancelarsky-nabytek\/wp-content\/uploads\/2022\/10\/Dedalo-2-768x706.jpg 768w, https:\/\/nobl.cz\/kancelarsky-nabytek\/wp-content\/uploads\/2022\/10\/Dedalo-2-510x469.jpg 510w, https:\/\/nobl.cz\/kancelarsky-nabytek\/wp-content\/uploads\/2022\/10\/Dedalo-2.jpg 1259w\" sizes=\"(max-width: 800px) 100vw, 800px\" \/><\/a>\n\t\t\t<\/dt>\n\t\t\t\t<dd class='wp-caption-text gallery-caption' id='gallery-1-9018'>\n\t\t\t\tSt\u016fl se sklen\u011bnou deskou, polok\u0159es\u00edlka Fan\n\t\t\t\t<\/dd><\/dl><dl class='gallery-item'>\n\t\t\t<dt class='gallery-icon landscape'>\n\t\t\t\t<a href='https:\/\/nobl.cz\/kancelarsky-nabytek\/wp-content\/uploads\/2022\/10\/DIGITRY_8.jpg'><img loading=\"lazy\" decoding=\"async\" width=\"800\" height=\"600\" src=\"https:\/\/nobl.cz\/kancelarsky-nabytek\/wp-content\/uploads\/2022\/10\/DIGITRY_8-800x600.jpg\" class=\"attachment-medium size-medium\" alt=\"\" aria-describedby=\"gallery-1-9019\" srcset=\"https:\/\/nobl.cz\/kancelarsky-nabytek\/wp-content\/uploads\/2022\/10\/DIGITRY_8-800x600.jpg 800w, https:\/\/nobl.cz\/kancelarsky-nabytek\/wp-content\/uploads\/2022\/10\/DIGITRY_8-1600x1200.jpg 1600w, https:\/\/nobl.cz\/kancelarsky-nabytek\/wp-content\/uploads\/2022\/10\/DIGITRY_8-768x576.jpg 768w, https:\/\/nobl.cz\/kancelarsky-nabytek\/wp-content\/uploads\/2022\/10\/DIGITRY_8-1536x1152.jpg 1536w, https:\/\/nobl.cz\/kancelarsky-nabytek\/wp-content\/uploads\/2022\/10\/DIGITRY_8-510x383.jpg 510w, https:\/\/nobl.cz\/kancelarsky-nabytek\/wp-content\/uploads\/2022\/10\/DIGITRY_8.jpg 2000w\" sizes=\"(max-width: 800px) 100vw, 800px\" \/><\/a>\n\t\t\t<\/dt>\n\t\t\t\t<dd class='wp-caption-text gallery-caption' id='gallery-1-9019'>\n\t\t\t\tJednac\u00ed st\u016fl z masivn\u00edho dubu s dekorac\u00ed mech\u016f\n\t\t\t\t<\/dd><\/dl><dl class='gallery-item'>\n\t\t\t<dt class='gallery-icon landscape'>\n\t\t\t\t<a href='https:\/\/nobl.cz\/kancelarsky-nabytek\/wp-content\/uploads\/2022\/10\/REMAX-3-scaled.jpg'><img loading=\"lazy\" decoding=\"async\" width=\"800\" height=\"587\" src=\"https:\/\/nobl.cz\/kancelarsky-nabytek\/wp-content\/uploads\/2022\/10\/REMAX-3-800x587.jpg\" class=\"attachment-medium size-medium\" alt=\"\" aria-describedby=\"gallery-1-8943\" srcset=\"https:\/\/nobl.cz\/kancelarsky-nabytek\/wp-content\/uploads\/2022\/10\/REMAX-3-800x587.jpg 800w, https:\/\/nobl.cz\/kancelarsky-nabytek\/wp-content\/uploads\/2022\/10\/REMAX-3-1600x1174.jpg 1600w, https:\/\/nobl.cz\/kancelarsky-nabytek\/wp-content\/uploads\/2022\/10\/REMAX-3-768x564.jpg 768w, https:\/\/nobl.cz\/kancelarsky-nabytek\/wp-content\/uploads\/2022\/10\/REMAX-3-1536x1127.jpg 1536w, https:\/\/nobl.cz\/kancelarsky-nabytek\/wp-content\/uploads\/2022\/10\/REMAX-3-2048x1503.jpg 2048w, https:\/\/nobl.cz\/kancelarsky-nabytek\/wp-content\/uploads\/2022\/10\/REMAX-3-510x374.jpg 510w\" sizes=\"(max-width: 800px) 100vw, 800px\" \/><\/a>\n\t\t\t<\/dt>\n\t\t\t\t<dd class='wp-caption-text gallery-caption' id='gallery-1-8943'>\n\t\t\t\tVelk\u00fd jednac\u00ed st\u016fl pro 24 osob\n\t\t\t\t<\/dd><\/dl><br style=\"clear: both\" \/><dl class='gallery-item'>\n\t\t\t<dt class='gallery-icon portrait'>\n\t\t\t\t<a href='https:\/\/nobl.cz\/kancelarsky-nabytek\/wp-content\/uploads\/2022\/10\/ELMOZ-2-rotated.jpg'><img loading=\"lazy\" decoding=\"async\" width=\"600\" height=\"800\" src=\"https:\/\/nobl.cz\/kancelarsky-nabytek\/wp-content\/uploads\/2022\/10\/ELMOZ-2-600x800.jpg\" class=\"attachment-medium size-medium\" alt=\"\" aria-describedby=\"gallery-1-8934\" srcset=\"https:\/\/nobl.cz\/kancelarsky-nabytek\/wp-content\/uploads\/2022\/10\/ELMOZ-2-600x800.jpg 600w, https:\/\/nobl.cz\/kancelarsky-nabytek\/wp-content\/uploads\/2022\/10\/ELMOZ-2-1200x1600.jpg 1200w, https:\/\/nobl.cz\/kancelarsky-nabytek\/wp-content\/uploads\/2022\/10\/ELMOZ-2-768x1024.jpg 768w, https:\/\/nobl.cz\/kancelarsky-nabytek\/wp-content\/uploads\/2022\/10\/ELMOZ-2-1152x1536.jpg 1152w, https:\/\/nobl.cz\/kancelarsky-nabytek\/wp-content\/uploads\/2022\/10\/ELMOZ-2-510x680.jpg 510w, https:\/\/nobl.cz\/kancelarsky-nabytek\/wp-content\/uploads\/2022\/10\/ELMOZ-2-rotated.jpg 1512w\" sizes=\"(max-width: 600px) 100vw, 600px\" \/><\/a>\n\t\t\t<\/dt>\n\t\t\t\t<dd class='wp-caption-text gallery-caption' id='gallery-1-8934'>\n\t\t\t\tVelk\u00fd jednac\u00ed st\u016fl s centr\u00e1ln\u00ed d\u0159ev\u011bnou podno\u017e\u00ed, dez\u00e9n Javor tab\u00e1k\n\t\t\t\t<\/dd><\/dl><dl class='gallery-item'>\n\t\t\t<dt class='gallery-icon landscape'>\n\t\t\t\t<a href='https:\/\/nobl.cz\/kancelarsky-nabytek\/wp-content\/uploads\/2022\/10\/REMAX-4-rotated.jpg'><img loading=\"lazy\" decoding=\"async\" width=\"800\" height=\"800\" src=\"https:\/\/nobl.cz\/kancelarsky-nabytek\/wp-content\/uploads\/2022\/10\/REMAX-4-800x800.jpg\" class=\"attachment-medium size-medium\" alt=\"\" aria-describedby=\"gallery-1-8944\" srcset=\"https:\/\/nobl.cz\/kancelarsky-nabytek\/wp-content\/uploads\/2022\/10\/REMAX-4-800x800.jpg 800w, https:\/\/nobl.cz\/kancelarsky-nabytek\/wp-content\/uploads\/2022\/10\/REMAX-4-340x340.jpg 340w, https:\/\/nobl.cz\/kancelarsky-nabytek\/wp-content\/uploads\/2022\/10\/REMAX-4-768x768.jpg 768w, https:\/\/nobl.cz\/kancelarsky-nabytek\/wp-content\/uploads\/2022\/10\/REMAX-4-510x510.jpg 510w, https:\/\/nobl.cz\/kancelarsky-nabytek\/wp-content\/uploads\/2022\/10\/REMAX-4-100x100.jpg 100w, https:\/\/nobl.cz\/kancelarsky-nabytek\/wp-content\/uploads\/2022\/10\/REMAX-4-rotated.jpg 1512w\" sizes=\"(max-width: 800px) 100vw, 800px\" \/><\/a>\n\t\t\t<\/dt>\n\t\t\t\t<dd class='wp-caption-text gallery-caption' id='gallery-1-8944'>\n\t\t\t\tKruhov\u00fd jednac\u00ed st\u016fl, b\u00edl\u00e9 lamino\n\t\t\t\t<\/dd><\/dl><dl class='gallery-item'>\n\t\t\t<dt class='gallery-icon portrait'>\n\t\t\t\t<a href='https:\/\/nobl.cz\/kancelarsky-nabytek\/wp-content\/uploads\/2022\/10\/SaT15-rotated.jpg'><img loading=\"lazy\" decoding=\"async\" width=\"600\" height=\"800\" src=\"https:\/\/nobl.cz\/kancelarsky-nabytek\/wp-content\/uploads\/2022\/10\/SaT15-600x800.jpg\" class=\"attachment-medium size-medium\" alt=\"\" aria-describedby=\"gallery-1-8938\" srcset=\"https:\/\/nobl.cz\/kancelarsky-nabytek\/wp-content\/uploads\/2022\/10\/SaT15-600x800.jpg 600w, https:\/\/nobl.cz\/kancelarsky-nabytek\/wp-content\/uploads\/2022\/10\/SaT15-1200x1600.jpg 1200w, https:\/\/nobl.cz\/kancelarsky-nabytek\/wp-content\/uploads\/2022\/10\/SaT15-768x1024.jpg 768w, https:\/\/nobl.cz\/kancelarsky-nabytek\/wp-content\/uploads\/2022\/10\/SaT15-1152x1536.jpg 1152w, https:\/\/nobl.cz\/kancelarsky-nabytek\/wp-content\/uploads\/2022\/10\/SaT15-510x680.jpg 510w, https:\/\/nobl.cz\/kancelarsky-nabytek\/wp-content\/uploads\/2022\/10\/SaT15-rotated.jpg 1512w\" sizes=\"(max-width: 600px) 100vw, 600px\" \/><\/a>\n\t\t\t<\/dt>\n\t\t\t\t<dd class='wp-caption-text gallery-caption' id='gallery-1-8938'>\n\t\t\t\tDiskr\u00e9tn\u00ed jednac\u00ed kout\n\t\t\t\t<\/dd><\/dl><dl class='gallery-item'>\n\t\t\t<dt class='gallery-icon portrait'>\n\t\t\t\t<a href='https:\/\/nobl.cz\/kancelarsky-nabytek\/wp-content\/uploads\/2022\/10\/Mpower2-1.jpg'><img loading=\"lazy\" decoding=\"async\" width=\"715\" height=\"800\" src=\"https:\/\/nobl.cz\/kancelarsky-nabytek\/wp-content\/uploads\/2022\/10\/Mpower2-1-715x800.jpg\" class=\"attachment-medium size-medium\" alt=\"\" aria-describedby=\"gallery-1-9023\" srcset=\"https:\/\/nobl.cz\/kancelarsky-nabytek\/wp-content\/uploads\/2022\/10\/Mpower2-1-715x800.jpg 715w, https:\/\/nobl.cz\/kancelarsky-nabytek\/wp-content\/uploads\/2022\/10\/Mpower2-1-768x860.jpg 768w, https:\/\/nobl.cz\/kancelarsky-nabytek\/wp-content\/uploads\/2022\/10\/Mpower2-1-510x571.jpg 510w, https:\/\/nobl.cz\/kancelarsky-nabytek\/wp-content\/uploads\/2022\/10\/Mpower2-1.jpg 1223w\" sizes=\"(max-width: 715px) 100vw, 715px\" \/><\/a>\n\t\t\t<\/dt>\n\t\t\t\t<dd class='wp-caption-text gallery-caption' id='gallery-1-9023'>\n\t\t\t\tChromov\u00e1 noha typ &#8222;Y&#8220;\n\t\t\t\t<\/dd><\/dl><br style=\"clear: both\" \/><dl class='gallery-item'>\n\t\t\t<dt class='gallery-icon landscape'>\n\t\t\t\t<a href='https:\/\/nobl.cz\/kancelarsky-nabytek\/wp-content\/uploads\/2022\/10\/Mpower1.jpg'><img loading=\"lazy\" decoding=\"async\" width=\"800\" height=\"600\" src=\"https:\/\/nobl.cz\/kancelarsky-nabytek\/wp-content\/uploads\/2022\/10\/Mpower1-800x600.jpg\" class=\"attachment-medium size-medium\" alt=\"\" aria-describedby=\"gallery-1-9016\" srcset=\"https:\/\/nobl.cz\/kancelarsky-nabytek\/wp-content\/uploads\/2022\/10\/Mpower1-800x600.jpg 800w, https:\/\/nobl.cz\/kancelarsky-nabytek\/wp-content\/uploads\/2022\/10\/Mpower1-768x576.jpg 768w, https:\/\/nobl.cz\/kancelarsky-nabytek\/wp-content\/uploads\/2022\/10\/Mpower1-510x383.jpg 510w, https:\/\/nobl.cz\/kancelarsky-nabytek\/wp-content\/uploads\/2022\/10\/Mpower1.jpg 1400w\" sizes=\"(max-width: 800px) 100vw, 800px\" \/><\/a>\n\t\t\t<\/dt>\n\t\t\t\t<dd class='wp-caption-text gallery-caption' id='gallery-1-9016'>\n\t\t\t\tJednac\u00ed m\u00edstnost, b\u00edl\u00e9 lam\u00edno\n\t\t\t\t<\/dd><\/dl><dl class='gallery-item'>\n\t\t\t<dt class='gallery-icon landscape'>\n\t\t\t\t<a href='https:\/\/nobl.cz\/kancelarsky-nabytek\/wp-content\/uploads\/2022\/10\/Stiebel-2.jpg'><img loading=\"lazy\" decoding=\"async\" width=\"800\" height=\"600\" src=\"https:\/\/nobl.cz\/kancelarsky-nabytek\/wp-content\/uploads\/2022\/10\/Stiebel-2-800x600.jpg\" class=\"attachment-medium size-medium\" alt=\"\" aria-describedby=\"gallery-1-9015\" srcset=\"https:\/\/nobl.cz\/kancelarsky-nabytek\/wp-content\/uploads\/2022\/10\/Stiebel-2-800x600.jpg 800w, https:\/\/nobl.cz\/kancelarsky-nabytek\/wp-content\/uploads\/2022\/10\/Stiebel-2-1600x1200.jpg 1600w, https:\/\/nobl.cz\/kancelarsky-nabytek\/wp-content\/uploads\/2022\/10\/Stiebel-2-768x576.jpg 768w, https:\/\/nobl.cz\/kancelarsky-nabytek\/wp-content\/uploads\/2022\/10\/Stiebel-2-1536x1152.jpg 1536w, https:\/\/nobl.cz\/kancelarsky-nabytek\/wp-content\/uploads\/2022\/10\/Stiebel-2-510x383.jpg 510w, https:\/\/nobl.cz\/kancelarsky-nabytek\/wp-content\/uploads\/2022\/10\/Stiebel-2.jpg 2016w\" sizes=\"(max-width: 800px) 100vw, 800px\" \/><\/a>\n\t\t\t<\/dt>\n\t\t\t\t<dd class='wp-caption-text gallery-caption' id='gallery-1-9015'>\n\t\t\t\tKuchy\u0148ka ve \u0161kol\u00edc\u00ed m\u00edstnosti\n\t\t\t\t<\/dd><\/dl><dl class='gallery-item'>\n\t\t\t<dt class='gallery-icon landscape'>\n\t\t\t\t<a href='https:\/\/nobl.cz\/kancelarsky-nabytek\/wp-content\/uploads\/2022\/10\/Stiebel-1-scaled.jpg'><img loading=\"lazy\" decoding=\"async\" width=\"800\" height=\"427\" src=\"https:\/\/nobl.cz\/kancelarsky-nabytek\/wp-content\/uploads\/2022\/10\/Stiebel-1-800x427.jpg\" class=\"attachment-medium size-medium\" alt=\"\" aria-describedby=\"gallery-1-9014\" srcset=\"https:\/\/nobl.cz\/kancelarsky-nabytek\/wp-content\/uploads\/2022\/10\/Stiebel-1-800x427.jpg 800w, https:\/\/nobl.cz\/kancelarsky-nabytek\/wp-content\/uploads\/2022\/10\/Stiebel-1-1600x854.jpg 1600w, https:\/\/nobl.cz\/kancelarsky-nabytek\/wp-content\/uploads\/2022\/10\/Stiebel-1-768x410.jpg 768w, https:\/\/nobl.cz\/kancelarsky-nabytek\/wp-content\/uploads\/2022\/10\/Stiebel-1-1536x820.jpg 1536w, https:\/\/nobl.cz\/kancelarsky-nabytek\/wp-content\/uploads\/2022\/10\/Stiebel-1-2048x1093.jpg 2048w, https:\/\/nobl.cz\/kancelarsky-nabytek\/wp-content\/uploads\/2022\/10\/Stiebel-1-510x272.jpg 510w\" sizes=\"(max-width: 800px) 100vw, 800px\" \/><\/a>\n\t\t\t<\/dt>\n\t\t\t\t<dd class='wp-caption-text gallery-caption' id='gallery-1-9014'>\n\t\t\t\t\u0160kol\u00edc\u00ed m\u00edstnost Stiebel-Eltron\n\t\t\t\t<\/dd><\/dl><dl class='gallery-item'>\n\t\t\t<dt class='gallery-icon landscape'>\n\t\t\t\t<a href='https:\/\/nobl.cz\/kancelarsky-nabytek\/wp-content\/uploads\/2022\/10\/ixtent2-scaled.jpg'><img loading=\"lazy\" decoding=\"async\" width=\"800\" height=\"450\" src=\"https:\/\/nobl.cz\/kancelarsky-nabytek\/wp-content\/uploads\/2022\/10\/ixtent2-800x450.jpg\" class=\"attachment-medium size-medium\" alt=\"\" aria-describedby=\"gallery-1-9022\" srcset=\"https:\/\/nobl.cz\/kancelarsky-nabytek\/wp-content\/uploads\/2022\/10\/ixtent2-800x450.jpg 800w, https:\/\/nobl.cz\/kancelarsky-nabytek\/wp-content\/uploads\/2022\/10\/ixtent2-1600x900.jpg 1600w, https:\/\/nobl.cz\/kancelarsky-nabytek\/wp-content\/uploads\/2022\/10\/ixtent2-768x432.jpg 768w, https:\/\/nobl.cz\/kancelarsky-nabytek\/wp-content\/uploads\/2022\/10\/ixtent2-1536x864.jpg 1536w, https:\/\/nobl.cz\/kancelarsky-nabytek\/wp-content\/uploads\/2022\/10\/ixtent2-2048x1152.jpg 2048w, https:\/\/nobl.cz\/kancelarsky-nabytek\/wp-content\/uploads\/2022\/10\/ixtent2-510x287.jpg 510w\" sizes=\"(max-width: 800px) 100vw, 800px\" \/><\/a>\n\t\t\t<\/dt>\n\t\t\t\t<dd class='wp-caption-text gallery-caption' id='gallery-1-9022'>\n\t\t\t\tJednac\u00ed st\u016fl s nohou &#8222;Y&#8220;, deska HPL\n\t\t\t\t<\/dd><\/dl><br style=\"clear: both\" \/><dl class='gallery-item'>\n\t\t\t<dt class='gallery-icon landscape'>\n\t\t\t\t<a href='https:\/\/nobl.cz\/kancelarsky-nabytek\/wp-content\/uploads\/2022\/10\/IBA4.jpg'><img loading=\"lazy\" decoding=\"async\" width=\"800\" height=\"530\" src=\"https:\/\/nobl.cz\/kancelarsky-nabytek\/wp-content\/uploads\/2022\/10\/IBA4-800x530.jpg\" class=\"attachment-medium size-medium\" alt=\"\" aria-describedby=\"gallery-1-9021\" srcset=\"https:\/\/nobl.cz\/kancelarsky-nabytek\/wp-content\/uploads\/2022\/10\/IBA4-800x530.jpg 800w, https:\/\/nobl.cz\/kancelarsky-nabytek\/wp-content\/uploads\/2022\/10\/IBA4-768x509.jpg 768w, https:\/\/nobl.cz\/kancelarsky-nabytek\/wp-content\/uploads\/2022\/10\/IBA4-510x338.jpg 510w, https:\/\/nobl.cz\/kancelarsky-nabytek\/wp-content\/uploads\/2022\/10\/IBA4.jpg 1500w\" sizes=\"(max-width: 800px) 100vw, 800px\" \/><\/a>\n\t\t\t<\/dt>\n\t\t\t\t<dd class='wp-caption-text gallery-caption' id='gallery-1-9021'>\n\t\t\t\tZaseda\u010dka z b\u00edl\u00e9ho lamina, podno\u017e &#8222;S&#8220; Line\n\t\t\t\t<\/dd><\/dl><dl class='gallery-item'>\n\t\t\t<dt class='gallery-icon landscape'>\n\t\t\t\t<a href='https:\/\/nobl.cz\/kancelarsky-nabytek\/wp-content\/uploads\/2022\/10\/Dworkin1.jpg'><img loading=\"lazy\" decoding=\"async\" width=\"800\" height=\"600\" src=\"https:\/\/nobl.cz\/kancelarsky-nabytek\/wp-content\/uploads\/2022\/10\/Dworkin1-800x600.jpg\" class=\"attachment-medium size-medium\" alt=\"\" aria-describedby=\"gallery-1-9020\" srcset=\"https:\/\/nobl.cz\/kancelarsky-nabytek\/wp-content\/uploads\/2022\/10\/Dworkin1-800x600.jpg 800w, https:\/\/nobl.cz\/kancelarsky-nabytek\/wp-content\/uploads\/2022\/10\/Dworkin1-1600x1200.jpg 1600w, https:\/\/nobl.cz\/kancelarsky-nabytek\/wp-content\/uploads\/2022\/10\/Dworkin1-768x576.jpg 768w, https:\/\/nobl.cz\/kancelarsky-nabytek\/wp-content\/uploads\/2022\/10\/Dworkin1-1536x1152.jpg 1536w, https:\/\/nobl.cz\/kancelarsky-nabytek\/wp-content\/uploads\/2022\/10\/Dworkin1-510x383.jpg 510w, https:\/\/nobl.cz\/kancelarsky-nabytek\/wp-content\/uploads\/2022\/10\/Dworkin1.jpg 2016w\" sizes=\"(max-width: 800px) 100vw, 800px\" \/><\/a>\n\t\t\t<\/dt>\n\t\t\t\t<dd class='wp-caption-text gallery-caption' id='gallery-1-9020'>\n\t\t\t\tKonzulta\u010dn\u00ed m\u00edstnost se zvedac\u00ed podno\u017e\u00ed\n\t\t\t\t<\/dd><\/dl><dl class='gallery-item'>\n\t\t\t<dt class='gallery-icon landscape'>\n\t\t\t\t<a href='https:\/\/nobl.cz\/kancelarsky-nabytek\/wp-content\/uploads\/2024\/06\/briklis2.jpg'><img loading=\"lazy\" decoding=\"async\" width=\"800\" height=\"600\" src=\"https:\/\/nobl.cz\/kancelarsky-nabytek\/wp-content\/uploads\/2024\/06\/briklis2-800x600.jpg\" class=\"attachment-medium size-medium\" alt=\"\" aria-describedby=\"gallery-1-9256\" srcset=\"https:\/\/nobl.cz\/kancelarsky-nabytek\/wp-content\/uploads\/2024\/06\/briklis2-800x600.jpg 800w, https:\/\/nobl.cz\/kancelarsky-nabytek\/wp-content\/uploads\/2024\/06\/briklis2-1600x1200.jpg 1600w, https:\/\/nobl.cz\/kancelarsky-nabytek\/wp-content\/uploads\/2024\/06\/briklis2-768x576.jpg 768w, https:\/\/nobl.cz\/kancelarsky-nabytek\/wp-content\/uploads\/2024\/06\/briklis2-1536x1152.jpg 1536w, https:\/\/nobl.cz\/kancelarsky-nabytek\/wp-content\/uploads\/2024\/06\/briklis2-510x383.jpg 510w, https:\/\/nobl.cz\/kancelarsky-nabytek\/wp-content\/uploads\/2024\/06\/briklis2.jpg 2016w\" sizes=\"(max-width: 800px) 100vw, 800px\" \/><\/a>\n\t\t\t<\/dt>\n\t\t\t\t<dd class='wp-caption-text gallery-caption' id='gallery-1-9256'>\n\t\t\t\tBriklis pro 6 osob &#8211; lamino do &#8222;praporu&#8220;\n\t\t\t\t<\/dd><\/dl><dl class='gallery-item'>\n\t\t\t<dt class='gallery-icon portrait'>\n\t\t\t\t<a href='https:\/\/nobl.cz\/kancelarsky-nabytek\/wp-content\/uploads\/2024\/06\/briklis1-rotated.jpg'><img loading=\"lazy\" decoding=\"async\" width=\"600\" height=\"800\" src=\"https:\/\/nobl.cz\/kancelarsky-nabytek\/wp-content\/uploads\/2024\/06\/briklis1-600x800.jpg\" class=\"attachment-medium size-medium\" alt=\"\" aria-describedby=\"gallery-1-9255\" srcset=\"https:\/\/nobl.cz\/kancelarsky-nabytek\/wp-content\/uploads\/2024\/06\/briklis1-600x800.jpg 600w, https:\/\/nobl.cz\/kancelarsky-nabytek\/wp-content\/uploads\/2024\/06\/briklis1-1200x1600.jpg 1200w, https:\/\/nobl.cz\/kancelarsky-nabytek\/wp-content\/uploads\/2024\/06\/briklis1-768x1024.jpg 768w, https:\/\/nobl.cz\/kancelarsky-nabytek\/wp-content\/uploads\/2024\/06\/briklis1-1152x1536.jpg 1152w, https:\/\/nobl.cz\/kancelarsky-nabytek\/wp-content\/uploads\/2024\/06\/briklis1-510x680.jpg 510w, https:\/\/nobl.cz\/kancelarsky-nabytek\/wp-content\/uploads\/2024\/06\/briklis1-rotated.jpg 1512w\" sizes=\"(max-width: 600px) 100vw, 600px\" \/><\/a>\n\t\t\t<\/dt>\n\t\t\t\t<dd class='wp-caption-text gallery-caption' id='gallery-1-9255'>\n\t\t\t\tBriklis pro 14osob, bez elektroport\u016f\n\t\t\t\t<\/dd><\/dl><br style=\"clear: both\" \/><dl class='gallery-item'>\n\t\t\t<dt class='gallery-icon landscape'>\n\t\t\t\t<a href='https:\/\/nobl.cz\/kancelarsky-nabytek\/wp-content\/uploads\/2024\/06\/AutoFrey.jpg'><img loading=\"lazy\" decoding=\"async\" width=\"800\" height=\"600\" src=\"https:\/\/nobl.cz\/kancelarsky-nabytek\/wp-content\/uploads\/2024\/06\/AutoFrey-800x600.jpg\" class=\"attachment-medium size-medium\" alt=\"\" aria-describedby=\"gallery-1-9254\" srcset=\"https:\/\/nobl.cz\/kancelarsky-nabytek\/wp-content\/uploads\/2024\/06\/AutoFrey-800x600.jpg 800w, https:\/\/nobl.cz\/kancelarsky-nabytek\/wp-content\/uploads\/2024\/06\/AutoFrey-1600x1200.jpg 1600w, https:\/\/nobl.cz\/kancelarsky-nabytek\/wp-content\/uploads\/2024\/06\/AutoFrey-768x576.jpg 768w, https:\/\/nobl.cz\/kancelarsky-nabytek\/wp-content\/uploads\/2024\/06\/AutoFrey-1536x1152.jpg 1536w, https:\/\/nobl.cz\/kancelarsky-nabytek\/wp-content\/uploads\/2024\/06\/AutoFrey-510x383.jpg 510w, https:\/\/nobl.cz\/kancelarsky-nabytek\/wp-content\/uploads\/2024\/06\/AutoFrey.jpg 2016w\" sizes=\"(max-width: 800px) 100vw, 800px\" \/><\/a>\n\t\t\t<\/dt>\n\t\t\t\t<dd class='wp-caption-text gallery-caption' id='gallery-1-9254'>\n\t\t\t\tEmil Frey chrom a lamino\n\t\t\t\t<\/dd><\/dl><dl class='gallery-item'>\n\t\t\t<dt class='gallery-icon landscape'>\n\t\t\t\t<a href='https:\/\/nobl.cz\/kancelarsky-nabytek\/wp-content\/uploads\/2025\/06\/IMG_4973.jpg'><img loading=\"lazy\" decoding=\"async\" width=\"800\" height=\"600\" src=\"https:\/\/nobl.cz\/kancelarsky-nabytek\/wp-content\/uploads\/2025\/06\/IMG_4973-800x600.jpg\" class=\"attachment-medium size-medium\" alt=\"\" aria-describedby=\"gallery-1-9408\" srcset=\"https:\/\/nobl.cz\/kancelarsky-nabytek\/wp-content\/uploads\/2025\/06\/IMG_4973-800x600.jpg 800w, https:\/\/nobl.cz\/kancelarsky-nabytek\/wp-content\/uploads\/2025\/06\/IMG_4973-1600x1200.jpg 1600w, https:\/\/nobl.cz\/kancelarsky-nabytek\/wp-content\/uploads\/2025\/06\/IMG_4973-768x576.jpg 768w, https:\/\/nobl.cz\/kancelarsky-nabytek\/wp-content\/uploads\/2025\/06\/IMG_4973-1536x1152.jpg 1536w, https:\/\/nobl.cz\/kancelarsky-nabytek\/wp-content\/uploads\/2025\/06\/IMG_4973-510x383.jpg 510w, https:\/\/nobl.cz\/kancelarsky-nabytek\/wp-content\/uploads\/2025\/06\/IMG_4973.jpg 2016w\" sizes=\"(max-width: 800px) 100vw, 800px\" \/><\/a>\n\t\t\t<\/dt>\n\t\t\t\t<dd class='wp-caption-text gallery-caption' id='gallery-1-9408'>\n\t\t\t\tDiskr\u00e9tn\u00ed jedna\u010dka stavebn\u00ed spole\u010dnosti.\n\t\t\t\t<\/dd><\/dl><dl class='gallery-item'>\n\t\t\t<dt class='gallery-icon portrait'>\n\t\t\t\t<a href='https:\/\/nobl.cz\/kancelarsky-nabytek\/wp-content\/uploads\/2025\/06\/IMG_4974.jpg'><img loading=\"lazy\" decoding=\"async\" width=\"600\" height=\"800\" src=\"https:\/\/nobl.cz\/kancelarsky-nabytek\/wp-content\/uploads\/2025\/06\/IMG_4974-600x800.jpg\" class=\"attachment-medium size-medium\" alt=\"\" aria-describedby=\"gallery-1-9409\" srcset=\"https:\/\/nobl.cz\/kancelarsky-nabytek\/wp-content\/uploads\/2025\/06\/IMG_4974-600x800.jpg 600w, https:\/\/nobl.cz\/kancelarsky-nabytek\/wp-content\/uploads\/2025\/06\/IMG_4974-1200x1600.jpg 1200w, https:\/\/nobl.cz\/kancelarsky-nabytek\/wp-content\/uploads\/2025\/06\/IMG_4974-768x1024.jpg 768w, https:\/\/nobl.cz\/kancelarsky-nabytek\/wp-content\/uploads\/2025\/06\/IMG_4974-1152x1536.jpg 1152w, https:\/\/nobl.cz\/kancelarsky-nabytek\/wp-content\/uploads\/2025\/06\/IMG_4974-510x680.jpg 510w, https:\/\/nobl.cz\/kancelarsky-nabytek\/wp-content\/uploads\/2025\/06\/IMG_4974.jpg 1512w\" sizes=\"(max-width: 600px) 100vw, 600px\" \/><\/a>\n\t\t\t<\/dt>\n\t\t\t\t<dd class='wp-caption-text gallery-caption' id='gallery-1-9409'>\n\t\t\t\tDiskr\u00e9tn\u00ed jedna\u010dka stavebn\u00ed spole\u010dnosti.\n\t\t\t\t<\/dd><\/dl>\n\t\t\t<br style='clear: both' \/>\n\t\t<\/div>\n\n<\/div>\n      \n        <\/section><!-- .ux-section -->\n\n  \n","protected":false},"excerpt":{"rendered":"","protected":false},"author":3,"featured_media":0,"parent":3149,"menu_order":0,"comment_status":"closed","ping_status":"closed","template":"page-blank.php","meta":{"footnotes":""},"yoast_head":"<!-- This site is optimized with the Yoast SEO plugin v17.9 - https:\/\/yoast.com\/wordpress\/plugins\/seo\/ -->\n<title>Jednac\u00ed m\u00edstnosti na zak\u00e1zku - NO+BL kancel\u00e1\u0159sk\u00fd n\u00e1bytek a kancel\u00e1\u0159sk\u00e9 \u017eidle Praha<\/title>\n<meta name=\"description\" content=\"Atypick\u00e9 jednac\u00ed a zasedac\u00ed m\u00edstnosti na objedn\u00e1vku\" \/>\n<meta name=\"robots\" content=\"index, follow, max-snippet:-1, max-image-preview:large, max-video-preview:-1\" \/>\n<link rel=\"canonical\" href=\"https:\/\/nobl.cz\/kancelarsky-nabytek\/atypicky-nabytek-na-miru\/jednaci-mistnosti\/\" \/>\n<meta property=\"og:locale\" content=\"cs_CZ\" \/>\n<meta property=\"og:type\" content=\"article\" \/>\n<meta property=\"og:title\" content=\"Jednac\u00ed m\u00edstnosti na zak\u00e1zku - NO+BL kancel\u00e1\u0159sk\u00fd n\u00e1bytek a kancel\u00e1\u0159sk\u00e9 \u017eidle Praha\" \/>\n<meta property=\"og:description\" content=\"Atypick\u00e9 jednac\u00ed a zasedac\u00ed m\u00edstnosti na objedn\u00e1vku\" \/>\n<meta property=\"og:url\" content=\"https:\/\/nobl.cz\/kancelarsky-nabytek\/atypicky-nabytek-na-miru\/jednaci-mistnosti\/\" \/>\n<meta property=\"og:site_name\" content=\"NO+BL kancel\u00e1\u0159sk\u00fd n\u00e1bytek a kancel\u00e1\u0159sk\u00e9 \u017eidle Praha\" \/>\n<meta property=\"article:modified_time\" content=\"2025-06-04T08:15:24+00:00\" \/>\n<meta name=\"twitter:card\" content=\"summary\" \/>\n<meta name=\"twitter:label1\" content=\"Odhadovan\u00e1 doba \u010dten\u00ed\" \/>\n\t<meta name=\"twitter:data1\" content=\"1 minuta\" \/>\n<script type=\"application\/ld+json\" class=\"yoast-schema-graph\">{\"@context\":\"https:\/\/schema.org\",\"@graph\":[{\"@type\":\"WebSite\",\"@id\":\"https:\/\/nobl.cz\/kancelarsky-nabytek\/#website\",\"url\":\"https:\/\/nobl.cz\/kancelarsky-nabytek\/\",\"name\":\"NO+BL kancel\\u00e1\\u0159sk\\u00fd n\\u00e1bytek a kancel\\u00e1\\u0159sk\\u00e9 \\u017eidle Praha\",\"description\":\"V\\u00e1\\u0161 prodejce kancel\\u00e1\\u0159sk\\u00e9ho n\\u00e1bytku a kancel\\u00e1\\u0159sk\\u00fdch k\\u0159esel v Praze s tradic\\u00ed ji\\u017e v\\u00edce jak 33 let. Nab\\u00edz\\u00edme tak\\u00e9 opravy kancel\\u00e1\\u0159sk\\u00fdch \\u017eidl\\u00ed.\",\"potentialAction\":[{\"@type\":\"SearchAction\",\"target\":{\"@type\":\"EntryPoint\",\"urlTemplate\":\"https:\/\/nobl.cz\/kancelarsky-nabytek\/?s={search_term_string}\"},\"query-input\":\"required name=search_term_string\"}],\"inLanguage\":\"cs\"},{\"@type\":\"WebPage\",\"@id\":\"https:\/\/nobl.cz\/kancelarsky-nabytek\/atypicky-nabytek-na-miru\/jednaci-mistnosti\/#webpage\",\"url\":\"https:\/\/nobl.cz\/kancelarsky-nabytek\/atypicky-nabytek-na-miru\/jednaci-mistnosti\/\",\"name\":\"Jednac\\u00ed m\\u00edstnosti na zak\\u00e1zku - NO+BL kancel\\u00e1\\u0159sk\\u00fd n\\u00e1bytek a kancel\\u00e1\\u0159sk\\u00e9 \\u017eidle Praha\",\"isPartOf\":{\"@id\":\"https:\/\/nobl.cz\/kancelarsky-nabytek\/#website\"},\"datePublished\":\"2022-10-04T09:14:01+00:00\",\"dateModified\":\"2025-06-04T08:15:24+00:00\",\"description\":\"Atypick\\u00e9 jednac\\u00ed a zasedac\\u00ed m\\u00edstnosti na objedn\\u00e1vku\",\"breadcrumb\":{\"@id\":\"https:\/\/nobl.cz\/kancelarsky-nabytek\/atypicky-nabytek-na-miru\/jednaci-mistnosti\/#breadcrumb\"},\"inLanguage\":\"cs\",\"potentialAction\":[{\"@type\":\"ReadAction\",\"target\":[\"https:\/\/nobl.cz\/kancelarsky-nabytek\/atypicky-nabytek-na-miru\/jednaci-mistnosti\/\"]}]},{\"@type\":\"BreadcrumbList\",\"@id\":\"https:\/\/nobl.cz\/kancelarsky-nabytek\/atypicky-nabytek-na-miru\/jednaci-mistnosti\/#breadcrumb\",\"itemListElement\":[{\"@type\":\"ListItem\",\"position\":1,\"name\":\"Dom\\u016f\",\"item\":\"https:\/\/nobl.cz\/kancelarsky-nabytek\/\"},{\"@type\":\"ListItem\",\"position\":2,\"name\":\"Atypick\\u00fd n\\u00e1bytek na m\\u00edru\",\"item\":\"https:\/\/nobl.cz\/kancelarsky-nabytek\/atypicky-nabytek-na-miru\/\"},{\"@type\":\"ListItem\",\"position\":3,\"name\":\"Jednac\\u00ed m\\u00edstnosti na zak\\u00e1zku\"}]}]}<\/script>\n<!-- \/ Yoast SEO plugin. -->","yoast_head_json":{"title":"Jednac\u00ed m\u00edstnosti na zak\u00e1zku - NO+BL kancel\u00e1\u0159sk\u00fd n\u00e1bytek a kancel\u00e1\u0159sk\u00e9 \u017eidle Praha","description":"Atypick\u00e9 jednac\u00ed a zasedac\u00ed m\u00edstnosti na objedn\u00e1vku","robots":{"index":"index","follow":"follow","max-snippet":"max-snippet:-1","max-image-preview":"max-image-preview:large","max-video-preview":"max-video-preview:-1"},"canonical":"https:\/\/nobl.cz\/kancelarsky-nabytek\/atypicky-nabytek-na-miru\/jednaci-mistnosti\/","og_locale":"cs_CZ","og_type":"article","og_title":"Jednac\u00ed m\u00edstnosti na zak\u00e1zku - NO+BL kancel\u00e1\u0159sk\u00fd n\u00e1bytek a kancel\u00e1\u0159sk\u00e9 \u017eidle Praha","og_description":"Atypick\u00e9 jednac\u00ed a zasedac\u00ed m\u00edstnosti na objedn\u00e1vku","og_url":"https:\/\/nobl.cz\/kancelarsky-nabytek\/atypicky-nabytek-na-miru\/jednaci-mistnosti\/","og_site_name":"NO+BL kancel\u00e1\u0159sk\u00fd n\u00e1bytek a kancel\u00e1\u0159sk\u00e9 \u017eidle Praha","article_modified_time":"2025-06-04T08:15:24+00:00","twitter_card":"summary","twitter_misc":{"Odhadovan\u00e1 doba \u010dten\u00ed":"1 minuta"},"schema":{"@context":"https:\/\/schema.org","@graph":[{"@type":"WebSite","@id":"https:\/\/nobl.cz\/kancelarsky-nabytek\/#website","url":"https:\/\/nobl.cz\/kancelarsky-nabytek\/","name":"NO+BL kancel\u00e1\u0159sk\u00fd n\u00e1bytek a kancel\u00e1\u0159sk\u00e9 \u017eidle Praha","description":"V\u00e1\u0161 prodejce kancel\u00e1\u0159sk\u00e9ho n\u00e1bytku a kancel\u00e1\u0159sk\u00fdch k\u0159esel v Praze s tradic\u00ed ji\u017e v\u00edce jak 33 let. Nab\u00edz\u00edme tak\u00e9 opravy kancel\u00e1\u0159sk\u00fdch \u017eidl\u00ed.","potentialAction":[{"@type":"SearchAction","target":{"@type":"EntryPoint","urlTemplate":"https:\/\/nobl.cz\/kancelarsky-nabytek\/?s={search_term_string}"},"query-input":"required name=search_term_string"}],"inLanguage":"cs"},{"@type":"WebPage","@id":"https:\/\/nobl.cz\/kancelarsky-nabytek\/atypicky-nabytek-na-miru\/jednaci-mistnosti\/#webpage","url":"https:\/\/nobl.cz\/kancelarsky-nabytek\/atypicky-nabytek-na-miru\/jednaci-mistnosti\/","name":"Jednac\u00ed m\u00edstnosti na zak\u00e1zku - NO+BL kancel\u00e1\u0159sk\u00fd n\u00e1bytek a kancel\u00e1\u0159sk\u00e9 \u017eidle Praha","isPartOf":{"@id":"https:\/\/nobl.cz\/kancelarsky-nabytek\/#website"},"datePublished":"2022-10-04T09:14:01+00:00","dateModified":"2025-06-04T08:15:24+00:00","description":"Atypick\u00e9 jednac\u00ed a zasedac\u00ed m\u00edstnosti na objedn\u00e1vku","breadcrumb":{"@id":"https:\/\/nobl.cz\/kancelarsky-nabytek\/atypicky-nabytek-na-miru\/jednaci-mistnosti\/#breadcrumb"},"inLanguage":"cs","potentialAction":[{"@type":"ReadAction","target":["https:\/\/nobl.cz\/kancelarsky-nabytek\/atypicky-nabytek-na-miru\/jednaci-mistnosti\/"]}]},{"@type":"BreadcrumbList","@id":"https:\/\/nobl.cz\/kancelarsky-nabytek\/atypicky-nabytek-na-miru\/jednaci-mistnosti\/#breadcrumb","itemListElement":[{"@type":"ListItem","position":1,"name":"Dom\u016f","item":"https:\/\/nobl.cz\/kancelarsky-nabytek\/"},{"@type":"ListItem","position":2,"name":"Atypick\u00fd n\u00e1bytek na m\u00edru","item":"https:\/\/nobl.cz\/kancelarsky-nabytek\/atypicky-nabytek-na-miru\/"},{"@type":"ListItem","position":3,"name":"Jednac\u00ed m\u00edstnosti na zak\u00e1zku"}]}]}},"_links":{"self":[{"href":"https:\/\/nobl.cz\/kancelarsky-nabytek\/wp-json\/wp\/v2\/pages\/8916"}],"collection":[{"href":"https:\/\/nobl.cz\/kancelarsky-nabytek\/wp-json\/wp\/v2\/pages"}],"about":[{"href":"https:\/\/nobl.cz\/kancelarsky-nabytek\/wp-json\/wp\/v2\/types\/page"}],"author":[{"embeddable":true,"href":"https:\/\/nobl.cz\/kancelarsky-nabytek\/wp-json\/wp\/v2\/users\/3"}],"replies":[{"embeddable":true,"href":"https:\/\/nobl.cz\/kancelarsky-nabytek\/wp-json\/wp\/v2\/comments?post=8916"}],"version-history":[{"count":11,"href":"https:\/\/nobl.cz\/kancelarsky-nabytek\/wp-json\/wp\/v2\/pages\/8916\/revisions"}],"predecessor-version":[{"id":9411,"href":"https:\/\/nobl.cz\/kancelarsky-nabytek\/wp-json\/wp\/v2\/pages\/8916\/revisions\/9411"}],"up":[{"embeddable":true,"href":"https:\/\/nobl.cz\/kancelarsky-nabytek\/wp-json\/wp\/v2\/pages\/3149"}],"wp:attachment":[{"href":"https:\/\/nobl.cz\/kancelarsky-nabytek\/wp-json\/wp\/v2\/media?parent=8916"}],"curies":[{"name":"wp","href":"https:\/\/api.w.org\/{rel}","templated":true}]}}