{"id":5702,"date":"2016-05-11T12:18:06","date_gmt":"2016-05-11T11:18:06","guid":{"rendered":"http:\/\/nobl.cz\/kancelarsky-nabytek\/produkt\/kancelarska-zidle-petra\/"},"modified":"2024-04-11T18:03:12","modified_gmt":"2024-04-11T17:03:12","slug":"kancelarska-zidle-petra","status":"publish","type":"product","link":"https:\/\/nobl.cz\/kancelarsky-nabytek\/produkt\/kancelarska-zidle-petra\/","title":{"rendered":"Kancel\u00e1\u0159sk\u00e1 \u017eidle PETRA"},"content":{"rendered":"<p style=\"text-align: justify;\">Kancel\u00e1\u0159sk\u00e1 \u017eidle s ergonomicky tvarovan\u00fdmi \u010dalouny sed\u00e1ku i op\u011br\u00e1ku v klasick\u00e9m designu.<\/p>\n\t<div  class=\"row container \">\n<div class=\"small-12    large-3  columns   \"  ><div class=\"column-inner\"  >\n<a href=\"http:\/\/nobl.cz\/kancelarsky-nabytek\/wp-content\/uploads\/2016\/05\/petra_cenik.pdf\" class=\"button normal primary alt-button\" >CEN\u00cdK PDF<\/a>\n<\/div><\/div>\n<div class=\"small-12    large-3  columns   \"  ><div class=\"column-inner\"  >\n<a href=\"http:\/\/nobl.cz\/kancelarsky-nabytek\/wp-content\/uploads\/2016\/05\/petra_prospekt.pdf\" class=\"button normal primary alt-button\" >KATALOG PDF<\/a>\n<\/div><\/div>\n<div class=\"small-12    large-3  columns   \"  ><div class=\"column-inner\"  >\n<a href=\"http:\/\/nobl.cz\/kancelarsky-nabytek\/wp-content\/uploads\/2016\/04\/potahy_zamberk.pdf\" class=\"button normal primary alt-button\" >L\u00c1TKY A BARVY<\/a>\n<\/div><\/div>\n<div class=\"small-12    large-3  columns   \"  ><div class=\"column-inner\"  >\n<a href=\"#lightbox\" class=\"button normal primary alt-button\" >3D MODELY<\/a>\n \n\n<div id=\"lightbox\" class=\"mfp-hide mfp-content-inner lightbox-white\" style=\"max-width:600px;padding:20px\">\n    <div class=\"wpforms-container wpforms-container-full\" id=\"wpforms-5125\"><form id=\"wpforms-form-5125\" class=\"wpforms-validate wpforms-form\" data-formid=\"5125\" method=\"post\" enctype=\"multipart\/form-data\" action=\"\/kancelarsky-nabytek\/wp-json\/wp\/v2\/product\/5702\" data-token=\"aea344894b1eb89ba37f7e6e4f808b42\"><noscript class=\"wpforms-error-noscript\">Chcete-li vyplnit tento formul\u00e1\u0159, pros\u00edm povolte v prohl\u00ed\u017ee\u010di JavaScript.<\/noscript><div class=\"wpforms-field-container\"><div id=\"wpforms-5125-field_7-container\" class=\"wpforms-field wpforms-field-name\" data-field-id=\"7\"><label class=\"wpforms-field-label\" for=\"wpforms-5125-field_7\">Va\u0161e jm\u00e9no \/ Firma: <span class=\"wpforms-required-label\">*<\/span><\/label><input type=\"text\" id=\"wpforms-5125-field_7\" class=\"wpforms-field-large wpforms-field-required\" name=\"wpforms[fields][7]\" required><\/div><div id=\"wpforms-5125-field_1-container\" class=\"wpforms-field wpforms-field-email\" data-field-id=\"1\"><label class=\"wpforms-field-label\" for=\"wpforms-5125-field_1\">E-mail <span class=\"wpforms-required-label\">*<\/span><\/label><input type=\"email\" id=\"wpforms-5125-field_1\" class=\"wpforms-field-large wpforms-field-required\" name=\"wpforms[fields][1]\" required><\/div><div id=\"wpforms-5125-field_8-container\" class=\"wpforms-field wpforms-field-select wpforms-field-select-style-classic\" data-field-id=\"8\"><label class=\"wpforms-field-label\" for=\"wpforms-5125-field_8\">Zvolte form\u00e1t 3D model\u016f, kter\u00e9 m\u00e1me zaslat: <span class=\"wpforms-required-label\">*<\/span><\/label><select id=\"wpforms-5125-field_8\" class=\"wpforms-field-large wpforms-field-required\" name=\"wpforms[fields][8]\" required=\"required\"><option value=\"ACO - ArCon - vizu\u00e1ln\u00ed architektura\" >ACO - ArCon - vizu\u00e1ln\u00ed architektura<\/option><option value=\"DWG - AutoCAD\" >DWG - AutoCAD<\/option><option value=\"3DS - Obecn\u00fd form\u00e1t\" >3DS - Obecn\u00fd form\u00e1t<\/option><\/select><\/div><div id=\"wpforms-5125-field_2-container\" class=\"wpforms-field wpforms-field-textarea\" data-field-id=\"2\"><label class=\"wpforms-field-label\" for=\"wpforms-5125-field_2\">P\u0159idat pozn\u00e1mku (voliteln\u00e9): <span class=\"wpforms-required-label\">*<\/span><\/label><textarea id=\"wpforms-5125-field_2\" class=\"wpforms-field-medium wpforms-field-required\" name=\"wpforms[fields][2]\" required><\/textarea><\/div><div id=\"wpforms-5125-field_6-container\" class=\"wpforms-field wpforms-field-text\" data-field-id=\"6\"><label class=\"wpforms-field-label wpforms-label-hide\" for=\"wpforms-5125-field_6\">URL str\u00e1nka Va\u0161eho dotazu: <span class=\"wpforms-required-label\">*<\/span><\/label><input type=\"text\" id=\"wpforms-5125-field_6\" class=\"wpforms-field-large wpforms-field-required\" name=\"wpforms[fields][6]\" value=\"Kancel\u00e1\u0159sk\u00e1 \u017eidle PETRA \" required><\/div><div id=\"wpforms-5125-field_10-container\" class=\"wpforms-field wpforms-field-html\" data-field-id=\"10\"><div id=\"wpforms-5125-field_10\">Pros\u00edme, \u010dt\u011bte na\u0161e: <a href=\"https:\/\/nobl.cz\/kancelarsky-nabytek\/zasady-ochrany-osobnich-udaju\/\" target=\"_blank\">Z\u00e1sad ochrany osobn\u00edch \u00fadaj\u016f (GDPR)<\/a><\/div><\/div><div id=\"wpforms-5125-field_9-container\" class=\"wpforms-field wpforms-field-checkbox\" data-field-id=\"9\"><label class=\"wpforms-field-label wpforms-label-hide\" for=\"wpforms-5125-field_9\">Pou\u017eit\u00edm tohoto formul\u00e1\u0159e souhlas\u00edte s na\u0161imi z\u00e1sadami ochrany osobn\u00edch \u00fadaj\u016f.<\/label><ul id=\"wpforms-5125-field_9\"><li class=\"choice-1 depth-1\"><input type=\"checkbox\" id=\"wpforms-5125-field_9_1\" name=\"wpforms[fields][9][]\" value=\"Potvr\u010fte sv\u016fj souhlas se zpracov\u00e1n\u00edm osobn\u00edch \u00fadaj\u016f dle GDPR.\"  ><label class=\"wpforms-field-label-inline\" for=\"wpforms-5125-field_9_1\">Potvr\u010fte sv\u016fj souhlas se zpracov\u00e1n\u00edm osobn\u00edch \u00fadaj\u016f dle GDPR.<\/label><\/li><\/ul><\/div><div id=\"wpforms-5125-field_11-container\" class=\"wpforms-field wpforms-field-hidden\" data-field-id=\"11\"><input type=\"hidden\" id=\"wpforms-5125-field_11\" name=\"wpforms[fields][11]\" value=\"https:\/\/nobl.cz\/kancelarsky-nabytek\/kancelarsky-nabytek\/wp-json\/wp\/v2\/product\/5702\"><\/div><\/div><div class=\"wpforms-field wpforms-field-hp\"><label for=\"wpforms-5125-field-hp\" class=\"wpforms-field-label\">Phone<\/label><input type=\"text\" name=\"wpforms[hp]\" id=\"wpforms-5125-field-hp\" class=\"wpforms-field-medium\"><\/div><div class=\"wpforms-recaptcha-container wpforms-is-recaptcha\"><div class=\"g-recaptcha\" data-sitekey=\"6LeX-R8TAAAAADA-ClPsvCvLb0QZZlrujKJzZuld\"><\/div><input type=\"text\" name=\"g-recaptcha-hidden\" class=\"wpforms-recaptcha-hidden\" style=\"position:absolute!important;clip:rect(0,0,0,0)!important;height:1px!important;width:1px!important;border:0!important;overflow:hidden!important;padding:0!important;margin:0!important;\" required><\/div><div class=\"wpforms-submit-container\"><input type=\"hidden\" name=\"wpforms[id]\" value=\"5125\"><input type=\"hidden\" name=\"wpforms[author]\" value=\"3\"><button type=\"submit\" name=\"wpforms[submit]\" id=\"wpforms-submit-5125\" class=\"wpforms-submit\" aria-live=\"assertive\" value=\"wpforms-submit\">Odeslat dotaz<\/button><\/div><\/form><\/div>  <!-- .wpforms-container -->\n<\/div><!-- Lightbox-lightbox -->\n\n<script>\njQuery(document).ready(function($) {\n\n      \n      $('a[href=\"#lightbox\"]').click(function(e){\n         \/\/ Close openend lightboxes\n         var delay = 0;\n         \n         if($.magnificPopup.open){\n            $.magnificPopup.close();\n            delay = 300;\n         }\n\n         \/\/ Start lightbox\n         setTimeout(function(){\n            $.magnificPopup.open({\n                  midClick: true,\n                  removalDelay: 300,\n                  items: {\n                    src: '#lightbox', \n                    type: 'inline'\n                  }\n            });\n          }, delay);\n\n        e.preventDefault();\n      });\n});\n<\/script>\n\n<\/div><\/div>\n<\/div>\n  \n","protected":false},"excerpt":{"rendered":"<p style=\"text-align: justify;\"><strong>Charakteristika: <\/strong>St\u0159edn\u00ed kole\u010dkov\u00e1 \u017eidle vysok\u00e9 kvality s dlouhou z\u00e1rukou.<\/p>\n<p style=\"text-align: justify;\"><strong>Popis:<\/strong>\u00a0Oto\u010dn\u00e1 kancel\u00e1\u0159sk\u00e1 \u017eidle, v\u00fd\u0161kov\u011b staviteln\u00fd \u010daloun\u011bn\u00fd sed\u00e1k. Op\u011br\u00e1k \u010daloun\u011bn v l\u00e1tce, p\u011btiramenn\u00fd k\u0159\u00ed\u017e s kole\u010dky. Mo\u017enost v\u00fdb\u011bru z 5 typ\u016f podru\u010dek.<\/p>\n","protected":false},"featured_media":5708,"comment_status":"closed","ping_status":"closed","template":"","meta":[],"product_cat":[92],"product_tag":[85,130,164],"yoast_head":"<!-- This site is optimized with the Yoast SEO plugin v17.9 - https:\/\/yoast.com\/wordpress\/plugins\/seo\/ -->\n<title>Kancel\u00e1\u0159sk\u00e1 \u017eidle PETRA<\/title>\n<meta name=\"description\" content=\"Kancel\u00e1\u0159sk\u00e1 \u017eidle PETRA - l\u00e9ty prov\u011b\u0159en\u00e1 kvalitn\u00ed pracovn\u00ed \u017eidle do kancel\u00e1\u0159e i na home office.\" \/>\n<meta name=\"robots\" content=\"index, follow, max-snippet:-1, max-image-preview:large, max-video-preview:-1\" \/>\n<link rel=\"canonical\" href=\"https:\/\/nobl.cz\/kancelarsky-nabytek\/produkt\/kancelarska-zidle-petra\/\" \/>\n<meta property=\"og:locale\" content=\"cs_CZ\" \/>\n<meta property=\"og:type\" content=\"article\" \/>\n<meta property=\"og:title\" content=\"Kancel\u00e1\u0159sk\u00e1 \u017eidle PETRA\" \/>\n<meta property=\"og:description\" content=\"Kancel\u00e1\u0159sk\u00e1 \u017eidle PETRA - l\u00e9ty prov\u011b\u0159en\u00e1 kvalitn\u00ed pracovn\u00ed \u017eidle do kancel\u00e1\u0159e i na home office.\" \/>\n<meta property=\"og:url\" content=\"https:\/\/nobl.cz\/kancelarsky-nabytek\/produkt\/kancelarska-zidle-petra\/\" \/>\n<meta property=\"og:site_name\" content=\"NO+BL kancel\u00e1\u0159sk\u00fd n\u00e1bytek a kancel\u00e1\u0159sk\u00e9 \u017eidle Praha\" \/>\n<meta property=\"article:modified_time\" content=\"2024-04-11T17:03:12+00:00\" \/>\n<meta property=\"og:image\" content=\"https:\/\/nobl.cz\/kancelarsky-nabytek\/wp-content\/uploads\/2016\/05\/petra_09-01-11-1.jpg\" \/>\n\t<meta property=\"og:image:width\" content=\"500\" \/>\n\t<meta property=\"og:image:height\" content=\"750\" \/>\n\t<meta property=\"og:image:type\" content=\"image\/jpeg\" \/>\n<meta name=\"twitter:card\" content=\"summary\" \/>\n<meta name=\"twitter:label1\" content=\"Odhadovan\u00e1 doba \u010dten\u00ed\" \/>\n\t<meta name=\"twitter:data1\" content=\"1 minuta\" \/>\n<script type=\"application\/ld+json\" class=\"yoast-schema-graph\">{\"@context\":\"https:\/\/schema.org\",\"@graph\":[{\"@type\":\"WebSite\",\"@id\":\"https:\/\/nobl.cz\/kancelarsky-nabytek\/#website\",\"url\":\"https:\/\/nobl.cz\/kancelarsky-nabytek\/\",\"name\":\"NO+BL kancel\\u00e1\\u0159sk\\u00fd n\\u00e1bytek a kancel\\u00e1\\u0159sk\\u00e9 \\u017eidle Praha\",\"description\":\"V\\u00e1\\u0161 prodejce kancel\\u00e1\\u0159sk\\u00e9ho n\\u00e1bytku a kancel\\u00e1\\u0159sk\\u00fdch k\\u0159esel v Praze s tradic\\u00ed ji\\u017e v\\u00edce jak 33 let. Nab\\u00edz\\u00edme tak\\u00e9 opravy kancel\\u00e1\\u0159sk\\u00fdch \\u017eidl\\u00ed.\",\"potentialAction\":[{\"@type\":\"SearchAction\",\"target\":{\"@type\":\"EntryPoint\",\"urlTemplate\":\"https:\/\/nobl.cz\/kancelarsky-nabytek\/?s={search_term_string}\"},\"query-input\":\"required name=search_term_string\"}],\"inLanguage\":\"cs\"},{\"@type\":\"ImageObject\",\"@id\":\"https:\/\/nobl.cz\/kancelarsky-nabytek\/produkt\/kancelarska-zidle-petra\/#primaryimage\",\"inLanguage\":\"cs\",\"url\":\"https:\/\/nobl.cz\/kancelarsky-nabytek\/wp-content\/uploads\/2016\/05\/petra_09-01-11-1.jpg\",\"contentUrl\":\"https:\/\/nobl.cz\/kancelarsky-nabytek\/wp-content\/uploads\/2016\/05\/petra_09-01-11-1.jpg\",\"width\":500,\"height\":750},{\"@type\":\"WebPage\",\"@id\":\"https:\/\/nobl.cz\/kancelarsky-nabytek\/produkt\/kancelarska-zidle-petra\/#webpage\",\"url\":\"https:\/\/nobl.cz\/kancelarsky-nabytek\/produkt\/kancelarska-zidle-petra\/\",\"name\":\"Kancel\\u00e1\\u0159sk\\u00e1 \\u017eidle PETRA\",\"isPartOf\":{\"@id\":\"https:\/\/nobl.cz\/kancelarsky-nabytek\/#website\"},\"primaryImageOfPage\":{\"@id\":\"https:\/\/nobl.cz\/kancelarsky-nabytek\/produkt\/kancelarska-zidle-petra\/#primaryimage\"},\"datePublished\":\"2016-05-11T11:18:06+00:00\",\"dateModified\":\"2024-04-11T17:03:12+00:00\",\"description\":\"Kancel\\u00e1\\u0159sk\\u00e1 \\u017eidle PETRA - l\\u00e9ty prov\\u011b\\u0159en\\u00e1 kvalitn\\u00ed pracovn\\u00ed \\u017eidle do kancel\\u00e1\\u0159e i na home office.\",\"breadcrumb\":{\"@id\":\"https:\/\/nobl.cz\/kancelarsky-nabytek\/produkt\/kancelarska-zidle-petra\/#breadcrumb\"},\"inLanguage\":\"cs\",\"potentialAction\":[{\"@type\":\"ReadAction\",\"target\":[\"https:\/\/nobl.cz\/kancelarsky-nabytek\/produkt\/kancelarska-zidle-petra\/\"]}]},{\"@type\":\"BreadcrumbList\",\"@id\":\"https:\/\/nobl.cz\/kancelarsky-nabytek\/produkt\/kancelarska-zidle-petra\/#breadcrumb\",\"itemListElement\":[{\"@type\":\"ListItem\",\"position\":1,\"name\":\"Dom\\u016f\",\"item\":\"https:\/\/nobl.cz\/kancelarsky-nabytek\/\"},{\"@type\":\"ListItem\",\"position\":2,\"name\":\"Zobrazen\\u00ed v\\u0161ech \\u017eidl\\u00ed\",\"item\":\"https:\/\/nobl.cz\/kancelarsky-nabytek\/vsechny-kancelarske-zidle\/\"},{\"@type\":\"ListItem\",\"position\":3,\"name\":\"Kancel\\u00e1\\u0159sk\\u00e1 \\u017eidle PETRA\"}]}]}<\/script>\n<!-- \/ Yoast SEO plugin. -->","yoast_head_json":{"title":"Kancel\u00e1\u0159sk\u00e1 \u017eidle PETRA","description":"Kancel\u00e1\u0159sk\u00e1 \u017eidle PETRA - l\u00e9ty prov\u011b\u0159en\u00e1 kvalitn\u00ed pracovn\u00ed \u017eidle do kancel\u00e1\u0159e i na home office.","robots":{"index":"index","follow":"follow","max-snippet":"max-snippet:-1","max-image-preview":"max-image-preview:large","max-video-preview":"max-video-preview:-1"},"canonical":"https:\/\/nobl.cz\/kancelarsky-nabytek\/produkt\/kancelarska-zidle-petra\/","og_locale":"cs_CZ","og_type":"article","og_title":"Kancel\u00e1\u0159sk\u00e1 \u017eidle PETRA","og_description":"Kancel\u00e1\u0159sk\u00e1 \u017eidle PETRA - l\u00e9ty prov\u011b\u0159en\u00e1 kvalitn\u00ed pracovn\u00ed \u017eidle do kancel\u00e1\u0159e i na home office.","og_url":"https:\/\/nobl.cz\/kancelarsky-nabytek\/produkt\/kancelarska-zidle-petra\/","og_site_name":"NO+BL kancel\u00e1\u0159sk\u00fd n\u00e1bytek a kancel\u00e1\u0159sk\u00e9 \u017eidle Praha","article_modified_time":"2024-04-11T17:03:12+00:00","og_image":[{"width":500,"height":750,"url":"https:\/\/nobl.cz\/kancelarsky-nabytek\/wp-content\/uploads\/2016\/05\/petra_09-01-11-1.jpg","type":"image\/jpeg"}],"twitter_card":"summary","twitter_misc":{"Odhadovan\u00e1 doba \u010dten\u00ed":"1 minuta"},"schema":{"@context":"https:\/\/schema.org","@graph":[{"@type":"WebSite","@id":"https:\/\/nobl.cz\/kancelarsky-nabytek\/#website","url":"https:\/\/nobl.cz\/kancelarsky-nabytek\/","name":"NO+BL kancel\u00e1\u0159sk\u00fd n\u00e1bytek a kancel\u00e1\u0159sk\u00e9 \u017eidle Praha","description":"V\u00e1\u0161 prodejce kancel\u00e1\u0159sk\u00e9ho n\u00e1bytku a kancel\u00e1\u0159sk\u00fdch k\u0159esel v Praze s tradic\u00ed ji\u017e v\u00edce jak 33 let. Nab\u00edz\u00edme tak\u00e9 opravy kancel\u00e1\u0159sk\u00fdch \u017eidl\u00ed.","potentialAction":[{"@type":"SearchAction","target":{"@type":"EntryPoint","urlTemplate":"https:\/\/nobl.cz\/kancelarsky-nabytek\/?s={search_term_string}"},"query-input":"required name=search_term_string"}],"inLanguage":"cs"},{"@type":"ImageObject","@id":"https:\/\/nobl.cz\/kancelarsky-nabytek\/produkt\/kancelarska-zidle-petra\/#primaryimage","inLanguage":"cs","url":"https:\/\/nobl.cz\/kancelarsky-nabytek\/wp-content\/uploads\/2016\/05\/petra_09-01-11-1.jpg","contentUrl":"https:\/\/nobl.cz\/kancelarsky-nabytek\/wp-content\/uploads\/2016\/05\/petra_09-01-11-1.jpg","width":500,"height":750},{"@type":"WebPage","@id":"https:\/\/nobl.cz\/kancelarsky-nabytek\/produkt\/kancelarska-zidle-petra\/#webpage","url":"https:\/\/nobl.cz\/kancelarsky-nabytek\/produkt\/kancelarska-zidle-petra\/","name":"Kancel\u00e1\u0159sk\u00e1 \u017eidle PETRA","isPartOf":{"@id":"https:\/\/nobl.cz\/kancelarsky-nabytek\/#website"},"primaryImageOfPage":{"@id":"https:\/\/nobl.cz\/kancelarsky-nabytek\/produkt\/kancelarska-zidle-petra\/#primaryimage"},"datePublished":"2016-05-11T11:18:06+00:00","dateModified":"2024-04-11T17:03:12+00:00","description":"Kancel\u00e1\u0159sk\u00e1 \u017eidle PETRA - l\u00e9ty prov\u011b\u0159en\u00e1 kvalitn\u00ed pracovn\u00ed \u017eidle do kancel\u00e1\u0159e i na home office.","breadcrumb":{"@id":"https:\/\/nobl.cz\/kancelarsky-nabytek\/produkt\/kancelarska-zidle-petra\/#breadcrumb"},"inLanguage":"cs","potentialAction":[{"@type":"ReadAction","target":["https:\/\/nobl.cz\/kancelarsky-nabytek\/produkt\/kancelarska-zidle-petra\/"]}]},{"@type":"BreadcrumbList","@id":"https:\/\/nobl.cz\/kancelarsky-nabytek\/produkt\/kancelarska-zidle-petra\/#breadcrumb","itemListElement":[{"@type":"ListItem","position":1,"name":"Dom\u016f","item":"https:\/\/nobl.cz\/kancelarsky-nabytek\/"},{"@type":"ListItem","position":2,"name":"Zobrazen\u00ed v\u0161ech \u017eidl\u00ed","item":"https:\/\/nobl.cz\/kancelarsky-nabytek\/vsechny-kancelarske-zidle\/"},{"@type":"ListItem","position":3,"name":"Kancel\u00e1\u0159sk\u00e1 \u017eidle PETRA"}]}]}},"_links":{"self":[{"href":"https:\/\/nobl.cz\/kancelarsky-nabytek\/wp-json\/wp\/v2\/product\/5702"}],"collection":[{"href":"https:\/\/nobl.cz\/kancelarsky-nabytek\/wp-json\/wp\/v2\/product"}],"about":[{"href":"https:\/\/nobl.cz\/kancelarsky-nabytek\/wp-json\/wp\/v2\/types\/product"}],"replies":[{"embeddable":true,"href":"https:\/\/nobl.cz\/kancelarsky-nabytek\/wp-json\/wp\/v2\/comments?post=5702"}],"wp:featuredmedia":[{"embeddable":true,"href":"https:\/\/nobl.cz\/kancelarsky-nabytek\/wp-json\/wp\/v2\/media\/5708"}],"wp:attachment":[{"href":"https:\/\/nobl.cz\/kancelarsky-nabytek\/wp-json\/wp\/v2\/media?parent=5702"}],"wp:term":[{"taxonomy":"product_cat","embeddable":true,"href":"https:\/\/nobl.cz\/kancelarsky-nabytek\/wp-json\/wp\/v2\/product_cat?post=5702"},{"taxonomy":"product_tag","embeddable":true,"href":"https:\/\/nobl.cz\/kancelarsky-nabytek\/wp-json\/wp\/v2\/product_tag?post=5702"}],"curies":[{"name":"wp","href":"https:\/\/api.w.org\/{rel}","templated":true}]}}